{"id":1,"date":"2019-09-04T14:27:50","date_gmt":"2019-09-04T14:27:50","guid":{"rendered":"http:\/\/s848802881.mialojamiento.es\/webs\/entrufate\/?p=1"},"modified":"2025-12-23T17:28:07","modified_gmt":"2025-12-23T16:28:07","slug":"casa-rural","status":"publish","type":"page","link":"https:\/\/herreriadeesteban.com\/","title":{"rendered":"Inicio"},"content":{"rendered":"<div>\n<h1>Casa Rural <\/h1>\n<p>La Herrer\u00eda de Esteban<\/p>\n<div>\n<p>Cuevas Labradas &#8211; Teruel<\/p>\n<\/div>\n<\/div>\n<div>\n<h3>Alojamiento tur\u00edstico para grupos de hasta 13 personas<\/h3>\n<p>Estilo tradicional<\/p>\n<div>\n<p>Esta antigua casa familiar fue rehabilitada en 2016. Est\u00e1 ubicada en Cuervas Labradas, un peque\u00f1o pueblo de la provincia de Teruel.\u00a0<\/p>\n<\/p>\n<\/div>\n<p><a href=\"\/index.php?page_id=2\">Qui\u00e9nes somos<\/a><\/p>\n<\/div>\n<ul>\n<li>\n<p>        <img decoding=\"async\" src=\"\/wp-content\/uploads\/2022\/09\/Herreria-Esteban-casa-29-scaled.jpg\" alt=\"\"><\/p>\n<\/li>\n<li>\n<p>        <img decoding=\"async\" src=\"\/wp-content\/uploads\/2025\/12\/thumbnail_La-Herreria-de-Esteban-06.jpg\" alt=\"\"><\/p>\n<\/li>\n<li>\n<p>        <img decoding=\"async\" src=\"\/wp-content\/uploads\/2022\/02\/Herreria-Esteban-casa-01-scaled.jpg\" alt=\"\"><\/p>\n<\/li>\n<li>\n<p>        <img decoding=\"async\" src=\"\/wp-content\/uploads\/2022\/02\/Herreria-Esteban-casa-14-scaled.jpg\" alt=\"\"><\/p>\n<\/li>\n<\/ul>\n<p>\n    <a href=\"\/index.php?page_id=6\">Descubre la casa<\/a>\n<\/p>\n<div>\n<p>Cada rinc\u00f3n de esta casita est\u00e1 pensado para que te sientas arropado. Un patio con barbacoa, le\u00f1a incluida, comedor amplio&#8230; queremos que tu estancia sea lo m\u00e1s c\u00f3moda posible.\u00a0<\/p>\n<\/div>\n<div>\n<h3>Alojamiento tur\u00edstico para grupos de hasta 11 personas<\/h3>\n<p>Estilo tradicional<\/p>\n<div>\n<p>Esta antigua casa familiar fue rehabilitada en 2016. Est\u00e1 ubicada en Cuervas Labradas, un peque\u00f1o pueblo de la provincia de Teruel.\u00a0<\/p>\n<\/div>\n<p><a href=\"\/index.php?page_id=2\">Qui\u00e9nes somos<\/a><\/p>\n<\/div>\n<ul>\n<li>\n<p>        <img decoding=\"async\" src=\"\/wp-content\/uploads\/2022\/02\/Herreria-Esteban-casa-09-scaled.jpg\" alt=\"\"><\/p>\n<\/li>\n<li>\n<p>        <img decoding=\"async\" src=\"\/wp-content\/uploads\/2022\/02\/Herreria-Esteban-casa-01-scaled.jpg\" alt=\"\"><\/p>\n<\/li>\n<li>\n<p>        <img decoding=\"async\" src=\"\/wp-content\/uploads\/2022\/02\/Herreria-Esteban-casa-14-scaled.jpg\" alt=\"\"><\/p>\n<\/li>\n<li>\n<p>        <img decoding=\"async\" src=\"\/wp-content\/uploads\/2022\/02\/Herreria-Esteban-casa-17-B-scaled.jpg\" alt=\"\"><\/p>\n<\/li>\n<\/ul>\n<p>\n    <a href=\"\/index.php?page_id=6\">Descubre la casa<\/a>\n<\/p>\n<div>\n<p>Cada rinc\u00f3n de esta casita est\u00e1 pensado para que te sientas arropado. Un patio con barbacoa, le\u00f1a incluida, comedor amplio&#8230; queremos que tu estancia sea lo m\u00e1s c\u00f3moda posible.\u00a0<\/p>\n<\/div>\n<ul>\n<li>\n<p>        <img decoding=\"async\" src=\"\/wp-content\/uploads\/2022\/02\/Herreria-Esteban-Entrufate-10-scaled.jpg\" alt=\"\"><\/p>\n<\/li>\n<li>\n<p>        <img decoding=\"async\" src=\"\/wp-content\/uploads\/2022\/02\/Herreria-Esteban-Entrufate-07-scaled.jpg\" alt=\"\"><\/p>\n<\/li>\n<li>\n<p>        <img decoding=\"async\" src=\"\/wp-content\/uploads\/2022\/02\/Herreria-Esteban-Entrufate-09-scaled.jpg\" alt=\"\"><\/p>\n<\/li>\n<li>\n<p>        <img decoding=\"async\" src=\"\/wp-content\/uploads\/2022\/02\/Herreria-Esteban-Entrufate-08-scaled.jpg\" alt=\"\"><\/p>\n<\/li>\n<\/ul>\n<h2>Entr\u00fafate<\/h2>\n<h4>Vive la experiencia<\/h4>\n<div>\n<p>\u00bfTe gustar\u00eda conocer la pasi\u00f3n por la Trufa Negra? Nosotros te damos la posibilidad de conocer nuestra finca familiar, enclavada en la zona trufera por excelencia, Teruel.\u00a0<\/p>\n<\/div>\n<p><img decoding=\"async\" src=\"\/wp-content\/uploads\/2022\/02\/Herreria-Esteban-fondo-03.png\" alt=\"\"><\/p>\n<div>\n<p>        <img decoding=\"async\" src=\"\/wp-content\/uploads\/2022\/02\/Herreria-Esteban-logo-entrufate.png\" alt=\"\"><\/p>\n<div>\n<p>Trabajamos d\u00eda a d\u00eda en nuestros campos con la ayuda de nuestros perros truferos para extraer el diamante culinario, siempre extray\u00e9ndolas con mucho mimo.\u00a0<\/p>\n<p>Para nosotros es un lujo vivir en el medio rural, y si nos conoces lo sab\u00e9is, porque siempre os lo contamos.\u00a0<\/p>\n<\/div>\n<p><a href=\"\/index.php?page_id=4\">Conoce la experiencia<\/a><\/p>\n<\/div>\n<ul>\n<li>\n<p>        <img decoding=\"async\" src=\"\/wp-content\/uploads\/2022\/02\/Herreria-Esteban-Entrufate-10-scaled.jpg\" alt=\"\"><\/p>\n<\/li>\n<li>\n<p>        <img decoding=\"async\" src=\"\/wp-content\/uploads\/2022\/02\/Herreria-Esteban-Entrufate-07-scaled.jpg\" alt=\"\"><\/p>\n<\/li>\n<li>\n<p>        <img decoding=\"async\" src=\"\/wp-content\/uploads\/2022\/02\/Herreria-Esteban-Entrufate-09-scaled.jpg\" alt=\"\"><\/p>\n<\/li>\n<li>\n<p>        <img decoding=\"async\" src=\"\/wp-content\/uploads\/2022\/02\/Herreria-Esteban-Entrufate-08-scaled.jpg\" alt=\"\"><\/p>\n<\/li>\n<\/ul>\n<h2>Entr\u00fafate<\/h2>\n<h4>Vive la experiencia<\/h4>\n<div>\n<p>\u00bfTe gustar\u00eda conocer la pasi\u00f3n por la Trufa Negra? Nosotros te damos la posibilidad de conocer nuestra finca familiar, enclavada en la zona trufera por excelencia, Teruel.\u00a0<\/p>\n<\/div>\n<div>\n<p>        <img decoding=\"async\" src=\"\/wp-content\/uploads\/2022\/02\/Herreria-Esteban-logo-entrufate.png\" alt=\"\"><\/p>\n<div>\n<p>Trabajamos d\u00eda a d\u00eda en nuestros campos con la ayuda de nuestros perros trufaros para extraer el diamante culinario, siempre extray\u00e9ndolas con mucho mimo.\u00a0<\/p>\n<p>Para nosotros es un lujo vivir en el medio rural, y si nos conoces lo sab\u00e9is, porque siempre os lo contamos.\u00a0<\/p>\n<\/div>\n<p><a href=\"\/index.php?page_id=4\">Conoce la experiencia<\/a><\/p>\n<\/div>\n<p><img decoding=\"async\" src=\"\/wp-content\/uploads\/2022\/02\/Herreria-Esteban-logo-web-blanco.png\" alt=\"\"><\/p>\n<ul>\n<li>\n<p>        <img decoding=\"async\" src=\"\/wp-content\/uploads\/2022\/02\/Herreria-Esteban-albarracin-01.jpg\" alt=\"\"><\/p>\n<\/li>\n<li>\n<p>        <img decoding=\"async\" src=\"\/wp-content\/uploads\/2022\/02\/Herreria-Esteban-entorno-Teruel.jpg\" alt=\"\"><\/p>\n<\/li>\n<\/ul>\n<ul>\n<li>\n<p>        <img decoding=\"async\" src=\"\/wp-content\/uploads\/yootheme\/schedule-day01-02.jpg\" alt=\"\"><\/p>\n<\/li>\n<li>\n<p>        <img decoding=\"async\" src=\"\/wp-content\/uploads\/yootheme\/our-story-hero-slideshow-03.jpg\" alt=\"\"><\/p>\n<\/li>\n<\/ul>\n<div>\n<h2>El entorno<\/h2>\n<p>La provincia de Teruel<\/p>\n<div>\n<p>Senderos, barrancos, monta\u00f1as, prados, cascadas, ca\u00f1ones, pinares, fauna salvaje&#8230; Teruel y su provincia es una tierra llena de espacios naturales para disfrutar de la naturaleza y respirar aire puro. Y, adem\u00e1s, concentra una gran variedad de pueblos medievales como Albarrac\u00edn, Villarroya de los Pinares&#8230;\u00a0<\/p>\n<\/div>\n<\/div>\n<ul>\n<li>\n        <a href=\"https:\/\/turismocomarcateruel.com\/\">Turismo en Teruel<\/a>\n    <\/li>\n<li>\n        <a href=\"\/index.php?page_id=8\">El entorno<\/a>\n    <\/li>\n<li>\n        <a href=\"\/index.php?page_id=20\">Otras actividades<\/a>\n    <\/li>\n<\/ul>\n<div>\n<h5>Reserva tu estancia<\/h5>\n<p>Casa rural con encanto<\/p>\n<div>\n<p>Contacta con nosotros para solicitar cualquier informaci\u00f3n o preguntarnos cualquier duda sobre nuestra casita rural.\u00a0<\/p>\n<p>Os esperamos y \u00a1Ojo! Mejores precios garantizados a trav\u00e9s de nuestra web.\u00a0<\/p>\n<\/div>\n<p><a href=\"\/index.php?page_id=19\">Haz tu reserva<\/a><\/p>\n<\/div>\n<p><img decoding=\"async\" src=\"\/wp-content\/uploads\/2022\/02\/Herreria-Esteban-fondo-03-C.png\" alt=\"\"><\/p>\n<ul>\n<li>\n<p>        <img decoding=\"async\" src=\"\/wp-content\/uploads\/2022\/02\/Herreria-Esteban-casa-25-scaled.jpg\" alt=\"\"><\/p>\n<\/li>\n<li>\n<p>        <img decoding=\"async\" src=\"\/wp-content\/uploads\/2025\/12\/thumbnail_La-Herreria-de-Esteban-01.jpg\" alt=\"\"><\/p>\n<\/li>\n<li>\n<p>        <img decoding=\"async\" src=\"\/wp-content\/uploads\/2022\/02\/Herreria-Esteban-casa-03-scaled.jpg\" alt=\"\"><\/p>\n<\/li>\n<li>\n<p>        <img decoding=\"async\" src=\"\/wp-content\/uploads\/2025\/12\/thumbnail_La-Herreria-de-Esteban-03.jpg\" alt=\"\"><\/p>\n<\/li>\n<li>\n<p>        <img decoding=\"async\" src=\"\/wp-content\/uploads\/2022\/02\/Herreria-Esteban-casa-18-scaled.jpg\" alt=\"\"><\/p>\n<\/li>\n<\/ul>\n<ul>\n<li>\n<p>        <img decoding=\"async\" src=\"\/wp-content\/uploads\/2022\/02\/Herreria-Esteban-casa-25-scaled.jpg\" alt=\"\"><\/p>\n<\/li>\n<li>\n<p>        <img decoding=\"async\" src=\"\/wp-content\/uploads\/2022\/02\/Herreria-Esteban-casa-21-scaled.jpg\" alt=\"\"><\/p>\n<\/li>\n<li>\n<p>        <img decoding=\"async\" src=\"\/wp-content\/uploads\/2022\/02\/Herreria-Esteban-casa-03-scaled.jpg\" alt=\"\"><\/p>\n<\/li>\n<li>\n<p>        <img decoding=\"async\" src=\"\/wp-content\/uploads\/2022\/02\/Herreria-Esteban-casa-22-scaled.jpg\" alt=\"\"><\/p>\n<\/li>\n<li>\n<p>        <img decoding=\"async\" src=\"\/wp-content\/uploads\/2022\/02\/Herreria-Esteban-casa-18-scaled.jpg\" alt=\"\"><\/p>\n<\/li>\n<\/ul>\n<p><!--more--><br \/>\n<!-- {\"name\":\"Home\",\"type\":\"layout\",\"children\":[{\"name\":\"Hero\",\"type\":\"section\",\"props\":{\"height\":\"percent\",\"image\":\"wp-content\\\/uploads\\\/2025\\\/12\\\/thumbnail_La-Herreria-de-Esteban-12.jpg\",\"image_parallax_bgy\":\"0,-50\",\"image_position\":\"center-center\",\"image_size\":\"cover\",\"overlap\":false,\"padding_remove_bottom\":false,\"padding_remove_top\":false,\"style\":\"default\",\"title_breakpoint\":\"xl\",\"title_position\":\"top-left\",\"title_rotation\":\"left\",\"vertical_align\":\"bottom\",\"width\":\"xlarge\"},\"children\":[{\"type\":\"row\",\"props\":{\"width\":\"expand\"},\"children\":[{\"type\":\"column\",\"props\":{\"image_position\":\"center-center\",\"position_sticky_breakpoint\":\"m\",\"width_medium\":\"1-1\"},\"children\":[{\"type\":\"panel\",\"props\":{\"content\":\"\n\n<p>Cuevas Labradas - Teruel<\\\/p>\",\"content_column_breakpoint\":\"m\",\"content_style\":\"h5\",\"css\":\".el-content {color: #c77c5c; }\\n\\n\\n@media (max-width: 640px) {\\n\\n  .el-title {\\n\\n   font-size:31px;\\n\\n  }}\",\"icon_width\":80,\"image_align\":\"top\",\"image_grid_breakpoint\":\"m\",\"image_grid_width\":\"1-2\",\"image_svg_color\":\"emphasis\",\"link_style\":\"default\",\"link_text\":\"Read more\",\"margin\":\"default\",\"maxwidth\":\"xlarge\",\"meta\":\"La Herrer\\u00eda de Esteban\",\"meta_align\":\"below-title\",\"meta_element\":\"h2\",\"meta_margin\":\"small\",\"meta_style\":\"heading-large\",\"panel_padding\":\"default\",\"panel_style\":\"card-default\",\"title\":\"Casa Rural \",\"title_align\":\"top\",\"title_color\":\"primary\",\"title_element\":\"h1\",\"title_grid_breakpoint\":\"m\",\"title_grid_width\":\"1-2\",\"title_hover_style\":\"reset\",\"title_style\":\"heading-medium\"}}]}]}]},{\"name\":\"CASA TEXTO FULL\",\"type\":\"section\",\"props\":{\"css\":\"@media(max-width:959px){.el-element{display:none;}}\",\"image\":\"wp-content\\\/uploads\\\/2022\\\/02\\\/Herreria-Esteban-fondo-01.png\",\"image_effect\":\"fixed\",\"image_position\":\"center-center\",\"image_size\":\"cover\",\"overlap\":false,\"padding\":\"large\",\"padding_remove_bottom\":false,\"padding_remove_top\":false,\"style\":\"muted\",\"title_breakpoint\":\"xl\",\"title_position\":\"center-right\",\"title_rotation\":\"left\",\"vertical_align\":\"middle\",\"width\":\"large\"},\"children\":[{\"type\":\"row\",\"props\":{\"layout\":\"2-5,3-5\",\"margin\":\"large\",\"vertical_align\":false,\"width\":\"expand\"},\"children\":[{\"type\":\"column\",\"props\":{\"image_position\":\"center-center\",\"padding\":\"large\",\"position_sticky_breakpoint\":\"m\",\"width_medium\":\"2-5\"},\"children\":[{\"type\":\"panel\",\"props\":{\"block_align\":\"center\",\"content\":\"\n\n<p>Esta antigua casa familiar fue rehabilitada en 2016. Est\\u00e1 ubicada en Cuervas Labradas, un peque\\u00f1o pueblo de la provincia de Teruel.\\u00a0<\\\/p>\\n\n\n<p><\\\/p>\",\"content_column_breakpoint\":\"m\",\"css\":\"@media (max-width: 640px) {\\n\\n  .el-title {\\n\\n   font-size:30px;\\n\\n  }}\",\"icon_width\":80,\"image_align\":\"top\",\"image_grid_breakpoint\":\"m\",\"image_grid_width\":\"1-2\",\"image_svg_color\":\"emphasis\",\"link\":\"index.php?page_id=2\",\"link_style\":\"primary\",\"link_target\":false,\"link_text\":\"Qui\\u00e9nes somos\",\"margin\":\"default\",\"margin_remove_top\":false,\"maxwidth\":\"large\",\"meta\":\"Estilo tradicional\",\"meta_align\":\"above-title\",\"meta_element\":\"h2\",\"meta_style\":\"text-meta\",\"panel_padding\":\"large\",\"panel_style\":\"card-default\",\"parallax_breakpoint\":\"l\",\"parallax_easing\":\"0.7\",\"parallax_end\":\"30vh + 30%\",\"parallax_y\":\"300,220\",\"position\":\"relative\",\"position_top\":\"-25\",\"title\":\"Alojamiento tur\\u00edstico para grupos de hasta 13 personas\",\"title_align\":\"top\",\"title_color\":\"primary\",\"title_element\":\"h3\",\"title_grid_breakpoint\":\"m\",\"title_grid_width\":\"1-2\",\"title_hover_style\":\"reset\",\"title_style\":\"heading-small\"}}]},{\"type\":\"column\",\"props\":{\"image_position\":\"top-center\",\"media_visibility\":\"l\",\"position_sticky_breakpoint\":\"m\",\"width_medium\":\"3-5\"},\"children\":[{\"type\":\"slideshow\",\"props\":{\"css\":\".el-item {border-radius: 0px 500px 0px 100px ;}\",\"link_style\":\"default\",\"link_text\":\"Read more\",\"margin\":\"default\",\"meta_align\":\"below-title\",\"meta_element\":\"div\",\"meta_style\":\"text-meta\",\"nav\":\"dotnav\",\"nav_align\":\"center\",\"nav_breakpoint\":\"\",\"nav_position\":\"top-left\",\"nav_position_margin\":\"small\",\"nav_vertical\":true,\"overlay_animation\":\"parallax\",\"overlay_position\":\"center-left\",\"parallax_breakpoint\":\"l\",\"parallax_x\":\"250,230\",\"position\":\"absolute\",\"position_left\":\"-35\",\"position_top\":\"-190\",\"show_content\":true,\"show_link\":true,\"show_meta\":true,\"show_thumbnail\":true,\"show_title\":true,\"slidenav\":\"bottom-right\",\"slidenav_breakpoint\":\"\",\"slidenav_large\":true,\"slidenav_margin\":\"medium\",\"slidenav_outside_breakpoint\":\"xl\",\"slideshow_animation\":\"push\",\"slideshow_autoplay\":true,\"slideshow_autoplay_interval\":\"5\",\"slideshow_autoplay_pause\":false,\"slideshow_min_height\":\"550\",\"slideshow_ratio\":\"1600:960\",\"thumbnav_height\":\"75\",\"thumbnav_svg_color\":\"emphasis\",\"thumbnav_width\":\"100\",\"title_element\":\"h3\"},\"children\":[{\"type\":\"slideshow_item\",\"props\":{\"image\":\"wp-content\\\/uploads\\\/2022\\\/09\\\/Herreria-Esteban-casa-29-scaled.jpg\"}},{\"type\":\"slideshow_item\",\"props\":{\"image\":\"wp-content\\\/uploads\\\/2025\\\/12\\\/thumbnail_La-Herreria-de-Esteban-06.jpg\"}},{\"type\":\"slideshow_item\",\"props\":{\"image\":\"wp-content\\\/uploads\\\/2022\\\/02\\\/Herreria-Esteban-casa-01-scaled.jpg\"}},{\"type\":\"slideshow_item\",\"props\":{\"image\":\"wp-content\\\/uploads\\\/2022\\\/02\\\/Herreria-Esteban-casa-14-scaled.jpg\"}}]},{\"type\":\"button\",\"props\":{\"button_size\":\"large\",\"grid_column_gap\":\"small\",\"grid_row_gap\":\"small\",\"margin\":\"default\",\"position\":\"absolute\",\"position_bottom\":\"110\"},\"children\":[{\"type\":\"button_item\",\"props\":{\"button_style\":\"secondary\",\"content\":\"Descubre la casa\",\"icon_align\":\"left\",\"link\":\"index.php?page_id=6\"}}]},{\"type\":\"text\",\"props\":{\"block_align\":\"right\",\"column_breakpoint\":\"m\",\"content\":\"\n\n<p>Cada rinc\\u00f3n de esta casita est\\u00e1 pensado para que te sientas arropado. Un patio con barbacoa, le\\u00f1a incluida, comedor amplio... queremos que tu estancia sea lo m\\u00e1s c\\u00f3moda posible.\\u00a0<\\\/p>\",\"margin\":\"default\",\"maxwidth\":\"medium\",\"position\":\"absolute\",\"position_bottom\":\"0\",\"position_left\":\"260\",\"text_color\":\"success\",\"text_style\":\"large\"}}]}]}]},{\"name\":\"CASA TEXTO RESPONSIVE\",\"type\":\"section\",\"props\":{\"css\":\"@media(min-width:959px){.el-element{display:none;}}\",\"image\":\"wp-content\\\/uploads\\\/2022\\\/02\\\/Herreria-Esteban-fondo-01.png\",\"image_effect\":\"fixed\",\"image_position\":\"center-center\",\"image_size\":\"cover\",\"overlap\":false,\"padding\":\"large\",\"padding_remove_bottom\":false,\"padding_remove_top\":false,\"style\":\"muted\",\"title_breakpoint\":\"xl\",\"title_position\":\"center-right\",\"title_rotation\":\"left\",\"vertical_align\":\"middle\",\"width\":\"large\"},\"children\":[{\"type\":\"row\",\"props\":{\"layout\":\"2-5,3-5\",\"margin\":\"large\",\"vertical_align\":false,\"width\":\"expand\"},\"children\":[{\"type\":\"column\",\"props\":{\"image_position\":\"center-center\",\"padding\":\"large\",\"position_sticky_breakpoint\":\"m\",\"width_medium\":\"2-5\"},\"children\":[{\"type\":\"panel\",\"props\":{\"block_align\":\"center\",\"content\":\"\n\n<p>Esta antigua casa familiar fue rehabilitada en 2016. Est\\u00e1 ubicada en Cuervas Labradas, un peque\\u00f1o pueblo de la provincia de Teruel.\\u00a0<\\\/p>\",\"content_column_breakpoint\":\"m\",\"css\":\"@media (max-width: 640px) {\\n\\n  .el-title {\\n\\n   font-size:30px;\\n\\n  }}\",\"icon_width\":80,\"image_align\":\"top\",\"image_grid_breakpoint\":\"m\",\"image_grid_width\":\"1-2\",\"image_svg_color\":\"emphasis\",\"link\":\"index.php?page_id=2\",\"link_style\":\"primary\",\"link_target\":false,\"link_text\":\"Qui\\u00e9nes somos\",\"margin\":\"default\",\"margin_remove_top\":false,\"maxwidth\":\"large\",\"meta\":\"Estilo tradicional\",\"meta_align\":\"above-title\",\"meta_element\":\"h2\",\"meta_style\":\"text-meta\",\"panel_padding\":\"large\",\"panel_style\":\"card-default\",\"parallax_breakpoint\":\"l\",\"parallax_easing\":\"0.7\",\"parallax_end\":\"30vh + 30%\",\"parallax_y\":\"300,220\",\"position\":\"relative\",\"position_top\":\"-25\",\"title\":\"Alojamiento tur\\u00edstico para grupos de hasta 11 personas\",\"title_align\":\"top\",\"title_color\":\"primary\",\"title_element\":\"h3\",\"title_grid_breakpoint\":\"m\",\"title_grid_width\":\"1-2\",\"title_hover_style\":\"reset\",\"title_style\":\"heading-small\"}}]},{\"type\":\"column\",\"props\":{\"image_position\":\"top-center\",\"media_visibility\":\"l\",\"position_sticky_breakpoint\":\"m\",\"width_medium\":\"3-5\"},\"children\":[{\"type\":\"slideshow\",\"props\":{\"css\":\".el-item {border-radius: 0px 50px 0px 50px ;}\",\"link_style\":\"default\",\"link_text\":\"Read more\",\"margin\":\"default\",\"meta_align\":\"below-title\",\"meta_element\":\"div\",\"meta_style\":\"text-meta\",\"nav\":\"dotnav\",\"nav_align\":\"center\",\"nav_breakpoint\":\"\",\"nav_position\":\"top-left\",\"nav_position_margin\":\"small\",\"nav_vertical\":true,\"overlay_animation\":\"parallax\",\"overlay_position\":\"center-left\",\"parallax_breakpoint\":\"l\",\"parallax_x\":\"250,230\",\"position_left\":\"-35\",\"position_top\":\"-190\",\"show_content\":true,\"show_link\":true,\"show_meta\":true,\"show_thumbnail\":true,\"show_title\":true,\"slidenav\":\"bottom-right\",\"slidenav_breakpoint\":\"\",\"slidenav_large\":true,\"slidenav_margin\":\"medium\",\"slidenav_outside_breakpoint\":\"xl\",\"slideshow_animation\":\"push\",\"slideshow_autoplay\":true,\"slideshow_autoplay_interval\":\"5\",\"slideshow_autoplay_pause\":false,\"slideshow_min_height\":\"200\",\"slideshow_ratio\":\"1600:960\",\"thumbnav_height\":\"75\",\"thumbnav_svg_color\":\"emphasis\",\"thumbnav_width\":\"100\",\"title_element\":\"h3\"},\"children\":[{\"type\":\"slideshow_item\",\"props\":{\"image\":\"wp-content\\\/uploads\\\/2022\\\/02\\\/Herreria-Esteban-casa-09-scaled.jpg\"}},{\"type\":\"slideshow_item\",\"props\":{\"image\":\"wp-content\\\/uploads\\\/2022\\\/02\\\/Herreria-Esteban-casa-01-scaled.jpg\"}},{\"type\":\"slideshow_item\",\"props\":{\"image\":\"wp-content\\\/uploads\\\/2022\\\/02\\\/Herreria-Esteban-casa-14-scaled.jpg\"}},{\"type\":\"slideshow_item\",\"props\":{\"image\":\"wp-content\\\/uploads\\\/2022\\\/02\\\/Herreria-Esteban-casa-17-B-scaled.jpg\"}}]},{\"type\":\"button\",\"props\":{\"button_size\":\"large\",\"grid_column_gap\":\"small\",\"grid_row_gap\":\"small\",\"margin\":\"default\",\"position_bottom\":\"155\"},\"children\":[{\"type\":\"button_item\",\"props\":{\"button_style\":\"secondary\",\"content\":\"Descubre la casa\",\"icon_align\":\"left\",\"link\":\"index.php?page_id=6\"}}]},{\"type\":\"text\",\"props\":{\"block_align\":\"right\",\"column_breakpoint\":\"m\",\"content\":\"\n\n<p>Cada rinc\\u00f3n de esta casita est\\u00e1 pensado para que te sientas arropado. Un patio con barbacoa, le\\u00f1a incluida, comedor amplio... queremos que tu estancia sea lo m\\u00e1s c\\u00f3moda posible.\\u00a0<\\\/p>\",\"margin\":\"default\",\"maxwidth\":\"medium\",\"position_bottom\":\"0\",\"position_left\":\"260\",\"text_color\":\"warning\",\"text_style\":\"large\"}}]}]}]},{\"type\":\"section\",\"props\":{\"css\":\".el-section {background-color: #34495a; }\\n\\n@media(max-width:959px){.el-element{display:none;}}\",\"image_effect\":\"fixed\",\"image_position\":\"center-center\",\"image_size\":\"cover\",\"padding\":\"large\",\"style\":\"default\",\"title_breakpoint\":\"xl\",\"title_position\":\"top-left\",\"title_rotation\":\"left\",\"vertical_align\":\"middle\",\"width\":\"default\"},\"children\":[{\"type\":\"row\",\"props\":{\"layout\":\"3-5,2-5\"},\"children\":[{\"type\":\"column\",\"props\":{\"image_position\":\"center-center\",\"position_sticky_breakpoint\":\"m\",\"width_medium\":\"3-5\"},\"children\":[{\"type\":\"slideshow\",\"props\":{\"css\":\".el-item {border-radius: 100px 0px 100px 0px ;}\",\"link_style\":\"default\",\"link_text\":\"Read more\",\"margin\":\"default\",\"meta_align\":\"below-title\",\"meta_element\":\"div\",\"meta_style\":\"text-meta\",\"nav\":\"dotnav\",\"nav_align\":\"center\",\"nav_breakpoint\":\"\",\"nav_position\":\"bottom-left\",\"nav_position_margin\":\"small\",\"nav_vertical\":true,\"overlay_animation\":\"parallax\",\"overlay_position\":\"center-left\",\"parallax_breakpoint\":\"l\",\"parallax_x\":\"250,230\",\"position\":\"absolute\",\"position_top\":\"-190\",\"show_content\":true,\"show_link\":true,\"show_meta\":true,\"show_thumbnail\":true,\"show_title\":true,\"slidenav\":\"bottom-right\",\"slidenav_breakpoint\":\"\",\"slidenav_large\":true,\"slidenav_margin\":\"medium\",\"slidenav_outside_breakpoint\":\"xl\",\"slideshow_animation\":\"push\",\"slideshow_autoplay\":true,\"slideshow_autoplay_interval\":\"5\",\"slideshow_autoplay_pause\":false,\"slideshow_min_height\":\"550\",\"slideshow_ratio\":\"1600:960\",\"thumbnav_height\":\"75\",\"thumbnav_svg_color\":\"emphasis\",\"thumbnav_width\":\"100\",\"title_element\":\"h3\"},\"children\":[{\"type\":\"slideshow_item\",\"props\":{\"image\":\"wp-content\\\/uploads\\\/2022\\\/02\\\/Herreria-Esteban-Entrufate-10-scaled.jpg\"}},{\"type\":\"slideshow_item\",\"props\":{\"image\":\"wp-content\\\/uploads\\\/2022\\\/02\\\/Herreria-Esteban-Entrufate-07-scaled.jpg\"}},{\"type\":\"slideshow_item\",\"props\":{\"image\":\"wp-content\\\/uploads\\\/2022\\\/02\\\/Herreria-Esteban-Entrufate-09-scaled.jpg\"}},{\"type\":\"slideshow_item\",\"props\":{\"image\":\"wp-content\\\/uploads\\\/2022\\\/02\\\/Herreria-Esteban-Entrufate-08-scaled.jpg\"}}]},{\"type\":\"headline\",\"props\":{\"content\":\"Entr\\u00fafate\",\"position\":\"absolute\",\"position_bottom\":\"190\",\"position_right\":\"-157\",\"title_color\":\"success\",\"title_element\":\"h2\",\"title_style\":\"heading-large\"}},{\"type\":\"headline\",\"props\":{\"content\":\"Vive la experiencia\",\"position\":\"absolute\",\"position_bottom\":\"150\",\"position_right\":\"-160\",\"title_color\":\"success\",\"title_decoration\":\"line\",\"title_element\":\"h4\",\"title_style\":\"h2\"}},{\"type\":\"text\",\"props\":{\"block_align\":\"right\",\"column_breakpoint\":\"m\",\"content\":\"\n\n<p>\\u00bfTe gustar\\u00eda conocer la pasi\\u00f3n por la Trufa Negra? Nosotros te damos la posibilidad de conocer nuestra finca familiar, enclavada en la zona trufera por excelencia, Teruel.\\u00a0<\\\/p>\",\"css\":\".el-element {font-size: 15px; }\",\"margin\":\"default\",\"maxwidth\":\"medium\",\"position\":\"absolute\",\"position_bottom\":\"0\",\"position_left\":\"260\",\"text_color\":\"success\",\"text_style\":\"large\"}},{\"type\":\"image\",\"props\":{\"image\":\"wp-content\\\/uploads\\\/2022\\\/02\\\/Herreria-Esteban-fondo-03.png\",\"image_svg_color\":\"emphasis\",\"margin\":\"default\",\"position\":\"absolute\",\"position_bottom\":\"-230\",\"position_right\":\"460\",\"position_z_index\":\"3\"}}]},{\"type\":\"column\",\"props\":{\"image_position\":\"center-center\",\"position_sticky_breakpoint\":\"m\",\"width_medium\":\"2-5\"},\"children\":[{\"type\":\"panel\",\"props\":{\"block_align\":\"center\",\"content\":\"\n\n<p>Trabajamos d\\u00eda a d\\u00eda en nuestros campos con la ayuda de nuestros perros truferos para extraer el diamante culinario, siempre extray\\u00e9ndolas con mucho mimo.\\u00a0<\\\/p>\\n\n\n<p>Para nosotros es un lujo vivir en el medio rural, y si nos conoces lo sab\\u00e9is, porque siempre os lo contamos.\\u00a0<\\\/p>\",\"content_column_breakpoint\":\"m\",\"css\":\".el-element .uk-button-primary {\\n    background: #7dbdab;\\n}\",\"icon_width\":80,\"image\":\"wp-content\\\/uploads\\\/2022\\\/02\\\/Herreria-Esteban-logo-entrufate.png\",\"image_align\":\"top\",\"image_grid_breakpoint\":\"m\",\"image_grid_width\":\"1-2\",\"image_svg_color\":\"emphasis\",\"image_width\":\"300\",\"link\":\"index.php?page_id=4\",\"link_margin\":\"medium\",\"link_style\":\"primary\",\"link_target\":false,\"link_text\":\"Conoce la experiencia\",\"margin\":\"default\",\"margin_remove_top\":false,\"maxwidth\":\"large\",\"meta\":\"\",\"meta_align\":\"above-title\",\"meta_element\":\"h2\",\"meta_style\":\"text-meta\",\"panel_padding\":\"large\",\"panel_style\":\"card-default\",\"parallax_breakpoint\":\"l\",\"parallax_easing\":\"0.7\",\"parallax_end\":\"30vh + 30%\",\"parallax_y\":\"300,220\",\"title\":\"\",\"title_align\":\"top\",\"title_color\":\"primary\",\"title_element\":\"h3\",\"title_grid_breakpoint\":\"m\",\"title_grid_width\":\"1-2\",\"title_hover_style\":\"reset\",\"title_style\":\"heading-small\"}}]}]}],\"name\":\"ENTRUFATE FULL\"},{\"type\":\"section\",\"props\":{\"css\":\".el-section {background-color: #34495a; }\\n\\n@media(min-width:959px){.el-element{display:none;}}\",\"image_effect\":\"fixed\",\"image_position\":\"center-center\",\"image_size\":\"cover\",\"padding\":\"large\",\"style\":\"default\",\"title_breakpoint\":\"xl\",\"title_position\":\"top-left\",\"title_rotation\":\"left\",\"vertical_align\":\"middle\",\"width\":\"default\"},\"children\":[{\"type\":\"row\",\"props\":{\"layout\":\"3-5,2-5\"},\"children\":[{\"type\":\"column\",\"props\":{\"image_position\":\"center-center\",\"position_sticky_breakpoint\":\"m\",\"width_medium\":\"3-5\"},\"children\":[{\"type\":\"slideshow\",\"props\":{\"css\":\".el-item {border-radius: 50px 0px 50px 0px ;}\",\"link_style\":\"default\",\"link_text\":\"Read more\",\"margin\":\"default\",\"meta_align\":\"below-title\",\"meta_element\":\"div\",\"meta_style\":\"text-meta\",\"nav\":\"dotnav\",\"nav_align\":\"center\",\"nav_breakpoint\":\"\",\"nav_position\":\"bottom-left\",\"nav_position_margin\":\"small\",\"nav_vertical\":true,\"overlay_animation\":\"parallax\",\"overlay_position\":\"center-left\",\"parallax_breakpoint\":\"l\",\"parallax_x\":\"250,230\",\"position_top\":\"-190\",\"show_content\":true,\"show_link\":true,\"show_meta\":true,\"show_thumbnail\":true,\"show_title\":true,\"slidenav\":\"bottom-right\",\"slidenav_breakpoint\":\"\",\"slidenav_large\":true,\"slidenav_margin\":\"medium\",\"slidenav_outside_breakpoint\":\"xl\",\"slideshow_animation\":\"push\",\"slideshow_autoplay\":true,\"slideshow_autoplay_interval\":\"5\",\"slideshow_autoplay_pause\":false,\"slideshow_min_height\":\"200\",\"slideshow_ratio\":\"1600:960\",\"thumbnav_height\":\"75\",\"thumbnav_svg_color\":\"emphasis\",\"thumbnav_width\":\"100\",\"title_element\":\"h3\"},\"children\":[{\"type\":\"slideshow_item\",\"props\":{\"image\":\"wp-content\\\/uploads\\\/2022\\\/02\\\/Herreria-Esteban-Entrufate-10-scaled.jpg\"}},{\"type\":\"slideshow_item\",\"props\":{\"image\":\"wp-content\\\/uploads\\\/2022\\\/02\\\/Herreria-Esteban-Entrufate-07-scaled.jpg\"}},{\"type\":\"slideshow_item\",\"props\":{\"image\":\"wp-content\\\/uploads\\\/2022\\\/02\\\/Herreria-Esteban-Entrufate-09-scaled.jpg\"}},{\"type\":\"slideshow_item\",\"props\":{\"image\":\"wp-content\\\/uploads\\\/2022\\\/02\\\/Herreria-Esteban-Entrufate-08-scaled.jpg\"}}]},{\"type\":\"headline\",\"props\":{\"content\":\"Entr\\u00fafate\",\"position_bottom\":\"190\",\"position_right\":\"-157\",\"title_color\":\"success\",\"title_element\":\"h2\",\"title_style\":\"heading-large\"}},{\"type\":\"headline\",\"props\":{\"content\":\"Vive la experiencia\",\"margin\":\"small\",\"position_bottom\":\"150\",\"position_right\":\"-160\",\"title_color\":\"success\",\"title_decoration\":\"line\",\"title_element\":\"h4\",\"title_style\":\"h2\"}},{\"type\":\"text\",\"props\":{\"block_align\":\"right\",\"column_breakpoint\":\"m\",\"content\":\"\n\n<p>\\u00bfTe gustar\\u00eda conocer la pasi\\u00f3n por la Trufa Negra? Nosotros te damos la posibilidad de conocer nuestra finca familiar, enclavada en la zona trufera por excelencia, Teruel.\\u00a0<\\\/p>\",\"css\":\".el-element {font-size: 15px; }\",\"margin\":\"default\",\"maxwidth\":\"medium\",\"position_bottom\":\"0\",\"position_left\":\"260\",\"text_color\":\"success\",\"text_style\":\"large\"}}]},{\"type\":\"column\",\"props\":{\"image_position\":\"center-center\",\"position_sticky_breakpoint\":\"m\",\"width_medium\":\"2-5\"},\"children\":[{\"type\":\"panel\",\"props\":{\"block_align\":\"center\",\"content\":\"\n\n<p>Trabajamos d\\u00eda a d\\u00eda en nuestros campos con la ayuda de nuestros perros trufaros para extraer el diamante culinario, siempre extray\\u00e9ndolas con mucho mimo.\\u00a0<\\\/p>\\n\n\n<p>Para nosotros es un lujo vivir en el medio rural, y si nos conoces lo sab\\u00e9is, porque siempre os lo contamos.\\u00a0<\\\/p>\",\"content_column_breakpoint\":\"m\",\"css\":\".el-element .uk-button-primary {\\n    background: #7dbdab;\\n}\\n\\n\\n@media (max-width: 640px) {\\n\\n  .el-link {\\n\\n   line-height: 1.5;\\n      padding-top: 7px;\\n      padding-bottom: 7px;\\n      font-size: 12px;\\n\\n  }}\",\"icon_width\":80,\"image\":\"wp-content\\\/uploads\\\/2022\\\/02\\\/Herreria-Esteban-logo-entrufate.png\",\"image_align\":\"top\",\"image_grid_breakpoint\":\"m\",\"image_grid_width\":\"1-2\",\"image_svg_color\":\"emphasis\",\"image_width\":\"300\",\"link\":\"index.php?page_id=4\",\"link_margin\":\"medium\",\"link_style\":\"primary\",\"link_target\":false,\"link_text\":\"Conoce la experiencia\",\"margin\":\"default\",\"margin_remove_top\":false,\"maxwidth\":\"large\",\"meta\":\"\",\"meta_align\":\"above-title\",\"meta_element\":\"h2\",\"meta_style\":\"text-meta\",\"panel_padding\":\"large\",\"panel_style\":\"card-default\",\"parallax_breakpoint\":\"l\",\"parallax_easing\":\"0.7\",\"parallax_end\":\"30vh + 30%\",\"parallax_y\":\"300,220\",\"title\":\"\",\"title_align\":\"top\",\"title_color\":\"primary\",\"title_element\":\"h3\",\"title_grid_breakpoint\":\"m\",\"title_grid_width\":\"1-2\",\"title_hover_style\":\"reset\",\"title_style\":\"heading-small\"}}]}]}],\"name\":\"ENTRUFATE RESPONSIVE\"},{\"type\":\"section\",\"props\":{\"image\":\"wp-content\\\/uploads\\\/2022\\\/02\\\/Herreria-Esteban-casa-14-scaled.jpg\",\"image_effect\":\"fixed\",\"image_position\":\"center-center\",\"image_size\":\"cover\",\"media_overlay\":\"rgba(199, 124, 92, 0.54)\",\"padding\":\"large\",\"style\":\"default\",\"title_breakpoint\":\"xl\",\"title_position\":\"top-left\",\"title_rotation\":\"left\",\"vertical_align\":\"middle\",\"width\":\"default\"},\"children\":[{\"type\":\"row\",\"children\":[{\"type\":\"column\",\"props\":{\"image_position\":\"center-center\",\"position_sticky_breakpoint\":\"m\"},\"children\":[{\"type\":\"image\",\"props\":{\"image\":\"wp-content\\\/uploads\\\/2022\\\/02\\\/Herreria-Esteban-logo-web-blanco.png\",\"image_svg_color\":\"emphasis\",\"image_width\":\"300\",\"margin\":\"default\",\"text_align\":\"center\"}}]}]}]},{\"name\":\"Call to action\",\"type\":\"section\",\"props\":{\"image_position\":\"center-center\",\"overlap\":false,\"padding\":\"large\",\"padding_remove_bottom\":false,\"padding_remove_top\":false,\"style\":\"default\",\"title_breakpoint\":\"xl\",\"title_position\":\"center-left\",\"title_rotation\":\"left\",\"vertical_align\":\"middle\",\"width\":\"default\"},\"children\":[{\"type\":\"row\",\"props\":{\"layout\":\"1-2,1-2\",\"vertical_align\":true,\"width\":\"expand\"},\"children\":[{\"type\":\"column\",\"props\":{\"image_position\":\"center-center\",\"position_sticky_breakpoint\":\"m\",\"vertical_align\":\"middle\",\"width_medium\":\"1-2\"},\"children\":[{\"type\":\"slideshow\",\"props\":{\"css\":\".el-item {border-radius: 0px 100px 0px 500px ;}\",\"link_style\":\"default\",\"link_text\":\"Read more\",\"margin\":\"default\",\"meta_align\":\"below-title\",\"meta_element\":\"div\",\"meta_style\":\"text-meta\",\"nav\":\"dotnav\",\"nav_align\":\"center\",\"nav_breakpoint\":\"\",\"nav_position\":\"top-left\",\"nav_position_margin\":\"small\",\"nav_vertical\":true,\"overlay_animation\":\"parallax\",\"overlay_position\":\"center-left\",\"parallax_breakpoint\":\"l\",\"parallax_x\":\"250,230\",\"position\":\"absolute\",\"position_top\":\"-190\",\"show_content\":true,\"show_link\":true,\"show_meta\":true,\"show_thumbnail\":true,\"show_title\":true,\"slidenav\":\"bottom-right\",\"slidenav_breakpoint\":\"\",\"slidenav_large\":true,\"slidenav_margin\":\"medium\",\"slidenav_outside_breakpoint\":\"xl\",\"slideshow_animation\":\"push\",\"slideshow_autoplay\":true,\"slideshow_autoplay_interval\":\"5\",\"slideshow_autoplay_pause\":false,\"slideshow_min_height\":\"550\",\"slideshow_ratio\":\"1600:960\",\"thumbnav_height\":\"75\",\"thumbnav_svg_color\":\"emphasis\",\"thumbnav_width\":\"100\",\"title_element\":\"h3\",\"visibility\":\"m\"},\"children\":[{\"type\":\"slideshow_item\",\"props\":{\"image\":\"wp-content\\\/uploads\\\/2022\\\/02\\\/Herreria-Esteban-albarracin-01.jpg\"}},{\"type\":\"slideshow_item\",\"props\":{\"image\":\"wp-content\\\/uploads\\\/2022\\\/02\\\/Herreria-Esteban-entorno-Teruel.jpg\"}}]},{\"type\":\"slideshow\",\"props\":{\"css\":\".el-item {border-radius: 0px 50px 0px 50px ;}\",\"link_style\":\"default\",\"link_text\":\"Read more\",\"margin\":\"default\",\"meta_align\":\"below-title\",\"meta_element\":\"div\",\"meta_style\":\"text-meta\",\"nav\":\"dotnav\",\"nav_align\":\"center\",\"nav_breakpoint\":\"\",\"nav_position\":\"top-left\",\"nav_position_margin\":\"small\",\"nav_vertical\":true,\"overlay_animation\":\"parallax\",\"overlay_position\":\"center-left\",\"parallax_breakpoint\":\"l\",\"parallax_x\":\"250,230\",\"position_top\":\"-190\",\"show_content\":true,\"show_link\":true,\"show_meta\":true,\"show_thumbnail\":true,\"show_title\":true,\"slidenav\":\"bottom-right\",\"slidenav_breakpoint\":\"\",\"slidenav_large\":true,\"slidenav_margin\":\"medium\",\"slidenav_outside_breakpoint\":\"xl\",\"slideshow_animation\":\"push\",\"slideshow_autoplay\":true,\"slideshow_autoplay_interval\":\"5\",\"slideshow_autoplay_pause\":false,\"slideshow_min_height\":\"200\",\"slideshow_ratio\":\"1600:960\",\"thumbnav_height\":\"75\",\"thumbnav_svg_color\":\"emphasis\",\"thumbnav_width\":\"100\",\"title_element\":\"h3\",\"visibility\":\"hidden-m\"},\"children\":[{\"type\":\"slideshow_item\",\"props\":{\"image\":\"wp-content\\\/uploads\\\/yootheme\\\/schedule-day01-02.jpg\"}},{\"type\":\"slideshow_item\",\"props\":{\"image\":\"wp-content\\\/uploads\\\/yootheme\\\/our-story-hero-slideshow-03.jpg\"}}]}]},{\"type\":\"column\",\"props\":{\"image_position\":\"top-right\",\"padding\":\"large\",\"position_sticky_breakpoint\":\"m\",\"vertical_align\":\"middle\",\"width_medium\":\"1-2\"},\"children\":[{\"type\":\"panel\",\"props\":{\"block_align\":\"center\",\"content\":\"\n\n<p>Senderos, barrancos, monta\\u00f1as, prados, cascadas, ca\\u00f1ones, pinares, fauna salvaje... Teruel y su provincia es una tierra llena de espacios naturales para disfrutar de la naturaleza y respirar aire puro. Y, adem\\u00e1s, concentra una gran variedad de pueblos medievales como Albarrac\\u00edn, Villarroya de los Pinares...\\u00a0<\\\/p>\",\"content_column_breakpoint\":\"m\",\"icon_width\":80,\"image_align\":\"top\",\"image_grid_breakpoint\":\"m\",\"image_grid_width\":\"1-2\",\"image_svg_color\":\"emphasis\",\"link_style\":\"default\",\"link_target\":false,\"link_text\":\"Click to RSVP\",\"margin\":\"default\",\"maxwidth\":\"large\",\"meta\":\"La provincia de Teruel\",\"meta_align\":\"above-title\",\"meta_element\":\"div\",\"meta_style\":\"text-meta\",\"parallax_y\":\"300,320\",\"text_align\":\"left\",\"text_align_fallback\":\"center\",\"title\":\"El entorno\",\"title_align\":\"top\",\"title_element\":\"h2\",\"title_grid_breakpoint\":\"m\",\"title_grid_width\":\"1-2\",\"title_hover_style\":\"reset\",\"title_style\":\"heading-small\"}},{\"type\":\"button\",\"props\":{\"block_align\":\"center\",\"grid_column_gap\":\"small\",\"grid_row_gap\":\"small\",\"margin\":\"medium\",\"maxwidth\":\"large\"},\"children\":[{\"type\":\"button_item\",\"props\":{\"button_style\":\"secondary\",\"content\":\"Turismo en Teruel\",\"icon_align\":\"left\",\"link\":\"https:\\\/\\\/turismocomarcateruel.com\\\/\",\"link_target\":\"blank\"}},{\"type\":\"button_item\",\"props\":{\"button_style\":\"default\",\"content\":\"El entorno\",\"icon_align\":\"left\",\"link\":\"index.php?page_id=8\"}},{\"type\":\"button_item\",\"props\":{\"button_style\":\"primary\",\"content\":\"Otras actividades\",\"icon_align\":\"left\",\"link\":\"index.php?page_id=20\"}}]}]}]}]},{\"name\":\"About\",\"type\":\"section\",\"props\":{\"image\":\"wp-content\\\/uploads\\\/2022\\\/02\\\/Herreria-Esteban-fondo-01.png\",\"image_effect\":\"fixed\",\"image_position\":\"center-center\",\"image_size\":\"cover\",\"overlap\":false,\"padding\":\"large\",\"padding_remove_bottom\":false,\"padding_remove_top\":false,\"style\":\"muted\",\"title_breakpoint\":\"xl\",\"title_position\":\"center-right\",\"title_rotation\":\"left\",\"vertical_align\":\"middle\",\"width\":\"default\"},\"children\":[{\"type\":\"row\",\"props\":{\"layout\":\"2-5,3-5\",\"margin\":\"large\",\"match\":true,\"vertical_align\":false,\"width\":\"expand\"},\"children\":[{\"type\":\"column\",\"props\":{\"image_position\":\"center-center\",\"padding\":\"large\",\"position_sticky_breakpoint\":\"m\",\"width_medium\":\"2-5\"},\"children\":[{\"type\":\"panel\",\"props\":{\"block_align\":\"center\",\"content\":\"\n\n<p>Contacta con nosotros para solicitar cualquier informaci\\u00f3n o preguntarnos cualquier duda sobre nuestra casita rural.\\u00a0<\\\/p>\\n\n\n<p>Os esperamos y \\u00a1Ojo! Mejores precios garantizados a trav\\u00e9s de nuestra web.\\u00a0<\\\/p>\",\"content_column_breakpoint\":\"m\",\"icon_width\":80,\"image_align\":\"top\",\"image_grid_breakpoint\":\"m\",\"image_grid_width\":\"1-2\",\"image_svg_color\":\"emphasis\",\"link\":\"index.php?page_id=19\",\"link_style\":\"secondary\",\"link_target\":false,\"link_text\":\"Haz tu reserva\",\"margin\":\"default\",\"margin_remove_top\":false,\"maxwidth\":\"large\",\"meta\":\"Casa rural con encanto\",\"meta_align\":\"above-title\",\"meta_element\":\"h2\",\"meta_style\":\"text-meta\",\"panel_padding\":\"large\",\"panel_style\":\"card-default\",\"parallax_breakpoint\":\"l\",\"parallax_easing\":\"0.7\",\"parallax_end\":\"30vh + 30%\",\"parallax_y\":\"300,220\",\"title\":\"Reserva tu estancia\",\"title_align\":\"top\",\"title_color\":\"secondary\",\"title_element\":\"h5\",\"title_grid_breakpoint\":\"m\",\"title_grid_width\":\"1-2\",\"title_hover_style\":\"reset\",\"title_style\":\"heading-small\"}}]},{\"type\":\"column\",\"props\":{\"image_position\":\"top-center\",\"media_visibility\":\"l\",\"position_sticky_breakpoint\":\"m\",\"width_medium\":\"3-5\"},\"children\":[{\"type\":\"image\",\"props\":{\"image\":\"wp-content\\\/uploads\\\/2022\\\/02\\\/Herreria-Esteban-fondo-03-C.png\",\"image_height\":\"200\",\"image_svg_color\":\"emphasis\",\"image_width\":\"500\",\"margin\":\"default\",\"position\":\"absolute\",\"position_bottom\":\"480\",\"position_right\":\"-400\",\"visibility\":\"m\"}},{\"type\":\"slideshow\",\"props\":{\"css\":\".el-item {border-radius: 100px 0px 100px 0px ;}\",\"link_style\":\"default\",\"link_text\":\"Read more\",\"margin\":\"default\",\"meta_align\":\"below-title\",\"meta_element\":\"div\",\"meta_style\":\"text-meta\",\"nav\":\"dotnav\",\"nav_align\":\"center\",\"nav_breakpoint\":\"\",\"nav_position\":\"bottom-left\",\"nav_position_margin\":\"small\",\"nav_vertical\":true,\"overlay_animation\":\"parallax\",\"overlay_position\":\"center-left\",\"parallax_breakpoint\":\"l\",\"parallax_x\":\"250,230\",\"position\":\"relative\",\"position_top\":\"50\",\"show_content\":true,\"show_link\":true,\"show_meta\":true,\"show_thumbnail\":true,\"show_title\":true,\"slidenav\":\"bottom-right\",\"slidenav_breakpoint\":\"\",\"slidenav_large\":true,\"slidenav_margin\":\"medium\",\"slidenav_outside_breakpoint\":\"xl\",\"slideshow_animation\":\"push\",\"slideshow_autoplay\":true,\"slideshow_autoplay_interval\":\"5\",\"slideshow_autoplay_pause\":false,\"slideshow_min_height\":\"600\",\"slideshow_ratio\":\"1600:960\",\"thumbnav_height\":\"75\",\"thumbnav_svg_color\":\"emphasis\",\"thumbnav_width\":\"100\",\"title_element\":\"h3\",\"visibility\":\"m\"},\"children\":[{\"type\":\"slideshow_item\",\"props\":{\"image\":\"wp-content\\\/uploads\\\/2022\\\/02\\\/Herreria-Esteban-casa-25-scaled.jpg\"}},{\"type\":\"slideshow_item\",\"props\":{\"image\":\"wp-content\\\/uploads\\\/2025\\\/12\\\/thumbnail_La-Herreria-de-Esteban-01.jpg\"}},{\"type\":\"slideshow_item\",\"props\":{\"image\":\"wp-content\\\/uploads\\\/2022\\\/02\\\/Herreria-Esteban-casa-03-scaled.jpg\"}},{\"type\":\"slideshow_item\",\"props\":{\"image\":\"wp-content\\\/uploads\\\/2025\\\/12\\\/thumbnail_La-Herreria-de-Esteban-03.jpg\"}},{\"type\":\"slideshow_item\",\"props\":{\"image\":\"wp-content\\\/uploads\\\/2022\\\/02\\\/Herreria-Esteban-casa-18-scaled.jpg\"}}]},{\"type\":\"slideshow\",\"props\":{\"css\":\".el-item {border-radius: 50px 0px 50px 0px ;}\",\"link_style\":\"default\",\"link_text\":\"Read more\",\"margin\":\"default\",\"meta_align\":\"below-title\",\"meta_element\":\"div\",\"meta_style\":\"text-meta\",\"nav\":\"dotnav\",\"nav_align\":\"center\",\"nav_breakpoint\":\"\",\"nav_position\":\"bottom-left\",\"nav_position_margin\":\"small\",\"nav_vertical\":true,\"overlay_animation\":\"parallax\",\"overlay_position\":\"center-left\",\"parallax_breakpoint\":\"l\",\"parallax_x\":\"250,230\",\"position\":\"relative\",\"position_top\":\"50\",\"show_content\":true,\"show_link\":true,\"show_meta\":true,\"show_thumbnail\":true,\"show_title\":true,\"slidenav\":\"bottom-right\",\"slidenav_breakpoint\":\"\",\"slidenav_large\":true,\"slidenav_margin\":\"medium\",\"slidenav_outside_breakpoint\":\"xl\",\"slideshow_animation\":\"push\",\"slideshow_autoplay\":true,\"slideshow_autoplay_interval\":\"5\",\"slideshow_autoplay_pause\":false,\"slideshow_min_height\":\"200\",\"slideshow_ratio\":\"1600:960\",\"thumbnav_height\":\"75\",\"thumbnav_svg_color\":\"emphasis\",\"thumbnav_width\":\"100\",\"title_element\":\"h3\",\"visibility\":\"hidden-m\"},\"children\":[{\"type\":\"slideshow_item\",\"props\":{\"image\":\"wp-content\\\/uploads\\\/2022\\\/02\\\/Herreria-Esteban-casa-25-scaled.jpg\"}},{\"type\":\"slideshow_item\",\"props\":{\"image\":\"wp-content\\\/uploads\\\/2022\\\/02\\\/Herreria-Esteban-casa-21-scaled.jpg\"}},{\"type\":\"slideshow_item\",\"props\":{\"image\":\"wp-content\\\/uploads\\\/2022\\\/02\\\/Herreria-Esteban-casa-03-scaled.jpg\"}},{\"type\":\"slideshow_item\",\"props\":{\"image\":\"wp-content\\\/uploads\\\/2022\\\/02\\\/Herreria-Esteban-casa-22-scaled.jpg\"}},{\"type\":\"slideshow_item\",\"props\":{\"image\":\"wp-content\\\/uploads\\\/2022\\\/02\\\/Herreria-Esteban-casa-18-scaled.jpg\"}}]}]}]}]}],\"version\":\"4.2.13\"} --><\/p>\n","protected":false},"excerpt":{"rendered":"<p>Casa Rural La Herrer\u00eda de Esteban Cuevas Labradas &#8211; Teruel Alojamiento tur\u00edstico para grupos de hasta 13 personas Estilo tradicional Esta antigua casa familiar fue rehabilitada en 2016. Est\u00e1 ubicada en Cuervas Labradas, un peque\u00f1o pueblo de la provincia de Teruel.\u00a0 Qui\u00e9nes somos Descubre la casa Cada rinc\u00f3n de esta casita est\u00e1 pensado para que [&hellip;]<\/p>\n","protected":false},"author":1,"featured_media":0,"parent":0,"menu_order":2,"comment_status":"open","ping_status":"open","template":"","meta":{"_acf_changed":false,"footnotes":""},"class_list":["post-1","page","type-page","status-publish","hentry"],"acf":[],"yoast_head":"<!-- This site is optimized with the Yoast SEO plugin v23.6 - https:\/\/yoast.com\/wordpress\/plugins\/seo\/ -->\n<title>Casa Rural La Herrer\u00eda de Esteban - Alojamiento en Teruel<\/title>\n<meta name=\"description\" content=\"Cada rinc\u00f3n de esta casita est\u00e1 pensado para que te sientas arropado. Una cocina completa, le\u00f1a incluida, ba\u00f1os completos\u2026 queremos que tu estancia sea lo m\u00e1s c\u00f3moda posible.\" \/>\n<meta name=\"robots\" content=\"index, follow, max-snippet:-1, max-image-preview:large, max-video-preview:-1\" \/>\n<link rel=\"canonical\" href=\"https:\/\/herreriadeesteban.com\/\" \/>\n<meta property=\"og:locale\" content=\"es_ES\" \/>\n<meta property=\"og:type\" content=\"article\" \/>\n<meta property=\"og:title\" content=\"Casa Rural La Herrer\u00eda de Esteban - Alojamiento en Teruel\" \/>\n<meta property=\"og:description\" content=\"Cada rinc\u00f3n de esta casita est\u00e1 pensado para que te sientas arropado. Una cocina completa, le\u00f1a incluida, ba\u00f1os completos\u2026 queremos que tu estancia sea lo m\u00e1s c\u00f3moda posible.\" \/>\n<meta property=\"og:url\" content=\"https:\/\/herreriadeesteban.com\/\" \/>\n<meta property=\"og:site_name\" content=\"La Herrer\u00eda de Esteban - Entr\u00fafate\" \/>\n<meta property=\"article:modified_time\" content=\"2025-12-23T16:28:07+00:00\" \/>\n<meta name=\"twitter:card\" content=\"summary_large_image\" \/>\n<meta name=\"twitter:label1\" content=\"Tiempo de lectura\" \/>\n\t<meta name=\"twitter:data1\" content=\"2 minutos\" \/>\n<script type=\"application\/ld+json\" class=\"yoast-schema-graph\">{\"@context\":\"https:\/\/schema.org\",\"@graph\":[{\"@type\":\"WebPage\",\"@id\":\"https:\/\/herreriadeesteban.com\/\",\"url\":\"https:\/\/herreriadeesteban.com\/\",\"name\":\"Casa Rural La Herrer\u00eda de Esteban - Alojamiento en Teruel\",\"isPartOf\":{\"@id\":\"https:\/\/herreriadeesteban.com\/#website\"},\"datePublished\":\"2019-09-04T14:27:50+00:00\",\"dateModified\":\"2025-12-23T16:28:07+00:00\",\"description\":\"Cada rinc\u00f3n de esta casita est\u00e1 pensado para que te sientas arropado. Una cocina completa, le\u00f1a incluida, ba\u00f1os completos\u2026 queremos que tu estancia sea lo m\u00e1s c\u00f3moda posible.\",\"breadcrumb\":{\"@id\":\"https:\/\/herreriadeesteban.com\/#breadcrumb\"},\"inLanguage\":\"es\",\"potentialAction\":[{\"@type\":\"ReadAction\",\"target\":[\"https:\/\/herreriadeesteban.com\/\"]}]},{\"@type\":\"BreadcrumbList\",\"@id\":\"https:\/\/herreriadeesteban.com\/#breadcrumb\",\"itemListElement\":[{\"@type\":\"ListItem\",\"position\":1,\"name\":\"Portada\",\"item\":\"https:\/\/herreriadeesteban.com\/\"},{\"@type\":\"ListItem\",\"position\":2,\"name\":\"Inicio\"}]},{\"@type\":\"WebSite\",\"@id\":\"https:\/\/herreriadeesteban.com\/#website\",\"url\":\"https:\/\/herreriadeesteban.com\/\",\"name\":\"La Herrer\u00eda de Esteban - Entr\u00fafate\",\"description\":\"Casa Rural con experiencia de trufiturismo\",\"potentialAction\":[{\"@type\":\"SearchAction\",\"target\":{\"@type\":\"EntryPoint\",\"urlTemplate\":\"https:\/\/herreriadeesteban.com\/?s={search_term_string}\"},\"query-input\":{\"@type\":\"PropertyValueSpecification\",\"valueRequired\":true,\"valueName\":\"search_term_string\"}}],\"inLanguage\":\"es\"}]}<\/script>\n<!-- \/ Yoast SEO plugin. -->","yoast_head_json":{"title":"Casa Rural La Herrer\u00eda de Esteban - Alojamiento en Teruel","description":"Cada rinc\u00f3n de esta casita est\u00e1 pensado para que te sientas arropado. Una cocina completa, le\u00f1a incluida, ba\u00f1os completos\u2026 queremos que tu estancia sea lo m\u00e1s c\u00f3moda posible.","robots":{"index":"index","follow":"follow","max-snippet":"max-snippet:-1","max-image-preview":"max-image-preview:large","max-video-preview":"max-video-preview:-1"},"canonical":"https:\/\/herreriadeesteban.com\/","og_locale":"es_ES","og_type":"article","og_title":"Casa Rural La Herrer\u00eda de Esteban - Alojamiento en Teruel","og_description":"Cada rinc\u00f3n de esta casita est\u00e1 pensado para que te sientas arropado. Una cocina completa, le\u00f1a incluida, ba\u00f1os completos\u2026 queremos que tu estancia sea lo m\u00e1s c\u00f3moda posible.","og_url":"https:\/\/herreriadeesteban.com\/","og_site_name":"La Herrer\u00eda de Esteban - Entr\u00fafate","article_modified_time":"2025-12-23T16:28:07+00:00","twitter_card":"summary_large_image","twitter_misc":{"Tiempo de lectura":"2 minutos"},"schema":{"@context":"https:\/\/schema.org","@graph":[{"@type":"WebPage","@id":"https:\/\/herreriadeesteban.com\/","url":"https:\/\/herreriadeesteban.com\/","name":"Casa Rural La Herrer\u00eda de Esteban - Alojamiento en Teruel","isPartOf":{"@id":"https:\/\/herreriadeesteban.com\/#website"},"datePublished":"2019-09-04T14:27:50+00:00","dateModified":"2025-12-23T16:28:07+00:00","description":"Cada rinc\u00f3n de esta casita est\u00e1 pensado para que te sientas arropado. Una cocina completa, le\u00f1a incluida, ba\u00f1os completos\u2026 queremos que tu estancia sea lo m\u00e1s c\u00f3moda posible.","breadcrumb":{"@id":"https:\/\/herreriadeesteban.com\/#breadcrumb"},"inLanguage":"es","potentialAction":[{"@type":"ReadAction","target":["https:\/\/herreriadeesteban.com\/"]}]},{"@type":"BreadcrumbList","@id":"https:\/\/herreriadeesteban.com\/#breadcrumb","itemListElement":[{"@type":"ListItem","position":1,"name":"Portada","item":"https:\/\/herreriadeesteban.com\/"},{"@type":"ListItem","position":2,"name":"Inicio"}]},{"@type":"WebSite","@id":"https:\/\/herreriadeesteban.com\/#website","url":"https:\/\/herreriadeesteban.com\/","name":"La Herrer\u00eda de Esteban - Entr\u00fafate","description":"Casa Rural con experiencia de trufiturismo","potentialAction":[{"@type":"SearchAction","target":{"@type":"EntryPoint","urlTemplate":"https:\/\/herreriadeesteban.com\/?s={search_term_string}"},"query-input":{"@type":"PropertyValueSpecification","valueRequired":true,"valueName":"search_term_string"}}],"inLanguage":"es"}]}},"_links":{"self":[{"href":"https:\/\/herreriadeesteban.com\/index.php?rest_route=\/wp\/v2\/pages\/1"}],"collection":[{"href":"https:\/\/herreriadeesteban.com\/index.php?rest_route=\/wp\/v2\/pages"}],"about":[{"href":"https:\/\/herreriadeesteban.com\/index.php?rest_route=\/wp\/v2\/types\/page"}],"author":[{"embeddable":true,"href":"https:\/\/herreriadeesteban.com\/index.php?rest_route=\/wp\/v2\/users\/1"}],"replies":[{"embeddable":true,"href":"https:\/\/herreriadeesteban.com\/index.php?rest_route=%2Fwp%2Fv2%2Fcomments&post=1"}],"version-history":[{"count":10,"href":"https:\/\/herreriadeesteban.com\/index.php?rest_route=\/wp\/v2\/pages\/1\/revisions"}],"predecessor-version":[{"id":46025,"href":"https:\/\/herreriadeesteban.com\/index.php?rest_route=\/wp\/v2\/pages\/1\/revisions\/46025"}],"wp:attachment":[{"href":"https:\/\/herreriadeesteban.com\/index.php?rest_route=%2Fwp%2Fv2%2Fmedia&parent=1"}],"curies":[{"name":"wp","href":"https:\/\/api.w.org\/{rel}","templated":true}]}}