{"id":19,"date":"2019-09-04T14:27:50","date_gmt":"2019-09-04T14:27:50","guid":{"rendered":"http:\/\/s848802881.mialojamiento.es\/webs\/entrufate\/?p=19"},"modified":"2025-12-23T17:34:28","modified_gmt":"2025-12-23T16:34:28","slug":"contacto","status":"publish","type":"page","link":"https:\/\/herreriadeesteban.com\/?page_id=19","title":{"rendered":"Contacto"},"content":{"rendered":"<div>\n<div>Haz tu reserva<\/div>\n<p>La Herrer\u00eda de Esteban<\/p>\n<div>\n<p><span>Si has llegado aqu\u00ed es porque quieres visitar la provincia de Teruel y alojarte con nosotros. Nos encontramos a 100 metros de la Plaza Mayor de Cuevas Labradas.\u00a0<\/span><\/p>\n<\/div>\n<\/div>\n<p><img decoding=\"async\" src=\"\/wp-content\/uploads\/2022\/02\/Herreria-Esteban-fondo-03-C.png\" alt=\"\"><\/p>\n<h6>Redes Sociales de entr\u00fafate<\/h6>\n<ul>\n<li><a href=\"https:\/\/www.instagram.com\/entrufate14\/\">instagram<\/a>\n<\/li>\n<li><a href=\"https:\/\/www.facebook.com\/ENTRUFATE14\/\">facebook<\/a>\n<\/li>\n<\/ul>\n<h6>Redes Sociales de Herrer\u00eda de Esteban<\/h6>\n<ul>\n<li><a href=\"https:\/\/www.facebook.com\/laherreriadeesteban\">facebook<\/a>\n<\/li>\n<\/ul>\n<ul>\n<li>\n<h3>Tel\u00e9fonos<\/h3>\n<div>\n<p><a href=\"tel:+34680716346\" target=\"_blank\" rel=\"noopener\">680 716 346<\/a><\/p>\n<p><a href=\"tel:+34699033063\" target=\"_blank\" rel=\"noopener\">699 033 063<\/a><\/p>\n<\/div>\n<\/li>\n<li>\n<h3>E-mail<\/h3>\n<div>\n<p>info@herreriadeesteban.com<\/p>\n<\/div>\n<p><a href=\"mailto:info@herreriadeesteban.com\"><\/a><\/p>\n<\/li>\n<li>\n<h3>Direcci\u00f3n<\/h3>\n<div>\n<p>Calle Herrer\u00eda, 10 <br \/>44162 Cuevas Labradas (Teruel)<\/p>\n<\/div>\n<p><a href=\"https:\/\/goo.gl\/maps\/QYq69afgac1YWpDR8\"><\/a><\/p>\n<\/li>\n<\/ul>\n<p><img decoding=\"async\" src=\"\/wp-content\/uploads\/2025\/12\/thumbnail_La-Herreria-de-Esteban-13.jpg\" alt=\"\"><br \/>\n<img decoding=\"async\" src=\"\/wp-content\/uploads\/2022\/02\/Herreria-Esteban-casa-12-scaled.jpg\" alt=\"\"><\/p>\n<h4>Formulario de contacto<\/h4>\n<div>\n\n<div class=\"wpcf7 no-js\" id=\"wpcf7-f1840-o1\" lang=\"es-ES\" dir=\"ltr\">\n<div class=\"screen-reader-response\"><p role=\"status\" aria-live=\"polite\" aria-atomic=\"true\"><\/p> <ul><\/ul><\/div>\n<form action=\"\/index.php?rest_route=%2Fwp%2Fv2%2Fpages%2F19#wpcf7-f1840-o1\" method=\"post\" class=\"wpcf7-form init\" aria-label=\"Formulario de contacto\" novalidate=\"novalidate\" data-status=\"init\">\n<div style=\"display: none;\">\n<input type=\"hidden\" name=\"_wpcf7\" value=\"1840\" \/>\n<input type=\"hidden\" name=\"_wpcf7_version\" value=\"5.9.8\" \/>\n<input type=\"hidden\" name=\"_wpcf7_locale\" value=\"es_ES\" \/>\n<input type=\"hidden\" name=\"_wpcf7_unit_tag\" value=\"wpcf7-f1840-o1\" \/>\n<input type=\"hidden\" name=\"_wpcf7_container_post\" value=\"0\" \/>\n<input type=\"hidden\" name=\"_wpcf7_posted_data_hash\" value=\"\" \/>\n<input type=\"hidden\" name=\"_wpcf7_recaptcha_response\" value=\"\" \/>\n<\/div>\n<p><label> Tu nombre<br \/>\n<span class=\"wpcf7-form-control-wrap\" data-name=\"your-name\"><input size=\"40\" maxlength=\"400\" class=\"wpcf7-form-control wpcf7-text wpcf7-validates-as-required\" aria-required=\"true\" aria-invalid=\"false\" value=\"\" type=\"text\" name=\"your-name\" \/><\/span> <\/label>\n<\/p>\n<p><label> Tu correo electr\u00f3nico<br \/>\n<span class=\"wpcf7-form-control-wrap\" data-name=\"your-email\"><input size=\"40\" maxlength=\"400\" class=\"wpcf7-form-control wpcf7-email wpcf7-validates-as-required wpcf7-text wpcf7-validates-as-email\" aria-required=\"true\" aria-invalid=\"false\" value=\"\" type=\"email\" name=\"your-email\" \/><\/span> <\/label>\n<\/p>\n<p><label> Asunto<br \/>\n<span class=\"wpcf7-form-control-wrap\" data-name=\"your-subject\"><input size=\"40\" maxlength=\"400\" class=\"wpcf7-form-control wpcf7-text wpcf7-validates-as-required\" aria-required=\"true\" aria-invalid=\"false\" value=\"\" type=\"text\" name=\"your-subject\" \/><\/span> <\/label>\n<\/p>\n<p><label> Tu mensaje (opcional)<br \/>\n<span class=\"wpcf7-form-control-wrap\" data-name=\"your-message\"><textarea cols=\"40\" rows=\"10\" maxlength=\"2000\" class=\"wpcf7-form-control wpcf7-textarea\" aria-invalid=\"false\" name=\"your-message\"><\/textarea><\/span> <\/label>\n<\/p>\n<p><label><b>Informaci\u00f3n b\u00e1sica sobre su protecci\u00f3n de datos:<\/b><br \/>\n<b>Responsable:<\/b> Esteban Fuertes Fabre.<br \/>\n<b> Finalidad:<\/b> Dar respuesta a su solicitud de informaci\u00f3n o consulta y enviarle informaci\u00f3n sobre nuevos productos, servicios y novedades, si as\u00ed lo consiente.<br \/>\n<b> Legitimaci\u00f3n:<\/b> Consentimiento del interesado al marcar la casilla y enviar sus datos.<br \/>\n<b>Derechos:<\/b> Acceder, rectificar y suprimir los datos, as\u00ed como otros derechos como se explica en la <a href=\"https:\/\/herreriadeesteban.com\/?page_id=1357\" target=\"_blank\"> Pol\u00edtica de Privacidad.<\/a><\/label>\n<\/p>\n<p><input class=\"wpcf7-form-control wpcf7-submit has-spinner\" type=\"submit\" value=\"Enviar\" \/>\n<\/p><div class=\"wpcf7-response-output\" aria-hidden=\"true\"><\/div>\n<\/form>\n<\/div>\n<\/div>\n<div>\n<p>    <iframe src=\"https:\/\/www.google.com\/maps\/embed?pb=!1m18!1m12!1m3!1d3035.9241532740034!2d-1.053807984350221!3d40.45481566124585!2m3!1f0!2f0!3f0!3m2!1i1024!2i768!4f13.1!3m3!1m2!1s0xd5e6fe4fea02959%3A0xbb1d80019c7fa391!2sLa%20Herreria%20de%20Esteban!5e0!3m2!1ses!2ses!4v1644823644136!5m2!1ses!2ses\" width=\"100%\" height=\"350\" style=\"border:0;\" allowfullscreen=\"\" loading=\"lazy\"><\/iframe>\n<\/div>\n<p><img decoding=\"async\" src=\"\/wp-content\/uploads\/2022\/02\/Herreria-Esteban-logo-web-blanco.png\" alt=\"\"><\/p>\n<p><!--more--><br \/>\n<!-- {\"name\":\"plantilla-entorno\",\"type\":\"layout\",\"children\":[{\"type\":\"section\",\"props\":{\"image\":\"wp-content\\\/uploads\\\/2025\\\/12\\\/thumbnail_La-Herreria-de-Esteban-03.jpg\",\"image_position\":\"center-center\",\"image_size\":\"cover\",\"style\":\"default\",\"title_breakpoint\":\"xl\",\"title_position\":\"top-left\",\"title_rotation\":\"left\",\"vertical_align\":\"middle\",\"width\":\"default\"},\"children\":[{\"type\":\"row\",\"props\":{\"layout\":\"1-2,1-2\"},\"children\":[{\"type\":\"column\",\"props\":{\"image_position\":\"center-center\",\"position_sticky_breakpoint\":\"m\",\"width_medium\":\"1-2\"},\"children\":[{\"type\":\"panel\",\"props\":{\"block_align\":\"center\",\"content\":\"\n\n<p><span>Si has llegado aqu\\u00ed es porque quieres visitar la provincia de Teruel y alojarte con nosotros. Nos encontramos a 100 metros de la Plaza Mayor de Cuevas Labradas.\\u00a0<\\\/span><\\\/p>\",\"content_column_breakpoint\":\"m\",\"icon_width\":80,\"image_align\":\"top\",\"image_grid_breakpoint\":\"m\",\"image_grid_width\":\"1-2\",\"image_svg_color\":\"emphasis\",\"link_style\":\"default\",\"link_text\":\"Read more\",\"margin\":\"default\",\"maxwidth\":\"large\",\"meta\":\"La Herrer\\u00eda de Esteban\",\"meta_align\":\"above-title\",\"meta_element\":\"h1\",\"meta_style\":\"text-meta\",\"panel_padding\":\"large\",\"panel_style\":\"card-primary\",\"title\":\"Haz tu reserva\",\"title_align\":\"top\",\"title_color\":\"primary\",\"title_element\":\"div\",\"title_grid_breakpoint\":\"m\",\"title_grid_width\":\"1-2\",\"title_hover_style\":\"reset\",\"title_style\":\"h1\"}},{\"type\":\"image\",\"props\":{\"image\":\"wp-content\\\/uploads\\\/2022\\\/02\\\/Herreria-Esteban-fondo-03-C.png\",\"image_height\":\"500\",\"image_svg_color\":\"emphasis\",\"margin\":\"default\",\"position\":\"absolute\",\"position_left\":\"-360\",\"position_top\":\"50\"}}]},{\"type\":\"column\",\"props\":{\"image_position\":\"center-center\",\"position_sticky_breakpoint\":\"m\",\"width_medium\":\"1-2\"}}]}]},{\"type\":\"section\",\"props\":{\"image\":\"wp-content\\\/uploads\\\/2022\\\/02\\\/Herreria-Esteban-fondo-01.png\",\"image_effect\":\"fixed\",\"image_position\":\"center-center\",\"image_size\":\"cover\",\"media_visibility\":\"m\",\"padding\":\"large\",\"style\":\"default\",\"title_breakpoint\":\"xl\",\"title_position\":\"top-left\",\"title_rotation\":\"left\",\"vertical_align\":\"middle\",\"width\":\"default\"},\"children\":[{\"type\":\"row\",\"props\":{\"column_gap\":\"large\",\"layout\":\"2-5,3-5\"},\"children\":[{\"type\":\"column\",\"props\":{\"image_position\":\"center-center\",\"position_sticky_breakpoint\":\"m\",\"vertical_align\":\"middle\",\"width_medium\":\"2-5\"},\"children\":[{\"type\":\"headline\",\"props\":{\"content\":\"Redes Sociales de entr\\u00fafate\",\"title_element\":\"h6\",\"title_style\":\"h6\"}},{\"type\":\"social\",\"props\":{\"grid\":\"horizontal\",\"grid_gap\":\"small\",\"image_svg_inline\":true,\"link_style\":\"button\",\"link_target\":true,\"margin\":\"default\"},\"children\":[{\"type\":\"social_item\",\"props\":{\"link\":\"https:\\\/\\\/www.instagram.com\\\/entrufate14\\\/\"}},{\"type\":\"social_item\",\"props\":{\"link\":\"https:\\\/\\\/www.facebook.com\\\/ENTRUFATE14\\\/\"}}]},{\"type\":\"headline\",\"props\":{\"content\":\"Redes Sociales de Herrer\\u00eda de Esteban\",\"title_element\":\"h6\",\"title_style\":\"h6\"}},{\"type\":\"social\",\"props\":{\"grid\":\"horizontal\",\"grid_gap\":\"small\",\"image_svg_inline\":true,\"link_style\":\"button\",\"link_target\":true,\"margin\":\"default\"},\"children\":[{\"type\":\"social_item\",\"props\":{\"link\":\"https:\\\/\\\/www.facebook.com\\\/laherreriadeesteban\"}}]},{\"type\":\"grid\",\"props\":{\"content_column_breakpoint\":\"m\",\"content_margin\":\"small\",\"filter_align\":\"left\",\"filter_all\":true,\"filter_grid_breakpoint\":\"m\",\"filter_grid_width\":\"auto\",\"filter_position\":\"top\",\"filter_style\":\"tab\",\"grid_default\":\"1\",\"grid_medium\":\"1\",\"icon_width\":80,\"image_align\":\"top\",\"image_grid_breakpoint\":\"m\",\"image_grid_width\":\"1-2\",\"image_svg_color\":\"emphasis\",\"item_animation\":true,\"link_style\":\"default\",\"link_target\":true,\"link_text\":\"\",\"margin\":\"default\",\"meta_align\":\"below-title\",\"meta_element\":\"div\",\"meta_style\":\"text-meta\",\"panel_link\":true,\"panel_padding\":\"default\",\"panel_style\":\"card-default\",\"parallax_easing\":\"1\",\"show_content\":true,\"show_image\":true,\"show_link\":true,\"show_meta\":true,\"show_title\":true,\"title_align\":\"top\",\"title_element\":\"h3\",\"title_grid_breakpoint\":\"m\",\"title_grid_width\":\"1-2\",\"title_hover_style\":\"reset\"},\"children\":[{\"type\":\"grid_item\",\"props\":{\"content\":\"\n\n<p><a href=\\\"tel:+34680716346\\\" target=\\\"_blank\\\" rel=\\\"noopener\\\">680 716 346<\\\/a><\\\/p>\\n\n\n<p><a href=\\\"tel:+34699033063\\\" target=\\\"_blank\\\" rel=\\\"noopener\\\">699 033 063<\\\/a><\\\/p>\",\"title\":\"Tel\\u00e9fonos\"}},{\"type\":\"grid_item\",\"props\":{\"content\":\"\n\n<p>info@herreriadeesteban.com<\\\/p>\",\"link\":\"mailto:info@herreriadeesteban.com\",\"title\":\"E-mail\"}},{\"type\":\"grid_item\",\"props\":{\"content\":\"\n\n<p>Calle Herrer\\u00eda, 10 <br \\\/>44162 Cuevas Labradas (Teruel)<\\\/p>\",\"link\":\"https:\\\/\\\/goo.gl\\\/maps\\\/QYq69afgac1YWpDR8\",\"title\":\"Direcci\\u00f3n\"}}]}]},{\"type\":\"column\",\"props\":{\"image_position\":\"center-center\",\"position_sticky_breakpoint\":\"m\",\"vertical_align\":\"middle\",\"width_medium\":\"3-5\"},\"children\":[{\"type\":\"image\",\"props\":{\"css\":\".el-image {border-radius: 0px 100px 0px 100px ;}\",\"image\":\"wp-content\\\/uploads\\\/2025\\\/12\\\/thumbnail_La-Herreria-de-Esteban-13.jpg\",\"image_box_decoration\":\"default\",\"image_height\":\"1200\",\"image_svg_color\":\"emphasis\",\"image_width\":\"1000\",\"margin\":\"default\"}}]}]}],\"name\":\"Texto quienes somos\"},{\"type\":\"section\",\"props\":{\"id\":\"lugares\",\"image\":\"wp-content\\\/uploads\\\/2022\\\/02\\\/Herreria-Esteban-fondo-01-C.png\",\"image_effect\":\"fixed\",\"image_position\":\"center-center\",\"image_size\":\"cover\",\"media_visibility\":\"m\",\"padding\":\"large\",\"preserve_color\":true,\"style\":\"secondary\",\"title_breakpoint\":\"xl\",\"title_position\":\"top-left\",\"title_rotation\":\"left\",\"vertical_align\":\"middle\",\"width\":\"large\"},\"children\":[{\"type\":\"row\",\"props\":{\"layout\":\"2-5,3-5\"},\"children\":[{\"type\":\"column\",\"props\":{\"image_position\":\"center-center\",\"position_sticky\":\"column\",\"position_sticky_breakpoint\":\"m\",\"vertical_align\":\"middle\",\"width_medium\":\"2-5\"},\"children\":[{\"type\":\"image\",\"props\":{\"css\":\".el-image {border-radius: 0px 100px 0px 100px ;}\",\"image\":\"wp-content\\\/uploads\\\/2022\\\/02\\\/Herreria-Esteban-casa-12-scaled.jpg\",\"image_box_decoration\":\"default\",\"image_height\":\"1000\",\"image_svg_color\":\"emphasis\",\"image_width\":\"1000\",\"margin\":\"default\"}}]},{\"type\":\"column\",\"props\":{\"image_position\":\"center-center\",\"position_sticky_breakpoint\":\"m\",\"style\":\"tile-default\",\"width_medium\":\"3-5\"},\"children\":[{\"type\":\"headline\",\"props\":{\"content\":\"Formulario de contacto\",\"maxwidth\":\"xlarge\",\"title_color\":\"primary\",\"title_element\":\"h4\",\"title_style\":\"h1\"}},{\"type\":\"html\",\"props\":{\"content\":\"[contact-form-7 id=\\\"1840\\\" title=\\\"Formulario de contacto 1\\\"]\"}}]}]}]},{\"type\":\"section\",\"props\":{\"image_position\":\"center-center\",\"padding\":\"none\",\"style\":\"default\",\"title_breakpoint\":\"xl\",\"title_position\":\"top-left\",\"title_rotation\":\"left\",\"vertical_align\":\"middle\",\"width\":\"\"},\"children\":[{\"type\":\"row\",\"children\":[{\"type\":\"column\",\"props\":{\"image_position\":\"center-center\",\"position_sticky_breakpoint\":\"m\"},\"children\":[{\"type\":\"html\",\"props\":{\"content\":\"<iframe src=\\\"https:\\\/\\\/www.google.com\\\/maps\\\/embed?pb=!1m18!1m12!1m3!1d3035.9241532740034!2d-1.053807984350221!3d40.45481566124585!2m3!1f0!2f0!3f0!3m2!1i1024!2i768!4f13.1!3m3!1m2!1s0xd5e6fe4fea02959%3A0xbb1d80019c7fa391!2sLa%20Herreria%20de%20Esteban!5e0!3m2!1ses!2ses!4v1644823644136!5m2!1ses!2ses\\\" width=\\\"100%\\\" height=\\\"350\\\" style=\\\"border:0;\\\" allowfullscreen=\\\"\\\" loading=\\\"lazy\\\"><\\\/iframe>\"}}]}]}]},{\"type\":\"section\",\"props\":{\"image\":\"wp-content\\\/uploads\\\/2025\\\/12\\\/thumbnail_La-Herreria-de-Esteban-01.jpg\",\"image_effect\":\"fixed\",\"image_position\":\"center-center\",\"image_size\":\"cover\",\"media_overlay\":\"rgba(0, 0, 0, 0.51)\",\"style\":\"default\",\"title_breakpoint\":\"xl\",\"title_position\":\"top-left\",\"title_rotation\":\"left\",\"vertical_align\":\"middle\",\"width\":\"default\"},\"children\":[{\"type\":\"row\",\"children\":[{\"type\":\"column\",\"props\":{\"image_position\":\"center-center\",\"position_sticky_breakpoint\":\"m\"},\"children\":[{\"type\":\"image\",\"props\":{\"image\":\"wp-content\\\/uploads\\\/2022\\\/02\\\/Herreria-Esteban-logo-web-blanco.png\",\"image_svg_color\":\"emphasis\",\"image_width\":\"400\",\"margin\":\"default\",\"text_align\":\"center\"}}]}]}],\"modified\":\"2022-02-11T10:13:09.757Z\",\"name\":\"foto-fondo\"}],\"version\":\"4.2.13\"} --><\/p>\n","protected":false},"excerpt":{"rendered":"<p>Haz tu reserva La Herrer\u00eda de Esteban Si has llegado aqu\u00ed es porque quieres visitar la provincia de Teruel y alojarte con nosotros. Nos encontramos a 100 metros de la Plaza Mayor de Cuevas Labradas.\u00a0 Redes Sociales de entr\u00fafate instagram facebook Redes Sociales de Herrer\u00eda de Esteban facebook Tel\u00e9fonos 680 716 346 699 033 063 [&hellip;]<\/p>\n","protected":false},"author":1,"featured_media":0,"parent":0,"menu_order":1,"comment_status":"open","ping_status":"open","template":"","meta":{"_acf_changed":false,"footnotes":""},"class_list":["post-19","page","type-page","status-publish","hentry"],"acf":[],"yoast_head":"<!-- This site is optimized with the Yoast SEO plugin v23.6 - https:\/\/yoast.com\/wordpress\/plugins\/seo\/ -->\n<title>Contacto - La Herrer\u00eda de Esteban - Entr\u00fafate<\/title>\n<meta name=\"description\" content=\"Casa rural en Cuevas Labradas (Teruel). Contacta con nosotros a trav\u00e9s del tel\u00e9fono 680 716 346 y te resolveremos todas tus dudas. Reservas.\" \/>\n<meta name=\"robots\" content=\"index, follow, max-snippet:-1, max-image-preview:large, max-video-preview:-1\" \/>\n<link rel=\"canonical\" href=\"https:\/\/herreriadeesteban.com\/?page_id=19\" \/>\n<meta property=\"og:locale\" content=\"es_ES\" \/>\n<meta property=\"og:type\" content=\"article\" \/>\n<meta property=\"og:title\" content=\"Contacto - La Herrer\u00eda de Esteban - Entr\u00fafate\" \/>\n<meta property=\"og:description\" content=\"Casa rural en Cuevas Labradas (Teruel). Contacta con nosotros a trav\u00e9s del tel\u00e9fono 680 716 346 y te resolveremos todas tus dudas. Reservas.\" \/>\n<meta property=\"og:url\" content=\"https:\/\/herreriadeesteban.com\/?page_id=19\" \/>\n<meta property=\"og:site_name\" content=\"La Herrer\u00eda de Esteban - Entr\u00fafate\" \/>\n<meta property=\"article:modified_time\" content=\"2025-12-23T16:34:28+00:00\" \/>\n<meta name=\"twitter:card\" content=\"summary_large_image\" \/>\n<script type=\"application\/ld+json\" class=\"yoast-schema-graph\">{\"@context\":\"https:\/\/schema.org\",\"@graph\":[{\"@type\":\"WebPage\",\"@id\":\"https:\/\/herreriadeesteban.com\/?page_id=19\",\"url\":\"https:\/\/herreriadeesteban.com\/?page_id=19\",\"name\":\"Contacto - La Herrer\u00eda de Esteban - Entr\u00fafate\",\"isPartOf\":{\"@id\":\"https:\/\/herreriadeesteban.com\/#website\"},\"datePublished\":\"2019-09-04T14:27:50+00:00\",\"dateModified\":\"2025-12-23T16:34:28+00:00\",\"description\":\"Casa rural en Cuevas Labradas (Teruel). Contacta con nosotros a trav\u00e9s del tel\u00e9fono 680 716 346 y te resolveremos todas tus dudas. Reservas.\",\"breadcrumb\":{\"@id\":\"https:\/\/herreriadeesteban.com\/?page_id=19#breadcrumb\"},\"inLanguage\":\"es\",\"potentialAction\":[{\"@type\":\"ReadAction\",\"target\":[\"https:\/\/herreriadeesteban.com\/?page_id=19\"]}]},{\"@type\":\"BreadcrumbList\",\"@id\":\"https:\/\/herreriadeesteban.com\/?page_id=19#breadcrumb\",\"itemListElement\":[{\"@type\":\"ListItem\",\"position\":1,\"name\":\"Portada\",\"item\":\"https:\/\/herreriadeesteban.com\/\"},{\"@type\":\"ListItem\",\"position\":2,\"name\":\"Contacto\"}]},{\"@type\":\"WebSite\",\"@id\":\"https:\/\/herreriadeesteban.com\/#website\",\"url\":\"https:\/\/herreriadeesteban.com\/\",\"name\":\"La Herrer\u00eda de Esteban - Entr\u00fafate\",\"description\":\"Casa Rural con experiencia de trufiturismo\",\"potentialAction\":[{\"@type\":\"SearchAction\",\"target\":{\"@type\":\"EntryPoint\",\"urlTemplate\":\"https:\/\/herreriadeesteban.com\/?s={search_term_string}\"},\"query-input\":{\"@type\":\"PropertyValueSpecification\",\"valueRequired\":true,\"valueName\":\"search_term_string\"}}],\"inLanguage\":\"es\"}]}<\/script>\n<!-- \/ Yoast SEO plugin. -->","yoast_head_json":{"title":"Contacto - La Herrer\u00eda de Esteban - Entr\u00fafate","description":"Casa rural en Cuevas Labradas (Teruel). Contacta con nosotros a trav\u00e9s del tel\u00e9fono 680 716 346 y te resolveremos todas tus dudas. Reservas.","robots":{"index":"index","follow":"follow","max-snippet":"max-snippet:-1","max-image-preview":"max-image-preview:large","max-video-preview":"max-video-preview:-1"},"canonical":"https:\/\/herreriadeesteban.com\/?page_id=19","og_locale":"es_ES","og_type":"article","og_title":"Contacto - La Herrer\u00eda de Esteban - Entr\u00fafate","og_description":"Casa rural en Cuevas Labradas (Teruel). Contacta con nosotros a trav\u00e9s del tel\u00e9fono 680 716 346 y te resolveremos todas tus dudas. Reservas.","og_url":"https:\/\/herreriadeesteban.com\/?page_id=19","og_site_name":"La Herrer\u00eda de Esteban - Entr\u00fafate","article_modified_time":"2025-12-23T16:34:28+00:00","twitter_card":"summary_large_image","schema":{"@context":"https:\/\/schema.org","@graph":[{"@type":"WebPage","@id":"https:\/\/herreriadeesteban.com\/?page_id=19","url":"https:\/\/herreriadeesteban.com\/?page_id=19","name":"Contacto - La Herrer\u00eda de Esteban - Entr\u00fafate","isPartOf":{"@id":"https:\/\/herreriadeesteban.com\/#website"},"datePublished":"2019-09-04T14:27:50+00:00","dateModified":"2025-12-23T16:34:28+00:00","description":"Casa rural en Cuevas Labradas (Teruel). Contacta con nosotros a trav\u00e9s del tel\u00e9fono 680 716 346 y te resolveremos todas tus dudas. Reservas.","breadcrumb":{"@id":"https:\/\/herreriadeesteban.com\/?page_id=19#breadcrumb"},"inLanguage":"es","potentialAction":[{"@type":"ReadAction","target":["https:\/\/herreriadeesteban.com\/?page_id=19"]}]},{"@type":"BreadcrumbList","@id":"https:\/\/herreriadeesteban.com\/?page_id=19#breadcrumb","itemListElement":[{"@type":"ListItem","position":1,"name":"Portada","item":"https:\/\/herreriadeesteban.com\/"},{"@type":"ListItem","position":2,"name":"Contacto"}]},{"@type":"WebSite","@id":"https:\/\/herreriadeesteban.com\/#website","url":"https:\/\/herreriadeesteban.com\/","name":"La Herrer\u00eda de Esteban - Entr\u00fafate","description":"Casa Rural con experiencia de trufiturismo","potentialAction":[{"@type":"SearchAction","target":{"@type":"EntryPoint","urlTemplate":"https:\/\/herreriadeesteban.com\/?s={search_term_string}"},"query-input":{"@type":"PropertyValueSpecification","valueRequired":true,"valueName":"search_term_string"}}],"inLanguage":"es"}]}},"_links":{"self":[{"href":"https:\/\/herreriadeesteban.com\/index.php?rest_route=\/wp\/v2\/pages\/19"}],"collection":[{"href":"https:\/\/herreriadeesteban.com\/index.php?rest_route=\/wp\/v2\/pages"}],"about":[{"href":"https:\/\/herreriadeesteban.com\/index.php?rest_route=\/wp\/v2\/types\/page"}],"author":[{"embeddable":true,"href":"https:\/\/herreriadeesteban.com\/index.php?rest_route=\/wp\/v2\/users\/1"}],"replies":[{"embeddable":true,"href":"https:\/\/herreriadeesteban.com\/index.php?rest_route=%2Fwp%2Fv2%2Fcomments&post=19"}],"version-history":[{"count":4,"href":"https:\/\/herreriadeesteban.com\/index.php?rest_route=\/wp\/v2\/pages\/19\/revisions"}],"predecessor-version":[{"id":46028,"href":"https:\/\/herreriadeesteban.com\/index.php?rest_route=\/wp\/v2\/pages\/19\/revisions\/46028"}],"wp:attachment":[{"href":"https:\/\/herreriadeesteban.com\/index.php?rest_route=%2Fwp%2Fv2%2Fmedia&parent=19"}],"curies":[{"name":"wp","href":"https:\/\/api.w.org\/{rel}","templated":true}]}}