{"id":2,"date":"2019-09-04T14:27:50","date_gmt":"2019-09-04T14:27:50","guid":{"rendered":"http:\/\/s848802881.mialojamiento.es\/webs\/entrufate\/?p=2"},"modified":"2022-09-07T16:34:05","modified_gmt":"2022-09-07T14:34:05","slug":"our-story","status":"publish","type":"page","link":"https:\/\/herreriadeesteban.com\/?page_id=2","title":{"rendered":"Qui\u00e9nes somos"},"content":{"rendered":"<div>\n<div>Qui\u00e9nes somos<\/div>\n<p>La Herrer\u00eda de Esteban<\/p>\n<div>\n<p>Somos Mar\u00eda y Esteban, una pareja de apasionados por el mundo rural. Y en 2016, nos lanzamos a restaurar esta casita familiar.\u00a0<\/p>\n<\/div>\n<\/div>\n<p><img decoding=\"async\" src=\"\/wp-content\/uploads\/2022\/02\/Herreria-Esteban-fondo-03-C.png\" alt=\"\"><\/p>\n<div>\n<h1>\u00a1Bienvenid@s a La Herrer\u00eda de Esteban!<\/h1>\n<p>Casa Rural cerca de Teruel<\/p>\n<div>\n<p>Esta casa restaurada refleja el esp\u00edritu de una casa de pueblo tradicional. Aqu\u00ed podr\u00e1s encontrar la combinaci\u00f3n ideal de relajaci\u00f3n, tranquilidad, naturaleza y aventura.\u00a0<\/p>\n<\/div>\n<\/div>\n<p><img decoding=\"async\" src=\"\/wp-content\/uploads\/2022\/02\/Herreria-Esteban-logo-web.png\" alt=\"\"><\/p>\n<ul>\n<li>\n<p>        <img decoding=\"async\" src=\"\/wp-content\/uploads\/2022\/02\/Herreria-Esteban-casa-24-scaled.jpg\" alt=\"\"><\/p>\n<\/li>\n<li>\n<p>        <img decoding=\"async\" src=\"\/wp-content\/uploads\/2022\/02\/Herreria-Esteban-casa-25-scaled.jpg\" alt=\"\"><\/p>\n<\/li>\n<li>\n<p>        <img decoding=\"async\" src=\"\/wp-content\/uploads\/2022\/02\/Herreria-Esteban-casa-06-scaled.jpg\" alt=\"\"><\/p>\n<\/li>\n<li>\n<p>        <img decoding=\"async\" src=\"\/wp-content\/uploads\/2022\/02\/Herreria-Esteban-casa-04-scaled.jpg\" alt=\"\"><\/p>\n<\/li>\n<\/ul>\n<p><img decoding=\"async\" src=\"\/wp-content\/uploads\/2022\/02\/Herreria-Esteban-casa-15-scaled.jpg\" alt=\"\"><\/p>\n<div>\n<div>\u00a1Bienvenid@s a La Herrer\u00eda de Esteban!<\/div>\n<p>Casa Rural cerca de Teruel<\/p>\n<div>\n<p>Esta casa restaurada refleja el esp\u00edritu de una casa de pueblo tradicional. Aqu\u00ed podr\u00e1s encontrar la combinaci\u00f3n ideal de relajaci\u00f3n, tranquilidad, naturaleza y aventura.\u00a0<\/p>\n<\/div>\n<\/div>\n<p><img decoding=\"async\" src=\"\/wp-content\/uploads\/2022\/02\/Herreria-Esteban-logo-web.png\" alt=\"\"><\/p>\n<ul>\n<li>\n<p>        <img decoding=\"async\" src=\"\/wp-content\/uploads\/2022\/02\/Herreria-Esteban-casa-24-scaled.jpg\" alt=\"\"><\/p>\n<\/li>\n<li>\n<p>        <img decoding=\"async\" src=\"\/wp-content\/uploads\/2022\/02\/Herreria-Esteban-casa-25-scaled.jpg\" alt=\"\"><\/p>\n<\/li>\n<li>\n<p>        <img decoding=\"async\" src=\"\/wp-content\/uploads\/2022\/02\/Herreria-Esteban-casa-06-scaled.jpg\" alt=\"\"><\/p>\n<\/li>\n<li>\n<p>        <img decoding=\"async\" src=\"\/wp-content\/uploads\/2022\/02\/Herreria-Esteban-casa-04-scaled.jpg\" alt=\"\"><\/p>\n<\/li>\n<\/ul>\n<ul>\n<li>\n<p>        <img decoding=\"async\" src=\"\/wp-content\/uploads\/2022\/02\/Herreria-Esteban-casa-07-scaled.jpg\" alt=\"\"><\/p>\n<\/li>\n<li>\n<p>        <img decoding=\"async\" src=\"\/wp-content\/uploads\/2022\/02\/Herreria-Esteban-casa-12-scaled.jpg\" alt=\"\"><\/p>\n<\/li>\n<li>\n<p>        <img decoding=\"async\" src=\"\/wp-content\/uploads\/2022\/02\/Herreria-Esteban-casa-08-scaled.jpg\" alt=\"\"><\/p>\n<\/li>\n<\/ul>\n<div>\n<h1>Enamorados de nuestro territorio<\/h1>\n<p>Mundo rural<\/p>\n<div>\n<p>El idilio del silencio, la naturaleza y la calidad de vida nos enamora d\u00eda a d\u00eda de nuestro querido pueblo de Cuevas Labradas (Teruel). Ven y disfruta durante unos d\u00edas de nuestra tranquilidad y nuestros espacios naturales.\u00a0<\/p>\n<\/div>\n<\/div>\n<div>\n<p>        <img decoding=\"async\" src=\"\/wp-content\/uploads\/2022\/02\/Herreria-Esteban-casa-14-scaled.jpg\" alt=\"\"><\/p>\n<h3>Estancias de la casa<\/h3>\n<p>Las habitaciones y zonas comunes<\/p>\n<p><a href=\"\/index.php?page_id=6\">Ver la casa<\/a><\/p>\n<\/div>\n<blockquote>\n<p>\u00abUn pueblo lejos de los agobios para relajarte y disfrutar de la naturaleza con los tuyos\u201c<\/p>\n<footer>\n<p>                <cite>La Herrer\u00eda de Esteban<\/cite><\/p>\n<\/footer>\n<\/blockquote>\n<div>\n<p>        <img decoding=\"async\" src=\"\/wp-content\/uploads\/2022\/02\/Herreria-Esteban-Entrufate-09-scaled.jpg\" alt=\"\"><\/p>\n<div>Entr\u00fafate &#8211; Disfruta de nuestra experiencia de trufiturismo<\/div>\n<p>Paseos por el campo<\/p>\n<p><a href=\"\/index.php?page_id=4\">Conoce la experiencia<\/a><\/p>\n<\/div>\n<p><img decoding=\"async\" src=\"\/wp-content\/uploads\/2022\/02\/Herreria-Esteban-fondo-03-C.png\" alt=\"\"><\/p>\n<div>\n<h2>Haz tu reserva <\/h2>\n<p>La Herrer\u00eda de Esteban<\/p>\n<div>\n<p>Contacta con nosotros sobre la disponibilidad y te enviaremos un presupuesto personalizado dependiendo del n\u00famero de personas (adultos y ni\u00f1os) que se\u00e1is.<\/p>\n<\/div>\n<\/div>\n<p>\n    <a href=\"\/index.php?page_id=19\">Cont\u00e1ctanos<\/a>\n<\/p>\n<p><!--more--><br \/>\n<!-- {\"name\":\"Portfolio\",\"type\":\"layout\",\"children\":[{\"type\":\"section\",\"props\":{\"style\":\"default\",\"width\":\"default\",\"vertical_align\":\"middle\",\"title_position\":\"top-left\",\"title_rotation\":\"left\",\"title_breakpoint\":\"xl\",\"image_position\":\"center-center\",\"image\":\"wp-content\\\/uploads\\\/2022\\\/02\\\/Herreria-Esteban-casa-03-scaled.jpg\",\"image_size\":\"cover\"},\"children\":[{\"type\":\"row\",\"props\":{\"layout\":\"1-2,1-2\"},\"children\":[{\"type\":\"column\",\"props\":{\"position_sticky_breakpoint\":\"m\",\"image_position\":\"center-center\",\"media_overlay_gradient\":\"\",\"width_medium\":\"1-2\"},\"children\":[{\"name\":\"\",\"type\":\"panel\",\"props\":{\"link_text\":\"Read more\",\"title_element\":\"div\",\"meta_style\":\"meta\",\"meta_align\":\"above-title\",\"image_align\":\"top\",\"image_grid_width\":\"1-2\",\"link_style\":\"default\",\"margin\":\"default\",\"meta\":\"La Herrer\\u00eda de Esteban\",\"title\":\"Qui\\u00e9nes somos\",\"content\":\"\n\n<p>Somos Mar\\u00eda y Esteban, una pareja de apasionados por el mundo rural. Y en 2016, nos lanzamos a restaurar esta casita familiar.\\u00a0<\\\/p>\",\"title_color\":\"primary\",\"maxwidth\":\"large\",\"block_align\":\"center\",\"title_hover_style\":\"reset\",\"title_align\":\"top\",\"title_grid_width\":\"1-2\",\"image_svg_color\":\"emphasis\",\"title_grid_breakpoint\":\"m\",\"image_grid_breakpoint\":\"m\",\"icon_width\":80,\"meta_element\":\"h1\",\"content_column_breakpoint\":\"m\",\"title_style\":\"h1\",\"panel_style\":\"card-primary\",\"panel_padding\":\"large\"}},{\"type\":\"image\",\"props\":{\"margin\":\"default\",\"image_svg_color\":\"emphasis\",\"image\":\"wp-content\\\/uploads\\\/2022\\\/02\\\/Herreria-Esteban-fondo-03-C.png\",\"image_height\":\"500\",\"position\":\"absolute\",\"position_left\":\"-360\",\"position_top\":\"50\"}}]},{\"type\":\"column\",\"props\":{\"position_sticky_breakpoint\":\"m\",\"image_position\":\"center-center\",\"media_overlay_gradient\":\"\",\"width_medium\":\"1-2\"},\"children\":[]}]}]},{\"type\":\"section\",\"props\":{\"style\":\"default\",\"width\":\"default\",\"vertical_align\":\"middle\",\"title_position\":\"top-left\",\"title_rotation\":\"left\",\"title_breakpoint\":\"xl\",\"image_position\":\"center-center\",\"image\":\"wp-content\\\/uploads\\\/2022\\\/02\\\/Herreria-Esteban-fondo-01.png\",\"image_size\":\"cover\",\"image_effect\":\"fixed\",\"padding\":\"large\",\"css\":\"@media(max-width:959px){.el-element{display:none;}}\"},\"children\":[{\"type\":\"row\",\"props\":{\"layout\":\"1-2,1-2\"},\"children\":[{\"type\":\"column\",\"props\":{\"position_sticky_breakpoint\":\"m\",\"image_position\":\"center-center\",\"media_overlay_gradient\":\"\",\"width_medium\":\"1-2\"},\"children\":[{\"name\":\"\",\"type\":\"panel\",\"props\":{\"link_text\":\"Read more\",\"title_element\":\"h1\",\"meta_style\":\"meta\",\"meta_align\":\"above-title\",\"image_align\":\"top\",\"image_grid_width\":\"1-2\",\"link_style\":\"default\",\"margin\":\"default\",\"meta\":\"Casa Rural cerca de Teruel\",\"title\":\"\\u00a1Bienvenid@s a La Herrer\\u00eda de Esteban!\",\"content\":\"\n\n<p>Esta casa restaurada refleja el esp\\u00edritu de una casa de pueblo tradicional. Aqu\\u00ed podr\\u00e1s encontrar la combinaci\\u00f3n ideal de relajaci\\u00f3n, tranquilidad, naturaleza y aventura.\\u00a0<\\\/p>\",\"title_color\":\"primary\",\"maxwidth\":\"large\",\"block_align\":\"center\",\"title_hover_style\":\"reset\",\"title_align\":\"top\",\"title_grid_width\":\"1-2\",\"image_svg_color\":\"emphasis\",\"title_grid_breakpoint\":\"m\",\"image_grid_breakpoint\":\"m\",\"icon_width\":80,\"meta_element\":\"h1\",\"content_column_breakpoint\":\"m\",\"title_style\":\"h1\"}},{\"type\":\"image\",\"props\":{\"margin\":\"medium\",\"image_svg_color\":\"emphasis\",\"image\":\"wp-content\\\/uploads\\\/2022\\\/02\\\/Herreria-Esteban-logo-web.png\",\"image_width\":\"150\",\"text_align\":\"left\",\"maxwidth\":\"large\",\"block_align\":\"center\"}}]},{\"type\":\"column\",\"props\":{\"position_sticky_breakpoint\":\"m\",\"image_position\":\"center-center\",\"media_overlay_gradient\":\"\",\"width_medium\":\"1-2\"},\"children\":[{\"name\":\"galeria-fotos\",\"type\":\"slideshow\",\"props\":{\"show_title\":true,\"show_meta\":true,\"show_content\":true,\"show_link\":true,\"show_thumbnail\":true,\"slideshow_min_height\":\"550\",\"slideshow_autoplay_pause\":false,\"nav\":\"dotnav\",\"nav_position\":\"top-left\",\"nav_position_margin\":\"small\",\"nav_align\":\"center\",\"nav_breakpoint\":\"\",\"thumbnav_width\":\"100\",\"thumbnav_height\":\"75\",\"slidenav\":\"bottom-center\",\"slidenav_margin\":\"medium\",\"slidenav_breakpoint\":\"\",\"overlay_position\":\"center-left\",\"overlay_animation\":\"parallax\",\"title_element\":\"h3\",\"meta_style\":\"meta\",\"meta_align\":\"below-title\",\"link_text\":\"Read more\",\"link_style\":\"default\",\"margin\":\"default\",\"slideshow_ratio\":\"1600:960\",\"slideshow_animation\":\"push\",\"nav_vertical\":true,\"link_parallax_x_start\":\"\",\"link_parallax_x_end\":\"\",\"parallax_x_start\":\"250\",\"parallax_x_end\":\"230\",\"parallax_breakpoint\":\"l\",\"slidenav_outside_breakpoint\":\"xl\",\"thumbnav_svg_color\":\"emphasis\",\"meta_element\":\"div\",\"slideshow_autoplay\":true,\"position\":\"absolute\",\"position_left\":\"-20\",\"position_top\":\"-190\",\"slideshow_autoplay_interval\":\"5\",\"slidenav_large\":true,\"css\":\".el-item {border-radius: 0px 100px 0px 100px ;}\"},\"children\":[{\"name\":\"\",\"type\":\"slideshow_item\",\"props\":{\"image\":\"wp-content\\\/uploads\\\/2022\\\/02\\\/Herreria-Esteban-casa-24-scaled.jpg\"}},{\"name\":\"\",\"type\":\"slideshow_item\",\"props\":{\"image\":\"wp-content\\\/uploads\\\/2022\\\/02\\\/Herreria-Esteban-casa-25-scaled.jpg\"}},{\"name\":\"\",\"type\":\"slideshow_item\",\"props\":{\"image\":\"wp-content\\\/uploads\\\/2022\\\/02\\\/Herreria-Esteban-casa-06-scaled.jpg\"}},{\"name\":\"\",\"type\":\"slideshow_item\",\"props\":{\"image\":\"wp-content\\\/uploads\\\/2022\\\/02\\\/Herreria-Esteban-casa-04-scaled.jpg\"}}],\"modified\":\"2022-02-10T08:37:15.523Z\"},{\"type\":\"image\",\"props\":{\"margin\":\"default\",\"image_svg_color\":\"emphasis\",\"image\":\"wp-content\\\/uploads\\\/2022\\\/02\\\/Herreria-Esteban-casa-15-scaled.jpg\",\"image_width\":\"300\",\"image_height\":\"300\",\"position\":\"absolute\",\"position_right\":\"-480\",\"position_top\":\"190\",\"image_box_decoration\":\"shadow\",\"image_box_decoration_inverse\":false}}]}]}],\"name\":\"Texto quienes somos FULL\"},{\"type\":\"section\",\"props\":{\"style\":\"default\",\"width\":\"default\",\"vertical_align\":\"middle\",\"title_position\":\"top-left\",\"title_rotation\":\"left\",\"title_breakpoint\":\"xl\",\"image_position\":\"center-center\",\"image\":\"\",\"image_size\":\"cover\",\"image_effect\":\"fixed\",\"padding\":\"large\",\"css\":\"@media(min-width:959px){.el-element{display:none;}}\"},\"children\":[{\"type\":\"row\",\"props\":{\"layout\":\"1-2,1-2\"},\"children\":[{\"type\":\"column\",\"props\":{\"position_sticky_breakpoint\":\"m\",\"image_position\":\"center-center\",\"media_overlay_gradient\":\"\",\"width_medium\":\"1-2\"},\"children\":[{\"name\":\"\",\"type\":\"panel\",\"props\":{\"link_text\":\"Read more\",\"title_element\":\"div\",\"meta_style\":\"meta\",\"meta_align\":\"above-title\",\"image_align\":\"top\",\"image_grid_width\":\"1-2\",\"link_style\":\"default\",\"margin\":\"default\",\"meta\":\"Casa Rural cerca de Teruel\",\"title\":\"\\u00a1Bienvenid@s a La Herrer\\u00eda de Esteban!\",\"content\":\"\n\n<p>Esta casa restaurada refleja el esp\\u00edritu de una casa de pueblo tradicional. Aqu\\u00ed podr\\u00e1s encontrar la combinaci\\u00f3n ideal de relajaci\\u00f3n, tranquilidad, naturaleza y aventura.\\u00a0<\\\/p>\",\"title_color\":\"primary\",\"maxwidth\":\"large\",\"block_align\":\"center\",\"title_hover_style\":\"reset\",\"title_align\":\"top\",\"title_grid_width\":\"1-2\",\"image_svg_color\":\"emphasis\",\"title_grid_breakpoint\":\"m\",\"image_grid_breakpoint\":\"m\",\"icon_width\":80,\"meta_element\":\"h1\",\"content_column_breakpoint\":\"m\",\"title_style\":\"h1\",\"css\":\"@media (max-width: 640px) {\\n\\n  .el-title {\\n\\n   font-size:30px;\\n\\n  }}\"}},{\"type\":\"image\",\"props\":{\"margin\":\"medium\",\"image_svg_color\":\"emphasis\",\"image\":\"wp-content\\\/uploads\\\/2022\\\/02\\\/Herreria-Esteban-logo-web.png\",\"image_width\":\"150\",\"text_align\":\"center\",\"maxwidth\":\"large\",\"block_align\":\"center\"}}]},{\"type\":\"column\",\"props\":{\"position_sticky_breakpoint\":\"m\",\"image_position\":\"center-center\",\"media_overlay_gradient\":\"\",\"width_medium\":\"1-2\"},\"children\":[{\"name\":\"galeria-fotos\",\"type\":\"slideshow\",\"props\":{\"show_title\":true,\"show_meta\":true,\"show_content\":true,\"show_link\":true,\"show_thumbnail\":true,\"slideshow_min_height\":\"200\",\"slideshow_autoplay_pause\":false,\"nav\":\"dotnav\",\"nav_position\":\"top-left\",\"nav_position_margin\":\"small\",\"nav_align\":\"center\",\"nav_breakpoint\":\"\",\"thumbnav_width\":\"100\",\"thumbnav_height\":\"75\",\"slidenav\":\"bottom-center\",\"slidenav_margin\":\"medium\",\"slidenav_breakpoint\":\"\",\"overlay_position\":\"center-left\",\"overlay_animation\":\"parallax\",\"title_element\":\"h3\",\"meta_style\":\"meta\",\"meta_align\":\"below-title\",\"link_text\":\"Read more\",\"link_style\":\"default\",\"margin\":\"default\",\"slideshow_ratio\":\"1600:960\",\"slideshow_animation\":\"push\",\"nav_vertical\":true,\"link_parallax_x_start\":\"\",\"link_parallax_x_end\":\"\",\"parallax_x_start\":\"250\",\"parallax_x_end\":\"230\",\"parallax_breakpoint\":\"l\",\"slidenav_outside_breakpoint\":\"xl\",\"thumbnav_svg_color\":\"emphasis\",\"meta_element\":\"div\",\"slideshow_autoplay\":true,\"position_left\":\"-20\",\"position_top\":\"-190\",\"slideshow_autoplay_interval\":\"5\",\"slidenav_large\":true,\"css\":\".el-item {border-radius: 0px 100px 0px 100px ;}\"},\"children\":[{\"name\":\"\",\"type\":\"slideshow_item\",\"props\":{\"image\":\"wp-content\\\/uploads\\\/2022\\\/02\\\/Herreria-Esteban-casa-24-scaled.jpg\"}},{\"name\":\"\",\"type\":\"slideshow_item\",\"props\":{\"image\":\"wp-content\\\/uploads\\\/2022\\\/02\\\/Herreria-Esteban-casa-25-scaled.jpg\"}},{\"name\":\"\",\"type\":\"slideshow_item\",\"props\":{\"image\":\"wp-content\\\/uploads\\\/2022\\\/02\\\/Herreria-Esteban-casa-06-scaled.jpg\"}},{\"name\":\"\",\"type\":\"slideshow_item\",\"props\":{\"image\":\"wp-content\\\/uploads\\\/2022\\\/02\\\/Herreria-Esteban-casa-04-scaled.jpg\"}}],\"modified\":\"2022-02-10T08:37:15.523Z\"}]}]}],\"name\":\"Texto quienes somos RESPONSIVE\"},{\"type\":\"section\",\"props\":{\"style\":\"secondary\",\"width\":\"default\",\"vertical_align\":\"middle\",\"title_position\":\"top-left\",\"title_rotation\":\"left\",\"title_breakpoint\":\"xl\",\"image_position\":\"center-center\",\"image\":\"wp-content\\\/uploads\\\/2022\\\/02\\\/Herreria-Esteban-fondo-01-C.png\",\"image_size\":\"cover\",\"image_effect\":\"fixed\",\"preserve_color\":true},\"children\":[{\"type\":\"row\",\"props\":{\"layout\":\"1-2,1-2\"},\"children\":[{\"type\":\"column\",\"props\":{\"position_sticky_breakpoint\":\"m\",\"image_position\":\"center-center\",\"media_overlay_gradient\":\"\",\"width_medium\":\"1-2\"},\"children\":[{\"name\":\"galeria-fotos\",\"type\":\"slideshow\",\"props\":{\"show_title\":true,\"show_meta\":true,\"show_content\":true,\"show_link\":true,\"show_thumbnail\":true,\"slideshow_min_height\":\"550\",\"slideshow_autoplay_pause\":false,\"nav\":\"dotnav\",\"nav_position\":\"top-left\",\"nav_position_margin\":\"small\",\"nav_align\":\"center\",\"nav_breakpoint\":\"\",\"thumbnav_width\":\"100\",\"thumbnav_height\":\"75\",\"slidenav\":\"bottom-center\",\"slidenav_margin\":\"medium\",\"slidenav_breakpoint\":\"\",\"overlay_position\":\"center-left\",\"overlay_animation\":\"parallax\",\"title_element\":\"h3\",\"meta_style\":\"meta\",\"meta_align\":\"below-title\",\"link_text\":\"Read more\",\"link_style\":\"default\",\"margin\":\"default\",\"slideshow_ratio\":\"1600:960\",\"slideshow_animation\":\"push\",\"nav_vertical\":true,\"link_parallax_x_start\":\"\",\"link_parallax_x_end\":\"\",\"parallax_x_start\":\"250\",\"parallax_x_end\":\"230\",\"parallax_breakpoint\":\"l\",\"slidenav_outside_breakpoint\":\"xl\",\"thumbnav_svg_color\":\"emphasis\",\"meta_element\":\"div\",\"slideshow_autoplay\":true,\"position\":\"absolute\",\"position_left\":\"30\",\"position_top\":\"-120\",\"slideshow_autoplay_interval\":\"5\",\"slidenav_large\":true,\"css\":\".el-item {border-radius: 0px 500px 0px 100px ;}\",\"visibility\":\"m\"},\"children\":[{\"name\":\"\",\"type\":\"slideshow_item\",\"props\":{\"image\":\"wp-content\\\/uploads\\\/2022\\\/02\\\/Herreria-Esteban-casa-07-scaled.jpg\"}},{\"name\":\"\",\"type\":\"slideshow_item\",\"props\":{\"image\":\"wp-content\\\/uploads\\\/2022\\\/02\\\/Herreria-Esteban-casa-12-scaled.jpg\"}},{\"name\":\"\",\"type\":\"slideshow_item\",\"props\":{\"image\":\"wp-content\\\/uploads\\\/2022\\\/02\\\/Herreria-Esteban-casa-08-scaled.jpg\"}}],\"modified\":\"2022-02-10T08:37:15.523Z\"}]},{\"type\":\"column\",\"props\":{\"position_sticky_breakpoint\":\"m\",\"image_position\":\"center-center\",\"media_overlay_gradient\":\"\",\"width_medium\":\"1-2\"},\"children\":[{\"name\":\"\",\"type\":\"panel\",\"props\":{\"link_text\":\"Read more\",\"title_element\":\"h1\",\"meta_style\":\"meta\",\"meta_align\":\"above-title\",\"image_align\":\"top\",\"image_grid_width\":\"1-2\",\"link_style\":\"default\",\"margin\":\"default\",\"meta\":\"Mundo rural\",\"title\":\"Enamorados de nuestro territorio\",\"content\":\"\n\n<p>El idilio del silencio, la naturaleza y la calidad de vida nos enamora d\\u00eda a d\\u00eda de nuestro querido pueblo de Cuevas Labradas (Teruel). Ven y disfruta durante unos d\\u00edas de nuestra tranquilidad y nuestros espacios naturales.\\u00a0<\\\/p>\",\"title_color\":\"primary\",\"maxwidth\":\"large\",\"block_align\":\"center\",\"title_hover_style\":\"reset\",\"title_align\":\"top\",\"title_grid_width\":\"1-2\",\"image_svg_color\":\"emphasis\",\"title_grid_breakpoint\":\"m\",\"image_grid_breakpoint\":\"m\",\"icon_width\":80,\"meta_element\":\"h1\",\"content_column_breakpoint\":\"m\",\"title_style\":\"h2\",\"panel_style\":\"card-default\",\"panel_padding\":\"large\"}}]}]},{\"type\":\"row\",\"children\":[{\"type\":\"column\",\"props\":{\"position_sticky_breakpoint\":\"m\",\"image_position\":\"center-center\",\"media_overlay_gradient\":\"\"},\"children\":[]}]}]},{\"name\":\"First date\",\"type\":\"section\",\"props\":{\"style\":\"default\",\"width\":\"default\",\"vertical_align\":\"middle\",\"title_position\":\"top-left\",\"title_rotation\":\"left\",\"title_breakpoint\":\"xl\",\"image_position\":\"center-center\",\"padding_remove_top\":false},\"children\":[{\"name\":\"\",\"type\":\"row\",\"props\":{\"layout\":\"1-2,1-2\",\"width\":\"expand\",\"column_gap\":\"large\",\"row_gap\":\"large\"},\"children\":[{\"name\":\"\",\"type\":\"column\",\"props\":{\"image_position\":\"center-center\",\"media_overlay_gradient\":\"\",\"width_small\":\"1-2\",\"position_sticky_breakpoint\":\"m\"},\"children\":[{\"name\":\"\",\"type\":\"panel\",\"props\":{\"link_text\":\"Ver la casa\",\"title_element\":\"h3\",\"meta_style\":\"meta\",\"meta_align\":\"above-title\",\"image_align\":\"between\",\"image_grid_width\":\"1-2\",\"link_style\":\"primary\",\"margin\":\"remove-vertical\",\"meta\":\"Las habitaciones y zonas comunes\",\"title\":\"Estancias de la casa\",\"image\":\"wp-content\\\/uploads\\\/2022\\\/02\\\/Herreria-Esteban-casa-14-scaled.jpg\",\"image_width\":\"1000\",\"title_style\":\"h1\",\"title_color\":\"primary\",\"maxwidth\":\"xlarge\",\"animation\":\"parallax\",\"parallax_y_start\":80,\"parallax_y_end\":0,\"parallax_breakpoint\":\"m\",\"block_align\":\"center\",\"title_hover_style\":\"reset\",\"title_align\":\"top\",\"title_grid_width\":\"1-2\",\"image_svg_color\":\"emphasis\",\"title_grid_breakpoint\":\"m\",\"image_grid_breakpoint\":\"m\",\"icon_width\":80,\"meta_element\":\"h2\",\"content_column_breakpoint\":\"m\",\"link\":\"index.php?page_id=6\",\"link_margin\":\"medium\",\"image_height\":\"1000\"}},{\"name\":\"\",\"type\":\"quotation\",\"props\":{\"content\":\"\n\n<p>\\\"Un pueblo lejos de los agobios para relajarte y disfrutar de la naturaleza con los tuyos\\u201c<\\\/p>\",\"author\":\"La Herrer\\u00eda de Esteban\",\"maxwidth\":\"large\",\"text_align\":\"left\",\"margin\":\"xlarge\",\"block_align\":\"center\",\"css\":\"@media (max-width: 640px) {\\n\\n  .el-element {\\n\\n   font-size:20px;\\n\\n  }}\"}}]},{\"name\":\"\",\"type\":\"column\",\"props\":{\"image_position\":\"center-center\",\"media_overlay_gradient\":\"\",\"width_small\":\"1-2\",\"position_sticky_breakpoint\":\"m\"},\"children\":[{\"name\":\"\",\"type\":\"panel\",\"props\":{\"link_text\":\"Conoce la experiencia\",\"title_element\":\"div\",\"meta_style\":\"meta\",\"meta_align\":\"above-title\",\"image_align\":\"between\",\"image_grid_width\":\"1-2\",\"link_style\":\"secondary\",\"margin\":\"\",\"meta\":\"Paseos por el campo\",\"title\":\"Entr\\u00fafate - Disfruta de nuestra experiencia de trufiturismo\",\"image\":\"wp-content\\\/uploads\\\/2022\\\/02\\\/Herreria-Esteban-Entrufate-09-scaled.jpg\",\"image_width\":\"1000\",\"title_style\":\"h1\",\"title_color\":\"secondary\",\"maxwidth\":\"xlarge\",\"animation\":\"parallax\",\"parallax_y_start\":240,\"parallax_y_end\":50,\"parallax_breakpoint\":\"m\",\"block_align\":\"center\",\"title_hover_style\":\"reset\",\"title_align\":\"top\",\"title_grid_width\":\"1-2\",\"image_svg_color\":\"emphasis\",\"title_grid_breakpoint\":\"m\",\"image_grid_breakpoint\":\"m\",\"icon_width\":80,\"meta_element\":\"h2\",\"content_column_breakpoint\":\"m\",\"image_height\":\"1000\",\"link\":\"index.php?page_id=4\",\"link_margin\":\"medium\",\"css\":\"@media (max-width: 640px) {\\n\\n  .el-title {\\n\\n   font-size:35px;\\n\\n  }}\"}},{\"type\":\"image\",\"props\":{\"margin\":\"default\",\"image_svg_color\":\"emphasis\",\"image\":\"wp-content\\\/uploads\\\/2022\\\/02\\\/Herreria-Esteban-fondo-03-C.png\",\"image_height\":\"500\",\"position\":\"absolute\",\"position_right\":\"-770\",\"position_top\":\"700\"}}]}]},{\"type\":\"row\",\"children\":[{\"type\":\"column\",\"props\":{\"position_sticky_breakpoint\":\"m\",\"image_position\":\"center-center\",\"media_overlay_gradient\":\"\"},\"children\":[]}]}]},{\"name\":\"Call to action\",\"type\":\"section\",\"props\":{\"style\":\"primary\",\"width\":\"xlarge\",\"vertical_align\":\"middle\",\"title_position\":\"center-left\",\"title_rotation\":\"left\",\"title_breakpoint\":\"xl\",\"image_position\":\"center-center\",\"title\":\"\"},\"children\":[{\"name\":\"\",\"type\":\"row\",\"props\":{\"layout\":\"1-2,1-2\",\"vertical_align\":true,\"match\":false,\"width\":\"default\",\"divider\":false},\"children\":[{\"name\":\"\",\"type\":\"column\",\"props\":{\"image_position\":\"center-center\",\"vertical_align\":\"middle\",\"media_overlay_gradient\":\"\",\"width_medium\":\"1-2\",\"position_sticky_breakpoint\":\"m\"},\"children\":[{\"name\":\"\",\"type\":\"panel\",\"props\":{\"link_text\":\"Click to RSVP\",\"title_element\":\"h2\",\"meta_style\":\"meta\",\"meta_align\":\"above-title\",\"image_align\":\"top\",\"image_grid_width\":\"1-2\",\"link_style\":\"default\",\"margin\":\"default\",\"meta\":\"La Herrer\\u00eda de Esteban\",\"title\":\"Haz tu reserva \",\"link\":\"\",\"title_style\":\"h1\",\"text_align\":\"left\",\"text_align_fallback\":\"center\",\"title_hover_style\":\"reset\",\"title_align\":\"top\",\"title_grid_width\":\"1-2\",\"image_svg_color\":\"emphasis\",\"title_grid_breakpoint\":\"m\",\"image_grid_breakpoint\":\"m\",\"icon_width\":80,\"meta_element\":\"div\",\"content_column_breakpoint\":\"m\",\"content\":\"\n\n<p>Contacta con nosotros sobre la disponibilidad y te enviaremos un presupuesto personalizado dependiendo del n\\u00famero de personas (adultos y ni\\u00f1os) que se\\u00e1is.<\\\/p>\"}}]},{\"name\":\"\",\"type\":\"column\",\"props\":{\"image_position\":\"center-center\",\"vertical_align\":\"middle\",\"media_overlay_gradient\":\"\",\"width_medium\":\"1-2\",\"position_sticky_breakpoint\":\"m\"},\"children\":[{\"name\":\"\",\"type\":\"button\",\"props\":{\"margin\":\"default\",\"fullwidth\":false,\"text_align\":\"center\",\"grid_column_gap\":\"small\",\"grid_row_gap\":\"small\",\"button_size\":\"large\"},\"children\":[{\"name\":\"\",\"type\":\"button_item\",\"props\":{\"button_style\":\"primary\",\"icon_align\":\"right\",\"content\":\"Cont\\u00e1ctanos\",\"link\":\"index.php?page_id=19\",\"icon\":\"arrow-right\"}}]}]}]}]}],\"version\":\"2.7.22\"} --><\/p>\n","protected":false},"excerpt":{"rendered":"<p>Qui\u00e9nes somos La Herrer\u00eda de Esteban Somos Mar\u00eda y Esteban, una pareja de apasionados por el mundo rural. Y en 2016, nos lanzamos a restaurar esta casita familiar.\u00a0 \u00a1Bienvenid@s a La Herrer\u00eda de Esteban! Casa Rural cerca de Teruel Esta casa restaurada refleja el esp\u00edritu de una casa de pueblo tradicional. Aqu\u00ed podr\u00e1s encontrar la [&hellip;]<\/p>\n","protected":false},"author":1,"featured_media":0,"parent":0,"menu_order":3,"comment_status":"open","ping_status":"open","template":"","meta":{"_acf_changed":false,"footnotes":""},"class_list":["post-2","page","type-page","status-publish","hentry"],"acf":[],"yoast_head":"<!-- This site is optimized with the Yoast SEO plugin v23.6 - https:\/\/yoast.com\/wordpress\/plugins\/seo\/ -->\n<title>Qui\u00e9nes somos - La Herrer\u00eda de Esteban - Entr\u00fafate<\/title>\n<meta name=\"description\" content=\"Somos Mar\u00eda y Esteba, una pareja de apasionados por el mundo rural. Y en 2016, restauramos esta casita familiar. Una casita que refleja el esp\u00edritu de casa t\u00edpica de pueblo.\" \/>\n<meta name=\"robots\" content=\"index, follow, max-snippet:-1, max-image-preview:large, max-video-preview:-1\" \/>\n<link rel=\"canonical\" href=\"https:\/\/herreriadeesteban.com\/?page_id=2\" \/>\n<meta property=\"og:locale\" content=\"es_ES\" \/>\n<meta property=\"og:type\" content=\"article\" \/>\n<meta property=\"og:title\" content=\"Qui\u00e9nes somos - La Herrer\u00eda de Esteban - Entr\u00fafate\" \/>\n<meta property=\"og:description\" content=\"Somos Mar\u00eda y Esteba, una pareja de apasionados por el mundo rural. Y en 2016, restauramos esta casita familiar. Una casita que refleja el esp\u00edritu de casa t\u00edpica de pueblo.\" \/>\n<meta property=\"og:url\" content=\"https:\/\/herreriadeesteban.com\/?page_id=2\" \/>\n<meta property=\"og:site_name\" content=\"La Herrer\u00eda de Esteban - Entr\u00fafate\" \/>\n<meta property=\"article:modified_time\" content=\"2022-09-07T14:34:05+00:00\" \/>\n<meta name=\"twitter:card\" content=\"summary_large_image\" \/>\n<meta name=\"twitter:label1\" content=\"Tiempo de lectura\" \/>\n\t<meta name=\"twitter:data1\" content=\"1 minuto\" \/>\n<script type=\"application\/ld+json\" class=\"yoast-schema-graph\">{\"@context\":\"https:\/\/schema.org\",\"@graph\":[{\"@type\":\"WebPage\",\"@id\":\"https:\/\/herreriadeesteban.com\/?page_id=2\",\"url\":\"https:\/\/herreriadeesteban.com\/?page_id=2\",\"name\":\"Qui\u00e9nes somos - La Herrer\u00eda de Esteban - Entr\u00fafate\",\"isPartOf\":{\"@id\":\"https:\/\/herreriadeesteban.com\/#website\"},\"datePublished\":\"2019-09-04T14:27:50+00:00\",\"dateModified\":\"2022-09-07T14:34:05+00:00\",\"description\":\"Somos Mar\u00eda y Esteba, una pareja de apasionados por el mundo rural. Y en 2016, restauramos esta casita familiar. Una casita que refleja el esp\u00edritu de casa t\u00edpica de pueblo.\",\"breadcrumb\":{\"@id\":\"https:\/\/herreriadeesteban.com\/?page_id=2#breadcrumb\"},\"inLanguage\":\"es\",\"potentialAction\":[{\"@type\":\"ReadAction\",\"target\":[\"https:\/\/herreriadeesteban.com\/?page_id=2\"]}]},{\"@type\":\"BreadcrumbList\",\"@id\":\"https:\/\/herreriadeesteban.com\/?page_id=2#breadcrumb\",\"itemListElement\":[{\"@type\":\"ListItem\",\"position\":1,\"name\":\"Portada\",\"item\":\"https:\/\/herreriadeesteban.com\/\"},{\"@type\":\"ListItem\",\"position\":2,\"name\":\"Qui\u00e9nes somos\"}]},{\"@type\":\"WebSite\",\"@id\":\"https:\/\/herreriadeesteban.com\/#website\",\"url\":\"https:\/\/herreriadeesteban.com\/\",\"name\":\"La Herrer\u00eda de Esteban - Entr\u00fafate\",\"description\":\"Casa Rural con experiencia de trufiturismo\",\"potentialAction\":[{\"@type\":\"SearchAction\",\"target\":{\"@type\":\"EntryPoint\",\"urlTemplate\":\"https:\/\/herreriadeesteban.com\/?s={search_term_string}\"},\"query-input\":{\"@type\":\"PropertyValueSpecification\",\"valueRequired\":true,\"valueName\":\"search_term_string\"}}],\"inLanguage\":\"es\"}]}<\/script>\n<!-- \/ Yoast SEO plugin. -->","yoast_head_json":{"title":"Qui\u00e9nes somos - La Herrer\u00eda de Esteban - Entr\u00fafate","description":"Somos Mar\u00eda y Esteba, una pareja de apasionados por el mundo rural. Y en 2016, restauramos esta casita familiar. Una casita que refleja el esp\u00edritu de casa t\u00edpica de pueblo.","robots":{"index":"index","follow":"follow","max-snippet":"max-snippet:-1","max-image-preview":"max-image-preview:large","max-video-preview":"max-video-preview:-1"},"canonical":"https:\/\/herreriadeesteban.com\/?page_id=2","og_locale":"es_ES","og_type":"article","og_title":"Qui\u00e9nes somos - La Herrer\u00eda de Esteban - Entr\u00fafate","og_description":"Somos Mar\u00eda y Esteba, una pareja de apasionados por el mundo rural. Y en 2016, restauramos esta casita familiar. Una casita que refleja el esp\u00edritu de casa t\u00edpica de pueblo.","og_url":"https:\/\/herreriadeesteban.com\/?page_id=2","og_site_name":"La Herrer\u00eda de Esteban - Entr\u00fafate","article_modified_time":"2022-09-07T14:34:05+00:00","twitter_card":"summary_large_image","twitter_misc":{"Tiempo de lectura":"1 minuto"},"schema":{"@context":"https:\/\/schema.org","@graph":[{"@type":"WebPage","@id":"https:\/\/herreriadeesteban.com\/?page_id=2","url":"https:\/\/herreriadeesteban.com\/?page_id=2","name":"Qui\u00e9nes somos - La Herrer\u00eda de Esteban - Entr\u00fafate","isPartOf":{"@id":"https:\/\/herreriadeesteban.com\/#website"},"datePublished":"2019-09-04T14:27:50+00:00","dateModified":"2022-09-07T14:34:05+00:00","description":"Somos Mar\u00eda y Esteba, una pareja de apasionados por el mundo rural. Y en 2016, restauramos esta casita familiar. Una casita que refleja el esp\u00edritu de casa t\u00edpica de pueblo.","breadcrumb":{"@id":"https:\/\/herreriadeesteban.com\/?page_id=2#breadcrumb"},"inLanguage":"es","potentialAction":[{"@type":"ReadAction","target":["https:\/\/herreriadeesteban.com\/?page_id=2"]}]},{"@type":"BreadcrumbList","@id":"https:\/\/herreriadeesteban.com\/?page_id=2#breadcrumb","itemListElement":[{"@type":"ListItem","position":1,"name":"Portada","item":"https:\/\/herreriadeesteban.com\/"},{"@type":"ListItem","position":2,"name":"Qui\u00e9nes somos"}]},{"@type":"WebSite","@id":"https:\/\/herreriadeesteban.com\/#website","url":"https:\/\/herreriadeesteban.com\/","name":"La Herrer\u00eda de Esteban - Entr\u00fafate","description":"Casa Rural con experiencia de trufiturismo","potentialAction":[{"@type":"SearchAction","target":{"@type":"EntryPoint","urlTemplate":"https:\/\/herreriadeesteban.com\/?s={search_term_string}"},"query-input":{"@type":"PropertyValueSpecification","valueRequired":true,"valueName":"search_term_string"}}],"inLanguage":"es"}]}},"_links":{"self":[{"href":"https:\/\/herreriadeesteban.com\/index.php?rest_route=\/wp\/v2\/pages\/2"}],"collection":[{"href":"https:\/\/herreriadeesteban.com\/index.php?rest_route=\/wp\/v2\/pages"}],"about":[{"href":"https:\/\/herreriadeesteban.com\/index.php?rest_route=\/wp\/v2\/types\/page"}],"author":[{"embeddable":true,"href":"https:\/\/herreriadeesteban.com\/index.php?rest_route=\/wp\/v2\/users\/1"}],"replies":[{"embeddable":true,"href":"https:\/\/herreriadeesteban.com\/index.php?rest_route=%2Fwp%2Fv2%2Fcomments&post=2"}],"version-history":[{"count":1,"href":"https:\/\/herreriadeesteban.com\/index.php?rest_route=\/wp\/v2\/pages\/2\/revisions"}],"predecessor-version":[{"id":5141,"href":"https:\/\/herreriadeesteban.com\/index.php?rest_route=\/wp\/v2\/pages\/2\/revisions\/5141"}],"wp:attachment":[{"href":"https:\/\/herreriadeesteban.com\/index.php?rest_route=%2Fwp%2Fv2%2Fmedia&parent=2"}],"curies":[{"name":"wp","href":"https:\/\/api.w.org\/{rel}","templated":true}]}}