{"id":6,"date":"2019-09-04T14:27:50","date_gmt":"2019-09-04T14:27:50","guid":{"rendered":"http:\/\/s848802881.mialojamiento.es\/webs\/entrufate\/?p=6"},"modified":"2025-12-23T18:01:00","modified_gmt":"2025-12-23T17:01:00","slug":"schedule","status":"publish","type":"page","link":"https:\/\/herreriadeesteban.com\/?page_id=6","title":{"rendered":"La casa"},"content":{"rendered":"<div>\n<div>La casa<\/div>\n<p>La Herrer\u00eda de Esteban<\/p>\n<div>\n<p>Amplia vivienda de turismo cerca de la capital de Teruel con <strong>chimenea<\/strong>, <strong>terraza<\/strong> exterior con mobiliario de jard\u00edn, patio privado con<strong> barbacoa<\/strong>&#8230; Una casita rural perfecta para tu escapada rural.\u00a0<\/p>\n<\/div>\n<\/div>\n<p><img decoding=\"async\" src=\"\/wp-content\/uploads\/2022\/02\/Herreria-Esteban-fondo-03-C.png\" alt=\"\"><\/p>\n<div>\n<h1>Alojamiento en Cuevas Labradas (Teruel)<\/h1>\n<p>Casa Rural<\/p>\n<div>\n<p>La casa se <strong>alquila \u00edntegra<\/strong> y se distribuye en tres plantas. Aqu\u00ed podr\u00e1s descansar, escuchar el silencio y relajarte en un peque\u00f1o pueblo singular de la Comarca de Teruel.\u00a0<\/p>\n<p>Ven a conocernos y sum\u00e9rgete en nuestras costumbre e historia, donde sus gentes y entorno mantienen la <strong>esencia de anta\u00f1o<\/strong>.\u00a0<\/p>\n<\/div>\n<p><a href=\"https:\/\/goo.gl\/maps\/kpcU4n3PCu4zv9o16\">C\u00f3mo llegar<\/a><\/p>\n<\/div>\n<p><img decoding=\"async\" src=\"\/wp-content\/uploads\/2025\/12\/thumbnail_La-Herreria-de-Esteban-01.jpg\" alt=\"\"><\/p>\n<div>\n<div>Equipamiento completo <\/div>\n<p>Casa con aire tradicional<\/p>\n<div>\n<p>Dispone de todo tipo de<strong> utensilios e instalaciones<\/strong> para hacer vuestra estancia lo m\u00e1s c\u00f3moda posible.\u00a0<\/p>\n<\/div>\n<\/div>\n<ul>\n<li>\n<p>        <img decoding=\"async\" src=\"\/wp-content\/uploads\/2022\/02\/Herreria-Esteban-iconos-TV.png\" alt=\"\"><\/p>\n<h6>TV<\/h6>\n<\/li>\n<li>\n<p>        <img decoding=\"async\" src=\"\/wp-content\/uploads\/2022\/02\/Herreria-Esteban-iconos-bano-completo.png\" alt=\"\"><\/p>\n<h6>Ba\u00f1o completo<\/h6>\n<\/li>\n<li>\n<p>        <img decoding=\"async\" src=\"\/wp-content\/uploads\/2022\/02\/Herreria-Esteban-iconos-gel-champu.png\" alt=\"\"><\/p>\n<h6>Gel y champ\u00fa<\/h6>\n<\/li>\n<li>\n<p>        <img decoding=\"async\" src=\"\/wp-content\/uploads\/2022\/02\/Herreria-Esteban-iconos-menaje.png\" alt=\"\"><\/p>\n<h6>Menaje completo<\/h6>\n<\/li>\n<li>\n<p>        <img decoding=\"async\" src=\"\/wp-content\/uploads\/2022\/02\/Herreria-Esteban-iconos-nevera.png\" alt=\"\"><\/p>\n<h6>Neveras<\/h6>\n<\/li>\n<li>\n<p>        <img decoding=\"async\" src=\"\/wp-content\/uploads\/2022\/02\/Herreria-Esteban-iconos-lavadora.png\" alt=\"\"><\/p>\n<h6>Lavadora<\/h6>\n<\/li>\n<li>\n<p>        <img decoding=\"async\" src=\"\/wp-content\/uploads\/2022\/02\/Herreria-Esteban-iconos-microondas.png\" alt=\"\"><\/p>\n<h6>Microondas<\/h6>\n<\/li>\n<li>\n<p>        <img decoding=\"async\" src=\"\/wp-content\/uploads\/2022\/02\/Herreria-Esteban-iconos-horno.png\" alt=\"\"><\/p>\n<h6>Horno<\/h6>\n<\/li>\n<li>\n<p>        <img decoding=\"async\" src=\"\/wp-content\/uploads\/2022\/02\/Herreria-Esteban-iconos-lavavajillas.png\" alt=\"\"><\/p>\n<h6>Lavavajillas<\/h6>\n<\/li>\n<li>\n<p>        <img decoding=\"async\" src=\"\/wp-content\/uploads\/2022\/02\/Herreria-Esteban-iconos-cafetera.png\" alt=\"\"><\/p>\n<h6>Cafetera<\/h6>\n<\/li>\n<li>\n<p>        <img decoding=\"async\" src=\"\/wp-content\/uploads\/2022\/02\/Herreria-Esteban-iconos-aire.png\" alt=\"\"><\/p>\n<h6>Aire acondicionado<\/h6>\n<\/li>\n<li>\n<p>        <img decoding=\"async\" src=\"\/wp-content\/uploads\/2022\/02\/Herreria-Esteban-iconos-calefaccion.png\" alt=\"\"><\/p>\n<h6>Calefacci\u00f3n<\/h6>\n<\/li>\n<li>\n<p>        <img decoding=\"async\" src=\"\/wp-content\/uploads\/2022\/02\/Herreria-Esteban-iconos-estufa.png\" alt=\"\"><\/p>\n<h6>Estufa le\u00f1a<\/h6>\n<\/li>\n<li>\n<p>        <img decoding=\"async\" src=\"\/wp-content\/uploads\/2022\/02\/Herreria-Esteban-iconos-mascotas.png\" alt=\"\"><\/p>\n<h6>Mascotas permitidas<\/h6>\n<\/li>\n<li>\n<p>        <img decoding=\"async\" src=\"\/wp-content\/uploads\/2022\/02\/Herreria-Esteban-iconos-terraza.png\" alt=\"\"><\/p>\n<h6>Terraza<\/h6>\n<\/li>\n<li>\n<p>        <img decoding=\"async\" src=\"\/wp-content\/uploads\/2022\/02\/Herreria-Esteban-iconos-patio.png\" alt=\"\"><\/p>\n<h6>Patio privado<\/h6>\n<\/li>\n<li>\n<p>        <img decoding=\"async\" src=\"\/wp-content\/uploads\/2022\/02\/Herreria-Esteban-iconos-barbacoa.png\" alt=\"\"><\/p>\n<h6>Barbacoa<\/h6>\n<\/li>\n<li>\n<p>        <img decoding=\"async\" src=\"\/wp-content\/uploads\/2022\/02\/Herreria-Esteban-iconos-lena.png\" alt=\"\"><\/p>\n<h6>Le\u00f1a<\/h6>\n<\/li>\n<li>\n<p>        <img decoding=\"async\" src=\"\/wp-content\/uploads\/2022\/02\/Herreria-Esteban-iconos-ropa-cama.png\" alt=\"\"><\/p>\n<h6>Ropa de cama<\/h6>\n<\/li>\n<li>\n<p>        <img decoding=\"async\" src=\"\/wp-content\/uploads\/2022\/02\/Herreria-Esteban-iconos-toallas.png\" alt=\"\"><\/p>\n<h6>Toallas<\/h6>\n<\/li>\n<li>\n<p>        <img decoding=\"async\" src=\"\/wp-content\/uploads\/2022\/02\/Herreria-Esteban-iconos-mantas.png\" alt=\"\"><\/p>\n<h6>Mantas<\/h6>\n<\/li>\n<li>\n<p>        <img decoding=\"async\" src=\"\/wp-content\/uploads\/2022\/02\/Herreria-Esteban-iconos-parking.png\" alt=\"\"><\/p>\n<h6>Parking<\/h6>\n<\/li>\n<li>\n<p>        <img decoding=\"async\" src=\"\/wp-content\/uploads\/2022\/02\/Herreria-Esteban-iconos-trufiturismo-B.png\" alt=\"\"><\/p>\n<h6>Trufiturismo<\/h6>\n<\/li>\n<\/ul>\n<h4>Desconecta.<br \/>Rel\u00e1jate.<br \/>Respira.<br \/>Y descansa.<\/h4>\n<h4>En una t\u00edpica casita de pueblo.<\/h4>\n<p><img decoding=\"async\" src=\"\/wp-content\/uploads\/2022\/02\/Herreria-Esteban-fondo-03-B.png\" alt=\"\"><\/p>\n<div>\n<p>        <img decoding=\"async\" src=\"\/wp-content\/uploads\/2022\/02\/Herreria-Esteban-logo-web.png\" alt=\"\"><\/p>\n<h6>Para grupos de 13 personas<\/h6>\n<p>Conoce la casa<\/p>\n<div>\n<p>La casa cuenta con<strong> 6 habitaciones<\/strong> (4 de ellas con cama de matrimonio y 2 con dos camas de 90), <strong>3 ba\u00f1os<\/strong> (2 completos y 1 aseo), cocina completa y comedor grande.\u00a0<\/p>\n<\/div>\n<\/div>\n<ul>\n<li>\n<p>        <img decoding=\"async\" src=\"\/wp-content\/uploads\/2022\/02\/Herreria-Esteban-casa-03-scaled.jpg\" alt=\"Herrer\u00eda de Esteban - Casa Rural Teruel\"><\/p>\n<\/li>\n<li>\n<p>        <img decoding=\"async\" src=\"\/wp-content\/uploads\/2022\/02\/Herreria-Esteban-casa-01-scaled.jpg\" alt=\"Herrer\u00eda de Esteban - Casa Rural Teruel\"><\/p>\n<\/li>\n<li>\n<p>        <img decoding=\"async\" src=\"\/wp-content\/uploads\/2022\/02\/Herreria-Esteban-casa-02-scaled.jpg\" alt=\"Herrer\u00eda de Esteban - Casa Rural Teruel\"><\/p>\n<\/li>\n<li>\n<p>        <img decoding=\"async\" src=\"\/wp-content\/uploads\/2022\/02\/Herreria-Esteban-casa-04-scaled.jpg\" alt=\"Herrer\u00eda de Esteban - Casa Rural Teruel\"><\/p>\n<\/li>\n<li>\n<p>        <img decoding=\"async\" src=\"\/wp-content\/uploads\/2022\/02\/Herreria-Esteban-casa-05-scaled.jpg\" alt=\"Herrer\u00eda de Esteban - Casa Rural Teruel\"><\/p>\n<\/li>\n<li>\n<\/li>\n<li>\n<p>        <img decoding=\"async\" src=\"\/wp-content\/uploads\/2022\/02\/Herreria-Esteban-casa-07-scaled.jpg\" alt=\"Herrer\u00eda de Esteban - Casa Rural Teruel\"><\/p>\n<\/li>\n<li>\n<p>        <img decoding=\"async\" src=\"\/wp-content\/uploads\/2022\/02\/Herreria-Esteban-casa-08-scaled.jpg\" alt=\"Herrer\u00eda de Esteban - Casa Rural Teruel\"><\/p>\n<\/li>\n<li>\n<p>        <img decoding=\"async\" src=\"\/wp-content\/uploads\/2025\/12\/thumbnail_La-Herreria-de-Esteban-06.jpg\" alt=\"Herrer\u00eda de Esteban - Casa Rural Teruel\"><\/p>\n<\/li>\n<li>\n<p>        <img decoding=\"async\" src=\"\/wp-content\/uploads\/2025\/12\/thumbnail_La-Herreria-de-Esteban-07.jpg\" alt=\"Herrer\u00eda de Esteban - Casa Rural Teruel\"><\/p>\n<\/li>\n<li>\n<p>        <img decoding=\"async\" src=\"\/wp-content\/uploads\/2022\/02\/Herreria-Esteban-casa-11-scaled.jpg\" alt=\"Herrer\u00eda de Esteban - Casa Rural Teruel\"><\/p>\n<\/li>\n<li>\n<p>        <img decoding=\"async\" src=\"\/wp-content\/uploads\/2022\/02\/Herreria-Esteban-casa-12-scaled.jpg\" alt=\"Herrer\u00eda de Esteban - Casa Rural Teruel\"><\/p>\n<\/li>\n<li>\n<p>        <img decoding=\"async\" src=\"\/wp-content\/uploads\/2022\/02\/Herreria-Esteban-casa-13-scaled.jpg\" alt=\"Herrer\u00eda de Esteban - Casa Rural Teruel\"><\/p>\n<\/li>\n<li>\n<p>        <img decoding=\"async\" src=\"\/wp-content\/uploads\/2022\/02\/Herreria-Esteban-casa-14-scaled.jpg\" alt=\"Herrer\u00eda de Esteban - Casa Rural Teruel\"><\/p>\n<\/li>\n<li>\n<p>        <img decoding=\"async\" src=\"\/wp-content\/uploads\/2025\/12\/thumbnail_La-Herreria-de-Esteban-05.jpg\" alt=\"Herrer\u00eda de Esteban - Casa Rural Teruel\"><\/p>\n<\/li>\n<li>\n<p>        <img decoding=\"async\" src=\"\/wp-content\/uploads\/2022\/02\/Herreria-Esteban-casa-18-scaled.jpg\" alt=\"Herrer\u00eda de Esteban - Casa Rural Teruel\"><\/p>\n<\/li>\n<li>\n<p>        <img decoding=\"async\" src=\"\/wp-content\/uploads\/2022\/02\/Herreria-Esteban-casa-19-scaled.jpg\" alt=\"Herrer\u00eda de Esteban - Casa Rural Teruel\"><\/p>\n<\/li>\n<li>\n<p>        <img decoding=\"async\" src=\"\/wp-content\/uploads\/2025\/12\/thumbnail_La-Herreria-de-Esteban-01.jpg\" alt=\"Herrer\u00eda de Esteban - Casa Rural Teruel\"><\/p>\n<\/li>\n<li>\n<p>        <img decoding=\"async\" src=\"\/wp-content\/uploads\/2025\/12\/thumbnail_La-Herreria-de-Esteban-03.jpg\" alt=\"Herrer\u00eda de Esteban - Casa Rural Teruel\"><\/p>\n<\/li>\n<li>\n<p>        <img decoding=\"async\" src=\"\/wp-content\/uploads\/2022\/02\/Herreria-Esteban-casa-23-scaled.jpg\" alt=\"Herrer\u00eda de Esteban - Casa Rural Teruel\"><\/p>\n<\/li>\n<li>\n<p>        <img decoding=\"async\" src=\"\/wp-content\/uploads\/2022\/02\/Herreria-Esteban-casa-24-scaled.jpg\" alt=\"Herrer\u00eda de Esteban - Casa Rural Teruel\"><\/p>\n<\/li>\n<li>\n<\/li>\n<li>\n<\/li>\n<li>\n<\/li>\n<li>\n<p>        <img decoding=\"async\" src=\"\/wp-content\/uploads\/2022\/09\/Herreria-Esteban-casa-30-scaled.jpg\" alt=\"Herrer\u00eda de Esteban - Casa Rural Teruel\"><\/p>\n<\/li>\n<li>\n<p>        <img decoding=\"async\" src=\"\/wp-content\/uploads\/2022\/09\/Herreria-Esteban-casa-31-scaled.jpg\" alt=\"Herrer\u00eda de Esteban - Casa Rural Teruel\"><\/p>\n<\/li>\n<li>\n<p>        <img decoding=\"async\" src=\"\/wp-content\/uploads\/2025\/12\/thumbnail_La-Herreria-de-Esteban-13.jpg\" alt=\"\"><\/p>\n<\/li>\n<li>\n<p>        <img decoding=\"async\" src=\"\/wp-content\/uploads\/2025\/12\/thumbnail_La-Herreria-de-Esteban-15.jpg\" alt=\"\"><\/p>\n<\/li>\n<li>\n<p>        <img decoding=\"async\" src=\"\/wp-content\/uploads\/2025\/12\/thumbnail_La-Herreria-de-Esteban-14.jpg\" alt=\"\"><\/p>\n<\/li>\n<li>\n<p>        <img decoding=\"async\" src=\"\/wp-content\/uploads\/2025\/12\/thumbnail_La-Herreria-de-Esteban-10.jpg\" alt=\"\"><\/p>\n<\/li>\n<li>\n<p>        <img decoding=\"async\" src=\"\/wp-content\/uploads\/2022\/09\/Herreria-Esteban-casa-31-scaled.jpg\" alt=\"\"><\/p>\n<\/li>\n<li>\n<p>        <img decoding=\"async\" src=\"\/wp-content\/uploads\/2025\/12\/thumbnail_La-Herreria-de-Esteban-11.jpg\" alt=\"\"><\/p>\n<\/li>\n<li>\n<p>        <img decoding=\"async\" src=\"\/wp-content\/uploads\/2025\/12\/thumbnail_La-Herreria-de-Esteban-09.jpg\" alt=\"\"><\/p>\n<\/li>\n<li>\n<p>        <img decoding=\"async\" src=\"\/wp-content\/uploads\/2025\/12\/thumbnail_La-Herreria-de-Esteban-08.jpg\" alt=\"\"><\/p>\n<\/li>\n<\/ul>\n<div>\n<h2>Haz tu reserva <\/h2>\n<p>La Herrer\u00eda de Esteban<\/p>\n<div>\n<p>Contacta con nosotros sobre la disponibilidad y te enviaremos un presupuesto personalizado dependiendo del n\u00famero de personas (adultos y ni\u00f1os) que se\u00e1is.<\/p>\n<\/div>\n<\/div>\n<p>\n    <a href=\"\/index.php?page_id=19\">Haz tu reserva<\/a>\n<\/p>\n<div>\n<div>Entr\u00fafate<\/div>\n<p>Experiencia de trufiturismo<\/p>\n<div>\n<p>Cada d\u00eda se habla m\u00e1s de que un paseo por el monte ayuda a desconectar de la rutina y del estr\u00e9s. \u00bfA qu\u00e9 est\u00e1s esperando para poner rumbo a la sierra turolense? Ven a conocer de nuestra mano el mundo de <strong>la Trufa Negra de Teruel<\/strong>.\u00a0<\/p>\n<\/div>\n<p><a href=\"\/index.php?page_id=4\">M\u00e1s informaci\u00f3n<\/a><\/p>\n<\/div>\n<p><img decoding=\"async\" src=\"\/wp-content\/uploads\/2022\/02\/Herreria-Esteban-logo-entrufate-blanco.png\" alt=\"\"><\/p>\n<p><!--more--><br \/>\n<!-- {\"name\":\"plantilla-quienes-somos\",\"type\":\"layout\",\"children\":[{\"type\":\"section\",\"props\":{\"image\":\"wp-content\\\/uploads\\\/2025\\\/12\\\/thumbnail_La-Herreria-de-Esteban-10.jpg\",\"image_position\":\"center-center\",\"image_size\":\"cover\",\"style\":\"default\",\"title_breakpoint\":\"xl\",\"title_position\":\"top-left\",\"title_rotation\":\"left\",\"vertical_align\":\"middle\",\"width\":\"default\"},\"children\":[{\"type\":\"row\",\"props\":{\"layout\":\"1-2,1-2\"},\"children\":[{\"type\":\"column\",\"props\":{\"image_position\":\"center-center\",\"position_sticky_breakpoint\":\"m\",\"width_medium\":\"1-2\"},\"children\":[{\"type\":\"panel\",\"props\":{\"block_align\":\"center\",\"content\":\"\n\n<p>Amplia vivienda de turismo cerca de la capital de Teruel con <strong>chimenea<\\\/strong>, <strong>terraza<\\\/strong> exterior con mobiliario de jard\\u00edn, patio privado con<strong> barbacoa<\\\/strong>... Una casita rural perfecta para tu escapada rural.\\u00a0<\\\/p>\",\"content_column_breakpoint\":\"m\",\"icon_width\":80,\"image_align\":\"top\",\"image_grid_breakpoint\":\"m\",\"image_grid_width\":\"1-2\",\"image_svg_color\":\"emphasis\",\"link_style\":\"default\",\"link_text\":\"Read more\",\"margin\":\"default\",\"maxwidth\":\"large\",\"meta\":\"La Herrer\\u00eda de Esteban\",\"meta_align\":\"above-title\",\"meta_element\":\"h1\",\"meta_style\":\"text-meta\",\"panel_padding\":\"large\",\"panel_style\":\"card-primary\",\"title\":\"La casa\",\"title_align\":\"top\",\"title_color\":\"primary\",\"title_element\":\"div\",\"title_grid_breakpoint\":\"m\",\"title_grid_width\":\"1-2\",\"title_hover_style\":\"reset\",\"title_style\":\"h1\"}},{\"type\":\"image\",\"props\":{\"image\":\"wp-content\\\/uploads\\\/2022\\\/02\\\/Herreria-Esteban-fondo-03-C.png\",\"image_height\":\"500\",\"image_svg_color\":\"emphasis\",\"margin\":\"default\",\"position\":\"absolute\",\"position_left\":\"-360\",\"position_top\":\"50\"}}]},{\"type\":\"column\",\"props\":{\"image_position\":\"center-center\",\"position_sticky_breakpoint\":\"m\",\"width_medium\":\"1-2\"}}]}]},{\"type\":\"section\",\"props\":{\"image\":\"wp-content\\\/uploads\\\/2022\\\/02\\\/Herreria-Esteban-fondo-01.png\",\"image_effect\":\"fixed\",\"image_position\":\"center-center\",\"image_size\":\"cover\",\"media_visibility\":\"m\",\"padding\":\"large\",\"style\":\"default\",\"title_breakpoint\":\"xl\",\"title_position\":\"top-left\",\"title_rotation\":\"left\",\"vertical_align\":\"middle\",\"width\":\"default\"},\"children\":[{\"type\":\"row\",\"props\":{\"layout\":\"2-5,3-5\"},\"children\":[{\"type\":\"column\",\"props\":{\"image_position\":\"center-center\",\"position_sticky_breakpoint\":\"m\",\"vertical_align\":\"middle\",\"width_medium\":\"2-5\"},\"children\":[{\"type\":\"panel\",\"props\":{\"block_align\":\"center\",\"content\":\"\n\n<p>La casa se <strong>alquila \\u00edntegra<\\\/strong> y se distribuye en tres plantas. Aqu\\u00ed podr\\u00e1s descansar, escuchar el silencio y relajarte en un peque\\u00f1o pueblo singular de la Comarca de Teruel.\\u00a0<\\\/p>\\n\n\n<p>Ven a conocernos y sum\\u00e9rgete en nuestras costumbre e historia, donde sus gentes y entorno mantienen la <strong>esencia de anta\\u00f1o<\\\/strong>.\\u00a0<\\\/p>\",\"content_column_breakpoint\":\"m\",\"icon\":\"\",\"icon_width\":80,\"image_align\":\"top\",\"image_grid_breakpoint\":\"m\",\"image_grid_width\":\"1-2\",\"image_svg_color\":\"emphasis\",\"link\":\"https:\\\/\\\/goo.gl\\\/maps\\\/kpcU4n3PCu4zv9o16\",\"link_style\":\"default\",\"link_target\":true,\"link_text\":\"C\\u00f3mo llegar\",\"margin\":\"default\",\"maxwidth\":\"medium\",\"meta\":\"Casa Rural\",\"meta_align\":\"above-title\",\"meta_element\":\"h1\",\"meta_style\":\"text-meta\",\"title\":\"Alojamiento en Cuevas Labradas (Teruel)\",\"title_align\":\"top\",\"title_color\":\"primary\",\"title_element\":\"h1\",\"title_grid_breakpoint\":\"m\",\"title_grid_width\":\"1-2\",\"title_hover_style\":\"reset\",\"title_style\":\"h1\"}}]},{\"type\":\"column\",\"props\":{\"image_position\":\"center-center\",\"position_sticky_breakpoint\":\"m\",\"vertical_align\":\"middle\",\"width_medium\":\"3-5\"},\"children\":[{\"type\":\"image\",\"props\":{\"css\":\".el-image {border-radius: 0px 100px 0px 100px ;}\",\"image\":\"wp-content\\\/uploads\\\/2025\\\/12\\\/thumbnail_La-Herreria-de-Esteban-01.jpg\",\"image_box_decoration\":\"default\",\"image_svg_color\":\"emphasis\",\"margin\":\"default\"}}]}]}],\"name\":\"Texto quienes somos\"},{\"type\":\"section\",\"props\":{\"image\":\"wp-content\\\/uploads\\\/2022\\\/02\\\/Herreria-Esteban-fondo-01-C.png\",\"image_effect\":\"fixed\",\"image_position\":\"center-center\",\"image_size\":\"cover\",\"media_visibility\":\"m\",\"padding\":\"large\",\"preserve_color\":true,\"style\":\"secondary\",\"title_breakpoint\":\"xl\",\"title_position\":\"top-left\",\"title_rotation\":\"left\",\"vertical_align\":\"middle\",\"width\":\"default\"},\"children\":[{\"type\":\"row\",\"props\":{\"column_gap\":\"small\",\"layout\":\"2-5,3-5\"},\"children\":[{\"type\":\"column\",\"props\":{\"image_position\":\"center-center\",\"position_sticky_breakpoint\":\"m\",\"vertical_align\":\"middle\",\"width_medium\":\"2-5\"},\"children\":[{\"type\":\"panel\",\"props\":{\"block_align\":\"center\",\"content\":\"\n\n<p>Dispone de todo tipo de<strong> utensilios e instalaciones<\\\/strong> para hacer vuestra estancia lo m\\u00e1s c\\u00f3moda posible.\\u00a0<\\\/p>\",\"content_column_breakpoint\":\"m\",\"css\":\".el-content {color: white; }\",\"icon_width\":80,\"image_align\":\"top\",\"image_grid_breakpoint\":\"m\",\"image_grid_width\":\"1-2\",\"image_svg_color\":\"emphasis\",\"link_style\":\"default\",\"link_text\":\"Read more\",\"margin\":\"default\",\"maxwidth\":\"medium\",\"meta\":\"Casa con aire tradicional\",\"meta_align\":\"above-title\",\"meta_color\":\"success\",\"meta_element\":\"h1\",\"meta_style\":\"text-meta\",\"panel_padding\":\"default\",\"panel_style\":\"tile-primary\",\"title\":\"Equipamiento completo \",\"title_align\":\"top\",\"title_color\":\"success\",\"title_element\":\"div\",\"title_grid_breakpoint\":\"m\",\"title_grid_width\":\"1-2\",\"title_hover_style\":\"reset\",\"title_style\":\"h1\"}}]},{\"type\":\"column\",\"props\":{\"image_position\":\"center-center\",\"order_first\":\"m\",\"position_sticky_breakpoint\":\"m\",\"style\":\"tile-default\",\"vertical_align\":\"middle\",\"width_medium\":\"3-5\"},\"children\":[{\"type\":\"grid\",\"props\":{\"content_column_breakpoint\":\"m\",\"css\":\".el-title {font-size: 9px; }\",\"filter_align\":\"left\",\"filter_all\":true,\"filter_grid_breakpoint\":\"m\",\"filter_grid_width\":\"auto\",\"filter_position\":\"top\",\"filter_style\":\"tab\",\"grid_column_gap\":\"small\",\"grid_default\":\"2\",\"grid_medium\":\"6\",\"grid_small\":\"4\",\"icon_width\":80,\"image_align\":\"top\",\"image_grid_breakpoint\":\"m\",\"image_grid_width\":\"1-2\",\"image_svg_color\":\"emphasis\",\"image_width\":\"50\",\"item_animation\":true,\"link_style\":\"default\",\"link_text\":\"Read more\",\"margin\":\"default\",\"meta_align\":\"below-title\",\"meta_element\":\"div\",\"meta_style\":\"text-meta\",\"parallax_easing\":\"1\",\"show_content\":true,\"show_image\":true,\"show_link\":true,\"show_meta\":true,\"show_title\":true,\"text_align\":\"center\",\"title_align\":\"top\",\"title_color\":\"warning\",\"title_element\":\"h6\",\"title_grid_breakpoint\":\"m\",\"title_grid_width\":\"1-2\",\"title_hover_style\":\"reset\",\"title_margin\":\"small\",\"title_style\":\"h6\"},\"children\":[{\"type\":\"grid_item\",\"props\":{\"image\":\"wp-content\\\/uploads\\\/2022\\\/02\\\/Herreria-Esteban-iconos-TV.png\",\"title\":\"TV\"}},{\"type\":\"grid_item\",\"props\":{\"image\":\"wp-content\\\/uploads\\\/2022\\\/02\\\/Herreria-Esteban-iconos-bano-completo.png\",\"title\":\"Ba\\u00f1o completo\"}},{\"type\":\"grid_item\",\"props\":{\"image\":\"wp-content\\\/uploads\\\/2022\\\/02\\\/Herreria-Esteban-iconos-gel-champu.png\",\"title\":\"Gel y champ\\u00fa\"}},{\"type\":\"grid_item\",\"props\":{\"image\":\"wp-content\\\/uploads\\\/2022\\\/02\\\/Herreria-Esteban-iconos-menaje.png\",\"title\":\"Menaje completo\"}},{\"type\":\"grid_item\",\"props\":{\"image\":\"wp-content\\\/uploads\\\/2022\\\/02\\\/Herreria-Esteban-iconos-nevera.png\",\"title\":\"Neveras\"}},{\"type\":\"grid_item\",\"props\":{\"image\":\"wp-content\\\/uploads\\\/2022\\\/02\\\/Herreria-Esteban-iconos-lavadora.png\",\"title\":\"Lavadora\"}},{\"type\":\"grid_item\",\"props\":{\"image\":\"wp-content\\\/uploads\\\/2022\\\/02\\\/Herreria-Esteban-iconos-microondas.png\",\"title\":\"Microondas\"}},{\"type\":\"grid_item\",\"props\":{\"image\":\"wp-content\\\/uploads\\\/2022\\\/02\\\/Herreria-Esteban-iconos-horno.png\",\"title\":\"Horno\"}},{\"type\":\"grid_item\",\"props\":{\"image\":\"wp-content\\\/uploads\\\/2022\\\/02\\\/Herreria-Esteban-iconos-lavavajillas.png\",\"title\":\"Lavavajillas\"}},{\"type\":\"grid_item\",\"props\":{\"image\":\"wp-content\\\/uploads\\\/2022\\\/02\\\/Herreria-Esteban-iconos-cafetera.png\",\"title\":\"Cafetera\"}},{\"type\":\"grid_item\",\"props\":{\"image\":\"wp-content\\\/uploads\\\/2022\\\/02\\\/Herreria-Esteban-iconos-aire.png\",\"title\":\"Aire acondicionado\"}},{\"type\":\"grid_item\",\"props\":{\"image\":\"wp-content\\\/uploads\\\/2022\\\/02\\\/Herreria-Esteban-iconos-calefaccion.png\",\"title\":\"Calefacci\\u00f3n\"}},{\"type\":\"grid_item\",\"props\":{\"image\":\"wp-content\\\/uploads\\\/2022\\\/02\\\/Herreria-Esteban-iconos-estufa.png\",\"title\":\"Estufa le\\u00f1a\"}},{\"type\":\"grid_item\",\"props\":{\"image\":\"wp-content\\\/uploads\\\/2022\\\/02\\\/Herreria-Esteban-iconos-mascotas.png\",\"title\":\"Mascotas permitidas\"}},{\"type\":\"grid_item\",\"props\":{\"image\":\"wp-content\\\/uploads\\\/2022\\\/02\\\/Herreria-Esteban-iconos-terraza.png\",\"title\":\"Terraza\"}},{\"type\":\"grid_item\",\"props\":{\"image\":\"wp-content\\\/uploads\\\/2022\\\/02\\\/Herreria-Esteban-iconos-patio.png\",\"title\":\"Patio privado\"}},{\"type\":\"grid_item\",\"props\":{\"image\":\"wp-content\\\/uploads\\\/2022\\\/02\\\/Herreria-Esteban-iconos-barbacoa.png\",\"title\":\"Barbacoa\"}},{\"type\":\"grid_item\",\"props\":{\"image\":\"wp-content\\\/uploads\\\/2022\\\/02\\\/Herreria-Esteban-iconos-lena.png\",\"title\":\"Le\\u00f1a\"}},{\"type\":\"grid_item\",\"props\":{\"image\":\"wp-content\\\/uploads\\\/2022\\\/02\\\/Herreria-Esteban-iconos-ropa-cama.png\",\"title\":\"Ropa de cama\"}},{\"type\":\"grid_item\",\"props\":{\"image\":\"wp-content\\\/uploads\\\/2022\\\/02\\\/Herreria-Esteban-iconos-toallas.png\",\"title\":\"Toallas\"}},{\"type\":\"grid_item\",\"props\":{\"image\":\"wp-content\\\/uploads\\\/2022\\\/02\\\/Herreria-Esteban-iconos-mantas.png\",\"title\":\"Mantas\"}},{\"type\":\"grid_item\",\"props\":{\"image\":\"wp-content\\\/uploads\\\/2022\\\/02\\\/Herreria-Esteban-iconos-parking.png\",\"title\":\"Parking\"}},{\"type\":\"grid_item\",\"props\":{\"image\":\"wp-content\\\/uploads\\\/2022\\\/02\\\/Herreria-Esteban-iconos-trufiturismo-B.png\",\"title\":\"Trufiturismo\"}}]}]}]}]},{\"type\":\"section\",\"props\":{\"image\":\"wp-content\\\/uploads\\\/2022\\\/02\\\/Herreria-Esteban-casa-14-scaled.jpg\",\"image_effect\":\"fixed\",\"image_position\":\"center-center\",\"image_size\":\"cover\",\"media_overlay\":\"rgba(0, 0, 0, 0.3)\",\"padding\":\"large\",\"style\":\"default\",\"title_breakpoint\":\"xl\",\"title_position\":\"top-left\",\"title_rotation\":\"left\",\"vertical_align\":\"middle\",\"width\":\"default\"},\"children\":[{\"type\":\"row\",\"props\":{\"layout\":\"1-2,1-2\"},\"children\":[{\"type\":\"column\",\"props\":{\"image_position\":\"center-center\",\"position_sticky_breakpoint\":\"m\",\"width_medium\":\"1-2\"},\"children\":[{\"type\":\"headline\",\"props\":{\"content\":\"Desconecta.<br \\\/>Rel\\u00e1jate.<br \\\/>Respira.<br \\\/>Y descansa.\",\"css\":\"@media (max-width: 640px) {\\n\\n  .el-element {\\n\\n   font-size:45px;\\n\\n  }}\",\"maxwidth\":\"large\",\"title_color\":\"success\",\"title_element\":\"h4\",\"title_style\":\"heading-large\"}},{\"type\":\"headline\",\"props\":{\"content\":\"En una t\\u00edpica casita de pueblo.\",\"maxwidth\":\"large\",\"title_color\":\"success\",\"title_element\":\"h4\",\"title_style\":\"h5\"}}]},{\"type\":\"column\",\"props\":{\"image_position\":\"center-center\",\"position_sticky_breakpoint\":\"m\",\"width_medium\":\"1-2\"}}]}]},{\"name\":\"First date\",\"type\":\"section\",\"props\":{\"image_position\":\"center-center\",\"padding\":\"large\",\"padding_remove_top\":false,\"style\":\"default\",\"title_breakpoint\":\"xl\",\"title_position\":\"top-left\",\"title_rotation\":\"left\",\"vertical_align\":\"middle\",\"width\":\"default\"},\"children\":[{\"type\":\"row\",\"props\":{\"column_gap\":\"large\",\"layout\":\"1-4,3-4\",\"row_gap\":\"large\",\"width\":\"expand\"},\"children\":[{\"type\":\"column\",\"props\":{\"image_position\":\"center-center\",\"position_sticky_breakpoint\":\"m\",\"vertical_align\":\"middle\",\"width_medium\":\"1-4\"},\"children\":[{\"type\":\"image\",\"props\":{\"image\":\"wp-content\\\/uploads\\\/2022\\\/02\\\/Herreria-Esteban-fondo-03-B.png\",\"image_height\":\"500\",\"image_svg_color\":\"emphasis\",\"margin\":\"default\",\"position\":\"absolute\",\"position_left\":\"-420\",\"position_top\":\"-370\"}},{\"type\":\"panel\",\"props\":{\"block_align\":\"center\",\"content\":\"\n\n<p>La casa cuenta con<strong> 6 habitaciones<\\\/strong> (4 de ellas con cama de matrimonio y 2 con dos camas de 90), <strong>3 ba\\u00f1os<\\\/strong> (2 completos y 1 aseo), cocina completa y comedor grande.\\u00a0<\\\/p>\",\"content_column_breakpoint\":\"m\",\"icon_width\":80,\"image\":\"wp-content\\\/uploads\\\/2022\\\/02\\\/Herreria-Esteban-logo-web.png\",\"image_align\":\"bottom\",\"image_grid_breakpoint\":\"m\",\"image_grid_width\":\"1-2\",\"image_height\":\"1000\",\"image_margin\":\"large\",\"image_svg_color\":\"emphasis\",\"image_width\":\"1000\",\"link_margin\":\"medium\",\"link_style\":\"primary\",\"link_text\":\"Ver la casa\",\"margin\":\"remove-vertical\",\"maxwidth\":\"xlarge\",\"meta\":\"Conoce la casa\",\"meta_align\":\"above-title\",\"meta_element\":\"h2\",\"meta_style\":\"text-meta\",\"parallax_breakpoint\":\"m\",\"parallax_y\":\"80,0\",\"title\":\"Para grupos de 13 personas\",\"title_align\":\"top\",\"title_color\":\"primary\",\"title_element\":\"h6\",\"title_grid_breakpoint\":\"m\",\"title_grid_width\":\"1-2\",\"title_hover_style\":\"reset\",\"title_style\":\"h1\"}}]},{\"type\":\"column\",\"props\":{\"image_position\":\"center-center\",\"position_sticky_breakpoint\":\"m\",\"vertical_align\":\"middle\",\"width_medium\":\"3-4\"},\"children\":[{\"type\":\"gallery\",\"props\":{\"filter_align\":\"left\",\"filter_all\":true,\"filter_grid_breakpoint\":\"m\",\"filter_grid_width\":\"auto\",\"filter_position\":\"top\",\"filter_style\":\"tab\",\"grid_column_gap\":\"small\",\"grid_default\":\"2\",\"grid_masonry\":\"next\",\"grid_medium\":\"4\",\"grid_parallax\":\"140\",\"grid_row_gap\":\"small\",\"grid_small\":\"3\",\"item_animation\":true,\"lightbox\":true,\"link_style\":\"default\",\"link_text\":\"\",\"margin\":\"default\",\"meta_align\":\"below-title\",\"meta_element\":\"div\",\"meta_style\":\"text-meta\",\"overlay_hover\":true,\"overlay_link\":true,\"overlay_mode\":\"cover\",\"overlay_position\":\"center\",\"overlay_style\":\"overlay-primary\",\"overlay_transition\":\"fade\",\"parallax_easing\":\"1\",\"show_content\":true,\"show_hover_image\":true,\"show_link\":true,\"show_meta\":true,\"show_title\":true,\"text_align\":\"center\",\"text_color\":\"light\",\"title_element\":\"h3\",\"title_hover_style\":\"reset\"},\"children\":[{\"type\":\"gallery_item\",\"props\":{\"image\":\"wp-content\\\/uploads\\\/2022\\\/02\\\/Herreria-Esteban-casa-03-scaled.jpg\",\"image_alt\":\"Herrer\\u00eda de Esteban - Casa Rural Teruel\"}},{\"type\":\"gallery_item\",\"props\":{\"image\":\"wp-content\\\/uploads\\\/2022\\\/02\\\/Herreria-Esteban-casa-01-scaled.jpg\",\"image_alt\":\"Herrer\\u00eda de Esteban - Casa Rural Teruel\"}},{\"type\":\"gallery_item\",\"props\":{\"image\":\"wp-content\\\/uploads\\\/2022\\\/02\\\/Herreria-Esteban-casa-02-scaled.jpg\",\"image_alt\":\"Herrer\\u00eda de Esteban - Casa Rural Teruel\"}},{\"type\":\"gallery_item\",\"props\":{\"image\":\"wp-content\\\/uploads\\\/2022\\\/02\\\/Herreria-Esteban-casa-04-scaled.jpg\",\"image_alt\":\"Herrer\\u00eda de Esteban - Casa Rural Teruel\"}},{\"type\":\"gallery_item\",\"props\":{\"image\":\"wp-content\\\/uploads\\\/2022\\\/02\\\/Herreria-Esteban-casa-05-scaled.jpg\",\"image_alt\":\"Herrer\\u00eda de Esteban - Casa Rural Teruel\"}},{\"type\":\"gallery_item\",\"props\":{\"image\":\"\",\"image_alt\":\"Herrer\\u00eda de Esteban - Casa Rural Teruel\"}},{\"type\":\"gallery_item\",\"props\":{\"image\":\"wp-content\\\/uploads\\\/2022\\\/02\\\/Herreria-Esteban-casa-07-scaled.jpg\",\"image_alt\":\"Herrer\\u00eda de Esteban - Casa Rural Teruel\"}},{\"type\":\"gallery_item\",\"props\":{\"image\":\"wp-content\\\/uploads\\\/2022\\\/02\\\/Herreria-Esteban-casa-08-scaled.jpg\",\"image_alt\":\"Herrer\\u00eda de Esteban - Casa Rural Teruel\"}},{\"type\":\"gallery_item\",\"props\":{\"image\":\"wp-content\\\/uploads\\\/2025\\\/12\\\/thumbnail_La-Herreria-de-Esteban-06.jpg\",\"image_alt\":\"Herrer\\u00eda de Esteban - Casa Rural Teruel\"}},{\"type\":\"gallery_item\",\"props\":{\"image\":\"wp-content\\\/uploads\\\/2025\\\/12\\\/thumbnail_La-Herreria-de-Esteban-07.jpg\",\"image_alt\":\"Herrer\\u00eda de Esteban - Casa Rural Teruel\"}},{\"type\":\"gallery_item\",\"props\":{\"image\":\"wp-content\\\/uploads\\\/2022\\\/02\\\/Herreria-Esteban-casa-11-scaled.jpg\",\"image_alt\":\"Herrer\\u00eda de Esteban - Casa Rural Teruel\"}},{\"type\":\"gallery_item\",\"props\":{\"image\":\"wp-content\\\/uploads\\\/2022\\\/02\\\/Herreria-Esteban-casa-12-scaled.jpg\",\"image_alt\":\"Herrer\\u00eda de Esteban - Casa Rural Teruel\"}},{\"type\":\"gallery_item\",\"props\":{\"image\":\"wp-content\\\/uploads\\\/2022\\\/02\\\/Herreria-Esteban-casa-13-scaled.jpg\",\"image_alt\":\"Herrer\\u00eda de Esteban - Casa Rural Teruel\"}},{\"type\":\"gallery_item\",\"props\":{\"image\":\"wp-content\\\/uploads\\\/2022\\\/02\\\/Herreria-Esteban-casa-14-scaled.jpg\",\"image_alt\":\"Herrer\\u00eda de Esteban - Casa Rural Teruel\"}},{\"type\":\"gallery_item\",\"props\":{\"image\":\"wp-content\\\/uploads\\\/2025\\\/12\\\/thumbnail_La-Herreria-de-Esteban-05.jpg\",\"image_alt\":\"Herrer\\u00eda de Esteban - Casa Rural Teruel\"}},{\"type\":\"gallery_item\",\"props\":{\"image\":\"wp-content\\\/uploads\\\/2022\\\/02\\\/Herreria-Esteban-casa-18-scaled.jpg\",\"image_alt\":\"Herrer\\u00eda de Esteban - Casa Rural Teruel\"}},{\"type\":\"gallery_item\",\"props\":{\"image\":\"wp-content\\\/uploads\\\/2022\\\/02\\\/Herreria-Esteban-casa-19-scaled.jpg\",\"image_alt\":\"Herrer\\u00eda de Esteban - Casa Rural Teruel\"}},{\"type\":\"gallery_item\",\"props\":{\"image\":\"wp-content\\\/uploads\\\/2025\\\/12\\\/thumbnail_La-Herreria-de-Esteban-01.jpg\",\"image_alt\":\"Herrer\\u00eda de Esteban - Casa Rural Teruel\"}},{\"type\":\"gallery_item\",\"props\":{\"image\":\"wp-content\\\/uploads\\\/2025\\\/12\\\/thumbnail_La-Herreria-de-Esteban-03.jpg\",\"image_alt\":\"Herrer\\u00eda de Esteban - Casa Rural Teruel\"}},{\"type\":\"gallery_item\",\"props\":{\"image\":\"wp-content\\\/uploads\\\/2022\\\/02\\\/Herreria-Esteban-casa-23-scaled.jpg\",\"image_alt\":\"Herrer\\u00eda de Esteban - Casa Rural Teruel\"}},{\"type\":\"gallery_item\",\"props\":{\"image\":\"wp-content\\\/uploads\\\/2022\\\/02\\\/Herreria-Esteban-casa-24-scaled.jpg\",\"image_alt\":\"Herrer\\u00eda de Esteban - Casa Rural Teruel\"}},{\"type\":\"gallery_item\",\"props\":{\"image\":\"\",\"image_alt\":\"Herrer\\u00eda de Esteban - Casa Rural Teruel\"}},{\"type\":\"gallery_item\",\"props\":{\"image\":\"\",\"image_alt\":\"Herrer\\u00eda de Esteban - Casa Rural Teruel\"}},{\"type\":\"gallery_item\",\"props\":{\"image\":\"\",\"image_alt\":\"Herrer\\u00eda de Esteban - Casa Rural Teruel\"}},{\"type\":\"gallery_item\",\"props\":{\"image\":\"wp-content\\\/uploads\\\/2022\\\/09\\\/Herreria-Esteban-casa-30-scaled.jpg\",\"image_alt\":\"Herrer\\u00eda de Esteban - Casa Rural Teruel\"}},{\"type\":\"gallery_item\",\"props\":{\"image\":\"wp-content\\\/uploads\\\/2022\\\/09\\\/Herreria-Esteban-casa-31-scaled.jpg\",\"image_alt\":\"Herrer\\u00eda de Esteban - Casa Rural Teruel\"}},{\"type\":\"gallery_item\",\"props\":{\"image\":\"wp-content\\\/uploads\\\/2025\\\/12\\\/thumbnail_La-Herreria-de-Esteban-13.jpg\"}},{\"type\":\"gallery_item\",\"props\":{\"image\":\"wp-content\\\/uploads\\\/2025\\\/12\\\/thumbnail_La-Herreria-de-Esteban-15.jpg\"}},{\"type\":\"gallery_item\",\"props\":{\"image\":\"wp-content\\\/uploads\\\/2025\\\/12\\\/thumbnail_La-Herreria-de-Esteban-14.jpg\"}},{\"type\":\"gallery_item\",\"props\":{\"image\":\"wp-content\\\/uploads\\\/2025\\\/12\\\/thumbnail_La-Herreria-de-Esteban-10.jpg\"}},{\"type\":\"gallery_item\",\"props\":{\"image\":\"wp-content\\\/uploads\\\/2022\\\/09\\\/Herreria-Esteban-casa-31-scaled.jpg\"}},{\"type\":\"gallery_item\",\"props\":{\"image\":\"wp-content\\\/uploads\\\/2025\\\/12\\\/thumbnail_La-Herreria-de-Esteban-11.jpg\"}},{\"type\":\"gallery_item\",\"props\":{\"image\":\"wp-content\\\/uploads\\\/2025\\\/12\\\/thumbnail_La-Herreria-de-Esteban-09.jpg\"}},{\"type\":\"gallery_item\",\"props\":{\"image\":\"wp-content\\\/uploads\\\/2025\\\/12\\\/thumbnail_La-Herreria-de-Esteban-08.jpg\"}}]}]}]}]},{\"name\":\"Call to action\",\"type\":\"section\",\"props\":{\"image_position\":\"center-center\",\"style\":\"primary\",\"title_breakpoint\":\"xl\",\"title_position\":\"center-left\",\"title_rotation\":\"left\",\"vertical_align\":\"middle\",\"width\":\"xlarge\"},\"children\":[{\"type\":\"row\",\"props\":{\"divider\":false,\"layout\":\"1-2,1-2\",\"match\":false,\"vertical_align\":true,\"width\":\"default\"},\"children\":[{\"type\":\"column\",\"props\":{\"image_position\":\"center-center\",\"position_sticky_breakpoint\":\"m\",\"vertical_align\":\"middle\",\"width_medium\":\"1-2\"},\"children\":[{\"type\":\"panel\",\"props\":{\"content\":\"\n\n<p>Contacta con nosotros sobre la disponibilidad y te enviaremos un presupuesto personalizado dependiendo del n\\u00famero de personas (adultos y ni\\u00f1os) que se\\u00e1is.<\\\/p>\",\"content_column_breakpoint\":\"m\",\"icon_width\":80,\"image_align\":\"top\",\"image_grid_breakpoint\":\"m\",\"image_grid_width\":\"1-2\",\"image_svg_color\":\"emphasis\",\"link_style\":\"default\",\"link_text\":\"Click to RSVP\",\"margin\":\"default\",\"meta\":\"La Herrer\\u00eda de Esteban\",\"meta_align\":\"above-title\",\"meta_element\":\"div\",\"meta_style\":\"text-meta\",\"text_align\":\"left\",\"text_align_breakpoint\":\"m\",\"text_align_fallback\":\"center\",\"title\":\"Haz tu reserva \",\"title_align\":\"top\",\"title_element\":\"h2\",\"title_grid_breakpoint\":\"m\",\"title_grid_width\":\"1-2\",\"title_hover_style\":\"reset\",\"title_style\":\"h1\"}}]},{\"type\":\"column\",\"props\":{\"image_position\":\"center-center\",\"position_sticky_breakpoint\":\"m\",\"vertical_align\":\"middle\",\"width_medium\":\"1-2\"},\"children\":[{\"type\":\"button\",\"props\":{\"button_size\":\"large\",\"fullwidth\":false,\"grid_column_gap\":\"small\",\"grid_row_gap\":\"small\",\"margin\":\"default\",\"text_align\":\"center\"},\"children\":[{\"type\":\"button_item\",\"props\":{\"button_style\":\"primary\",\"content\":\"Haz tu reserva\",\"icon\":\"arrow-right\",\"icon_align\":\"right\",\"link\":\"index.php?page_id=19\"}}]}]}]}]},{\"type\":\"section\",\"props\":{\"image\":\"wp-content\\\/uploads\\\/2022\\\/02\\\/Herreria-Esteban-Entrufate-10-scaled.jpg\",\"image_effect\":\"fixed\",\"image_position\":\"center-center\",\"image_size\":\"cover\",\"media_overlay\":\"rgba(0, 0, 0, 0.54)\",\"padding\":\"large\",\"style\":\"default\",\"title_breakpoint\":\"xl\",\"title_position\":\"top-left\",\"title_rotation\":\"left\",\"vertical_align\":\"middle\",\"width\":\"default\"},\"children\":[{\"type\":\"row\",\"props\":{\"divider\":true,\"layout\":\"3-5,2-5\"},\"children\":[{\"type\":\"column\",\"props\":{\"image_position\":\"center-center\",\"position_sticky_breakpoint\":\"m\",\"vertical_align\":\"middle\",\"width_medium\":\"3-5\"},\"children\":[{\"type\":\"panel\",\"props\":{\"block_align\":\"center\",\"content\":\"\n\n<p>Cada d\\u00eda se habla m\\u00e1s de que un paseo por el monte ayuda a desconectar de la rutina y del estr\\u00e9s. \\u00bfA qu\\u00e9 est\\u00e1s esperando para poner rumbo a la sierra turolense? Ven a conocer de nuestra mano el mundo de <strong>la Trufa Negra de Teruel<\\\/strong>.\\u00a0<\\\/p>\",\"content_column_breakpoint\":\"m\",\"icon_width\":80,\"image_align\":\"top\",\"image_grid_breakpoint\":\"m\",\"image_grid_width\":\"1-2\",\"image_svg_color\":\"emphasis\",\"link\":\"index.php?page_id=4\",\"link_margin\":\"medium\",\"link_style\":\"primary\",\"link_text\":\"M\\u00e1s informaci\\u00f3n\",\"margin\":\"default\",\"maxwidth\":\"xlarge\",\"meta\":\"Experiencia de trufiturismo\",\"meta_align\":\"above-title\",\"meta_color\":\"success\",\"meta_element\":\"h1\",\"meta_style\":\"text-meta\",\"panel_padding\":\"large\",\"panel_style\":\"card-secondary\",\"title\":\"Entr\\u00fafate\",\"title_align\":\"top\",\"title_color\":\"primary\",\"title_element\":\"div\",\"title_grid_breakpoint\":\"m\",\"title_grid_width\":\"1-2\",\"title_hover_style\":\"reset\",\"title_style\":\"heading-medium\"}}]},{\"type\":\"column\",\"props\":{\"image_position\":\"center-center\",\"position_sticky_breakpoint\":\"m\",\"vertical_align\":\"middle\",\"width_medium\":\"2-5\"},\"children\":[{\"type\":\"image\",\"props\":{\"image\":\"wp-content\\\/uploads\\\/2022\\\/02\\\/Herreria-Esteban-logo-entrufate-blanco.png\",\"image_svg_color\":\"emphasis\",\"margin\":\"default\",\"text_align\":\"center\"}}]}]}]}],\"version\":\"4.2.13\"} --><\/p>\n","protected":false},"excerpt":{"rendered":"<p>La casa La Herrer\u00eda de Esteban Amplia vivienda de turismo cerca de la capital de Teruel con chimenea, terraza exterior con mobiliario de jard\u00edn, patio privado con barbacoa&#8230; Una casita rural perfecta para tu escapada rural.\u00a0 Alojamiento en Cuevas Labradas (Teruel) Casa Rural La casa se alquila \u00edntegra y se distribuye en tres plantas. Aqu\u00ed [&hellip;]<\/p>\n","protected":false},"author":1,"featured_media":0,"parent":0,"menu_order":7,"comment_status":"open","ping_status":"open","template":"","meta":{"_acf_changed":false,"footnotes":""},"class_list":["post-6","page","type-page","status-publish","hentry"],"acf":[],"yoast_head":"<!-- This site is optimized with the Yoast SEO plugin v23.6 - https:\/\/yoast.com\/wordpress\/plugins\/seo\/ -->\n<title>La Casa rural La Herrer\u00eda de Esteban - alojamiento rural en Teruel<\/title>\n<meta name=\"description\" content=\"La casa se alquila \u00edntegra y se distribuye en dos plantas. Descansa, escucha el silencio y rel\u00e1jate en un peque\u00f1o pueblo de la Comarca de Teruel. Sum\u00e9rgete en la esencia de anta\u00f1o.\" \/>\n<meta name=\"robots\" content=\"index, follow, max-snippet:-1, max-image-preview:large, max-video-preview:-1\" \/>\n<link rel=\"canonical\" href=\"https:\/\/herreriadeesteban.com\/?page_id=6\" \/>\n<meta property=\"og:locale\" content=\"es_ES\" \/>\n<meta property=\"og:type\" content=\"article\" \/>\n<meta property=\"og:title\" content=\"La Casa rural La Herrer\u00eda de Esteban - alojamiento rural en Teruel\" \/>\n<meta property=\"og:description\" content=\"La casa se alquila \u00edntegra y se distribuye en dos plantas. Descansa, escucha el silencio y rel\u00e1jate en un peque\u00f1o pueblo de la Comarca de Teruel. Sum\u00e9rgete en la esencia de anta\u00f1o.\" \/>\n<meta property=\"og:url\" content=\"https:\/\/herreriadeesteban.com\/?page_id=6\" \/>\n<meta property=\"og:site_name\" content=\"La Herrer\u00eda de Esteban - Entr\u00fafate\" \/>\n<meta property=\"article:modified_time\" content=\"2025-12-23T17:01:00+00:00\" \/>\n<meta name=\"twitter:card\" content=\"summary_large_image\" \/>\n<meta name=\"twitter:label1\" content=\"Tiempo de lectura\" \/>\n\t<meta name=\"twitter:data1\" content=\"2 minutos\" \/>\n<script type=\"application\/ld+json\" class=\"yoast-schema-graph\">{\"@context\":\"https:\/\/schema.org\",\"@graph\":[{\"@type\":\"WebPage\",\"@id\":\"https:\/\/herreriadeesteban.com\/?page_id=6\",\"url\":\"https:\/\/herreriadeesteban.com\/?page_id=6\",\"name\":\"La Casa rural La Herrer\u00eda de Esteban - alojamiento rural en Teruel\",\"isPartOf\":{\"@id\":\"https:\/\/herreriadeesteban.com\/#website\"},\"datePublished\":\"2019-09-04T14:27:50+00:00\",\"dateModified\":\"2025-12-23T17:01:00+00:00\",\"description\":\"La casa se alquila \u00edntegra y se distribuye en dos plantas. Descansa, escucha el silencio y rel\u00e1jate en un peque\u00f1o pueblo de la Comarca de Teruel. Sum\u00e9rgete en la esencia de anta\u00f1o.\",\"breadcrumb\":{\"@id\":\"https:\/\/herreriadeesteban.com\/?page_id=6#breadcrumb\"},\"inLanguage\":\"es\",\"potentialAction\":[{\"@type\":\"ReadAction\",\"target\":[\"https:\/\/herreriadeesteban.com\/?page_id=6\"]}]},{\"@type\":\"BreadcrumbList\",\"@id\":\"https:\/\/herreriadeesteban.com\/?page_id=6#breadcrumb\",\"itemListElement\":[{\"@type\":\"ListItem\",\"position\":1,\"name\":\"Portada\",\"item\":\"https:\/\/herreriadeesteban.com\/\"},{\"@type\":\"ListItem\",\"position\":2,\"name\":\"La casa\"}]},{\"@type\":\"WebSite\",\"@id\":\"https:\/\/herreriadeesteban.com\/#website\",\"url\":\"https:\/\/herreriadeesteban.com\/\",\"name\":\"La Herrer\u00eda de Esteban - Entr\u00fafate\",\"description\":\"Casa Rural con experiencia de trufiturismo\",\"potentialAction\":[{\"@type\":\"SearchAction\",\"target\":{\"@type\":\"EntryPoint\",\"urlTemplate\":\"https:\/\/herreriadeesteban.com\/?s={search_term_string}\"},\"query-input\":{\"@type\":\"PropertyValueSpecification\",\"valueRequired\":true,\"valueName\":\"search_term_string\"}}],\"inLanguage\":\"es\"}]}<\/script>\n<!-- \/ Yoast SEO plugin. -->","yoast_head_json":{"title":"La Casa rural La Herrer\u00eda de Esteban - alojamiento rural en Teruel","description":"La casa se alquila \u00edntegra y se distribuye en dos plantas. Descansa, escucha el silencio y rel\u00e1jate en un peque\u00f1o pueblo de la Comarca de Teruel. Sum\u00e9rgete en la esencia de anta\u00f1o.","robots":{"index":"index","follow":"follow","max-snippet":"max-snippet:-1","max-image-preview":"max-image-preview:large","max-video-preview":"max-video-preview:-1"},"canonical":"https:\/\/herreriadeesteban.com\/?page_id=6","og_locale":"es_ES","og_type":"article","og_title":"La Casa rural La Herrer\u00eda de Esteban - alojamiento rural en Teruel","og_description":"La casa se alquila \u00edntegra y se distribuye en dos plantas. Descansa, escucha el silencio y rel\u00e1jate en un peque\u00f1o pueblo de la Comarca de Teruel. Sum\u00e9rgete en la esencia de anta\u00f1o.","og_url":"https:\/\/herreriadeesteban.com\/?page_id=6","og_site_name":"La Herrer\u00eda de Esteban - Entr\u00fafate","article_modified_time":"2025-12-23T17:01:00+00:00","twitter_card":"summary_large_image","twitter_misc":{"Tiempo de lectura":"2 minutos"},"schema":{"@context":"https:\/\/schema.org","@graph":[{"@type":"WebPage","@id":"https:\/\/herreriadeesteban.com\/?page_id=6","url":"https:\/\/herreriadeesteban.com\/?page_id=6","name":"La Casa rural La Herrer\u00eda de Esteban - alojamiento rural en Teruel","isPartOf":{"@id":"https:\/\/herreriadeesteban.com\/#website"},"datePublished":"2019-09-04T14:27:50+00:00","dateModified":"2025-12-23T17:01:00+00:00","description":"La casa se alquila \u00edntegra y se distribuye en dos plantas. Descansa, escucha el silencio y rel\u00e1jate en un peque\u00f1o pueblo de la Comarca de Teruel. Sum\u00e9rgete en la esencia de anta\u00f1o.","breadcrumb":{"@id":"https:\/\/herreriadeesteban.com\/?page_id=6#breadcrumb"},"inLanguage":"es","potentialAction":[{"@type":"ReadAction","target":["https:\/\/herreriadeesteban.com\/?page_id=6"]}]},{"@type":"BreadcrumbList","@id":"https:\/\/herreriadeesteban.com\/?page_id=6#breadcrumb","itemListElement":[{"@type":"ListItem","position":1,"name":"Portada","item":"https:\/\/herreriadeesteban.com\/"},{"@type":"ListItem","position":2,"name":"La casa"}]},{"@type":"WebSite","@id":"https:\/\/herreriadeesteban.com\/#website","url":"https:\/\/herreriadeesteban.com\/","name":"La Herrer\u00eda de Esteban - Entr\u00fafate","description":"Casa Rural con experiencia de trufiturismo","potentialAction":[{"@type":"SearchAction","target":{"@type":"EntryPoint","urlTemplate":"https:\/\/herreriadeesteban.com\/?s={search_term_string}"},"query-input":{"@type":"PropertyValueSpecification","valueRequired":true,"valueName":"search_term_string"}}],"inLanguage":"es"}]}},"_links":{"self":[{"href":"https:\/\/herreriadeesteban.com\/index.php?rest_route=\/wp\/v2\/pages\/6"}],"collection":[{"href":"https:\/\/herreriadeesteban.com\/index.php?rest_route=\/wp\/v2\/pages"}],"about":[{"href":"https:\/\/herreriadeesteban.com\/index.php?rest_route=\/wp\/v2\/types\/page"}],"author":[{"embeddable":true,"href":"https:\/\/herreriadeesteban.com\/index.php?rest_route=\/wp\/v2\/users\/1"}],"replies":[{"embeddable":true,"href":"https:\/\/herreriadeesteban.com\/index.php?rest_route=%2Fwp%2Fv2%2Fcomments&post=6"}],"version-history":[{"count":15,"href":"https:\/\/herreriadeesteban.com\/index.php?rest_route=\/wp\/v2\/pages\/6\/revisions"}],"predecessor-version":[{"id":46035,"href":"https:\/\/herreriadeesteban.com\/index.php?rest_route=\/wp\/v2\/pages\/6\/revisions\/46035"}],"wp:attachment":[{"href":"https:\/\/herreriadeesteban.com\/index.php?rest_route=%2Fwp%2Fv2%2Fmedia&parent=6"}],"curies":[{"name":"wp","href":"https:\/\/api.w.org\/{rel}","templated":true}]}}